{"id":28677,"date":"2021-10-13T09:26:15","date_gmt":"2021-10-13T09:26:15","guid":{"rendered":"https:\/\/www.polidesign.net\/?post_type=eventi&#038;p=28677"},"modified":"2021-10-21T12:42:30","modified_gmt":"2021-10-21T12:42:30","slug":"7-design-talks-host-2021","status":"publish","type":"eventi","link":"https:\/\/www.polidesign.net\/it\/eventi\/7-design-talks-host-2021\/","title":{"rendered":"7 DESIGN TALKS HOST 2021"},"featured_media":28795,"template":"","meta":[],"yoast_head":"<!-- This site is optimized with the Yoast SEO plugin v15.7 - https:\/\/yoast.com\/wordpress\/plugins\/seo\/ -->\n<title>7 DESIGN TALKS HOST 2021 &bull; POLI.design<\/title>\n<meta name=\"robots\" content=\"index, follow, max-snippet:-1, max-image-preview:large, max-video-preview:-1\" \/>\n<link rel=\"canonical\" href=\"https:\/\/www.polidesign.net\/it\/eventi\/7-design-talks-host-2021\/\" \/>\n<meta property=\"og:locale\" content=\"it_IT\" \/>\n<meta property=\"og:type\" content=\"article\" \/>\n<meta property=\"og:title\" content=\"7 DESIGN TALKS HOST 2021 &bull; POLI.design\" \/>\n<meta property=\"og:url\" content=\"https:\/\/www.polidesign.net\/it\/eventi\/7-design-talks-host-2021\/\" \/>\n<meta property=\"og:site_name\" content=\"POLI.design\" \/>\n<meta property=\"article:publisher\" content=\"https:\/\/www.facebook.com\/polidesignmilano\" \/>\n<meta property=\"article:modified_time\" content=\"2021-10-21T12:42:30+00:00\" \/>\n<meta property=\"og:image\" content=\"https:\/\/www.polidesign.net\/wp-content\/uploads\/2021\/09\/grafiche_01.jpg\" \/>\n\t<meta property=\"og:image:width\" content=\"629\" \/>\n\t<meta property=\"og:image:height\" content=\"629\" \/>\n<meta name=\"twitter:card\" content=\"summary_large_image\" \/>\n<meta name=\"twitter:site\" content=\"@POLI_design\" \/>\n<script type=\"application\/ld+json\" class=\"yoast-schema-graph\">{\"@context\":\"https:\/\/schema.org\",\"@graph\":[{\"@type\":\"Organization\",\"@id\":\"https:\/\/www.polidesign.net\/it\/#organization\",\"name\":\"POLI.design\",\"url\":\"https:\/\/www.polidesign.net\/it\/\",\"sameAs\":[\"https:\/\/www.facebook.com\/polidesignmilano\",\"https:\/\/www.instagram.com\/polidesign\/\",\"https:\/\/www.linkedin.com\/company\/polidesign-milano\",\"https:\/\/www.youtube.com\/user\/POLIdesign\",\"https:\/\/twitter.com\/POLI_design\"],\"logo\":{\"@type\":\"ImageObject\",\"@id\":\"https:\/\/www.polidesign.net\/it\/#logo\",\"inLanguage\":\"it-IT\",\"url\":\"https:\/\/www.polidesign.net\/wp-content\/uploads\/2020\/10\/Logo-Polidesign-14.svg\",\"width\":182,\"height\":36,\"caption\":\"POLI.design\"},\"image\":{\"@id\":\"https:\/\/www.polidesign.net\/it\/#logo\"}},{\"@type\":\"WebSite\",\"@id\":\"https:\/\/www.polidesign.net\/it\/#website\",\"url\":\"https:\/\/www.polidesign.net\/it\/\",\"name\":\"POLI.design\",\"description\":\"\",\"publisher\":{\"@id\":\"https:\/\/www.polidesign.net\/it\/#organization\"},\"potentialAction\":[{\"@type\":\"SearchAction\",\"target\":\"https:\/\/www.polidesign.net\/it\/?s={search_term_string}\",\"query-input\":\"required name=search_term_string\"}],\"inLanguage\":\"it-IT\"},{\"@type\":\"ImageObject\",\"@id\":\"https:\/\/www.polidesign.net\/it\/eventi\/7-design-talks-host-2021\/#primaryimage\",\"inLanguage\":\"it-IT\",\"url\":\"https:\/\/www.polidesign.net\/wp-content\/uploads\/2021\/09\/grafiche_01.jpg\",\"width\":629,\"height\":629},{\"@type\":\"WebPage\",\"@id\":\"https:\/\/www.polidesign.net\/it\/eventi\/7-design-talks-host-2021\/#webpage\",\"url\":\"https:\/\/www.polidesign.net\/it\/eventi\/7-design-talks-host-2021\/\",\"name\":\"7 DESIGN TALKS HOST 2021 &bull; POLI.design\",\"isPartOf\":{\"@id\":\"https:\/\/www.polidesign.net\/it\/#website\"},\"primaryImageOfPage\":{\"@id\":\"https:\/\/www.polidesign.net\/it\/eventi\/7-design-talks-host-2021\/#primaryimage\"},\"datePublished\":\"2021-10-13T09:26:15+00:00\",\"dateModified\":\"2021-10-21T12:42:30+00:00\",\"inLanguage\":\"it-IT\",\"potentialAction\":[{\"@type\":\"ReadAction\",\"target\":[\"https:\/\/www.polidesign.net\/it\/eventi\/7-design-talks-host-2021\/\"]}]}]}<\/script>\n<!-- \/ Yoast SEO plugin. -->","acf":{"tipologia_evento":[{"term_id":542,"name":"Talk","slug":"talk","term_group":0,"term_taxonomy_id":542,"taxonomy":"eventi_type","description":"Talk","parent":0,"count":176,"filter":"raw","term_order":"0"}],"relazioni":{"relazioni":{"corso":"","area_formazione":false,"tipologia_formazione":false,"settore":false,"tags_poli":false,"ways_of_innovation":false,"alumni":false,"people":""}},"cover_title":"7 DESIGN TALKS HOST 2021","cover_subTitle":"Seminari di aggiornamento dedicati ad architetti ed esperti del settore ospitalit\u00e0","cover_abstract":"","cover_image":{"ID":28795,"id":28795,"title":"grafiche_01","filename":"grafiche_01.jpg","filesize":21951,"url":"https:\/\/www.polidesign.net\/wp-content\/uploads\/2021\/09\/grafiche_01.jpg","link":"https:\/\/www.polidesign.net\/it\/eventi\/7-design-talks-host-2021\/attachment\/grafiche_01\/","alt":"","author":"1434","description":"","caption":"","name":"grafiche_01","status":"inherit","uploaded_to":28677,"date":"2021-09-28 08:55:22","modified":"2021-09-28 08:55:22","menu_order":0,"mime_type":"image\/jpeg","type":"image","subtype":"jpeg","icon":"https:\/\/www.polidesign.net\/wp-includes\/images\/media\/default.png","width":629,"height":629,"sizes":{"thumbnail":"https:\/\/www.polidesign.net\/wp-content\/uploads\/2021\/09\/grafiche_01-150x150.jpg","thumbnail-width":150,"thumbnail-height":150,"medium":"https:\/\/www.polidesign.net\/wp-content\/uploads\/2021\/09\/grafiche_01-300x300.jpg","medium-width":300,"medium-height":300,"medium_large":"https:\/\/www.polidesign.net\/wp-content\/uploads\/2021\/09\/grafiche_01.jpg","medium_large-width":629,"medium_large-height":629,"large":"https:\/\/www.polidesign.net\/wp-content\/uploads\/2021\/09\/grafiche_01.jpg","large-width":629,"large-height":629,"1536x1536":"https:\/\/www.polidesign.net\/wp-content\/uploads\/2021\/09\/grafiche_01.jpg","1536x1536-width":629,"1536x1536-height":629,"2048x2048":"https:\/\/www.polidesign.net\/wp-content\/uploads\/2021\/09\/grafiche_01.jpg","2048x2048-width":629,"2048x2048-height":629}},"cover_imageThumbnail":{"ID":28795,"id":28795,"title":"grafiche_01","filename":"grafiche_01.jpg","filesize":21951,"url":"https:\/\/www.polidesign.net\/wp-content\/uploads\/2021\/09\/grafiche_01.jpg","link":"https:\/\/www.polidesign.net\/it\/eventi\/7-design-talks-host-2021\/attachment\/grafiche_01\/","alt":"","author":"1434","description":"","caption":"","name":"grafiche_01","status":"inherit","uploaded_to":28677,"date":"2021-09-28 08:55:22","modified":"2021-09-28 08:55:22","menu_order":0,"mime_type":"image\/jpeg","type":"image","subtype":"jpeg","icon":"https:\/\/www.polidesign.net\/wp-includes\/images\/media\/default.png","width":629,"height":629,"sizes":{"thumbnail":"https:\/\/www.polidesign.net\/wp-content\/uploads\/2021\/09\/grafiche_01-150x150.jpg","thumbnail-width":150,"thumbnail-height":150,"medium":"https:\/\/www.polidesign.net\/wp-content\/uploads\/2021\/09\/grafiche_01-300x300.jpg","medium-width":300,"medium-height":300,"medium_large":"https:\/\/www.polidesign.net\/wp-content\/uploads\/2021\/09\/grafiche_01.jpg","medium_large-width":629,"medium_large-height":629,"large":"https:\/\/www.polidesign.net\/wp-content\/uploads\/2021\/09\/grafiche_01.jpg","large-width":629,"large-height":629,"1536x1536":"https:\/\/www.polidesign.net\/wp-content\/uploads\/2021\/09\/grafiche_01.jpg","1536x1536-width":629,"1536x1536-height":629,"2048x2048":"https:\/\/www.polidesign.net\/wp-content\/uploads\/2021\/09\/grafiche_01.jpg","2048x2048-width":629,"2048x2048-height":629}},"flexible":[{"acf_fc_layout":"simpleTitleText","layout_settings":{"color":"default","component_title":{"isActive":false,"testo":""}},"acfe_flexible_toggle":"","acfe_flexible_layout_title":"Simple Title + Text","numero_di_colonne":"1","content":{"occhiello":"","title":"7 DESIGN TALKS HOST 2021","title_style":"normal","text":"<p>Anche quest&#8217;anno si terr\u00e0 <strong>HostMilano<\/strong>, fiera biennale leader mondiale dell\u2019ospitalit\u00e0 professionale collettore di appuntamenti in cui esperti e top player condivideranno case history e know-how.<\/p>\n<p>Per l&#8217;edizione 2021, <strong>HOST<\/strong> e <strong>POLI.design<\/strong> hanno organizzato <em>sette imperdibili seminari di aggiornamento<\/em> che si svolgeranno presso <strong>Fiera Milano<\/strong> <strong>Rho<\/strong> dal <strong>22 al 26 ottobre 2021, <\/strong>su temi di forte attualit\u00e0 applicati al settore dell\u2019ospitalit\u00e0 professionale e dedicati ad architetti ed esperti del settore in cerca di occasioni di aggiornamento professionale.<\/p>\n<p>Per ciascun evento <strong>i posti sono<\/strong> <strong>limitati<\/strong> (60 per talk). L\u2019<strong>iscrizione \u00e8 gratuita <\/strong>e d\u00e0 diritto a<strong> 1 codice invito <\/strong>per accedere a HOST Milano 2021. I professionisti che parteciperanno potranno inoltre avere il riconoscimento di crediti professionali dell\u2019<strong>Ordine degli Architetti di Milano<\/strong>, in particolare sono stati richiesti <strong>2 CFP<\/strong> al CNAPPC <strong>per ciascun seminario<\/strong>.<\/p>\n<p>Soluzioni pi\u00f9 innovative, strumenti derivanti da analisi di big data, nuovi scenari urbani, il mondo del lusso e l\u2019attenzione all\u2019esperienza del consumatore, facendo anche riferimento all\u2019implementazione di nuove tecnologie, sono solo alcuni dei temi al centro degli appuntamenti in programma, che mirano a fornire un orientamento verso un approccio innovativo e user-centred con contenuti di carattere applicativo utili alla pratica della professione<\/p>\n<p>Per scaricare la locandina dei Design Talks, <span style=\"color: #7a97ab;\"><a style=\"color: #7a97ab;\" href=\"https:\/\/www.polidesign.net\/wp-content\/uploads\/2021\/10\/Locandina_it.pdf\" target=\"_blank\" rel=\"noopener\"><strong>CLICCA QUI<\/strong><\/a><\/span><br \/>\nDi seguito, sono riportati i topics di ciascun intervento e il link diretto per registrarsi.<\/p>\n<p>&nbsp;<\/p>\n<hr \/>\n<p><strong>I TALK: Ospitalit\u00e0: il futuro dell&#8217;accoglienza<br \/>\n<\/strong>22\/10\/2021 | 14:30 &#8211; 17:00<br \/>\n<em>Relatori<\/em>:<\/p>\n<ul>\n<li>Antonio Campagnoli &#8211; Presidente FIABCI- Italia<\/li>\n<li>Enrico Cleva &#8211; Progettista e Presidente NEWH- Milano Chapter<\/li>\n<li>Alessandro Colombo &#8211; Progettista e docente<\/li>\n<li>Matteo Ingaramo &#8211; CEO POLI.design<\/li>\n<li>Cinzia Pagni &#8211; Progettista e docente<\/li>\n<li>Giampietro Sacchi &#8211; Direttore tecnico Corsi di Alta Formazione POLI.design<\/li>\n<li>Sofia Gioia Vedani &#8211; CEO Planetaria Hotels Spa<\/li>\n<li>Antonia Zanardini &#8211; CEO e Direttore editoriale Contract Book &#8211; Around Water &#8211; Guest<\/li>\n<\/ul>\n<p><em>Modera<\/em>: Prof. Francesco Scullica<\/p>\n<p>Il settore dell\u2019ospitalit\u00e0 \u00e8 chiamato a rispondere a nuove sfide: la situazione attuale infatti, appare in relazione a molteplici fattori (sanitari- soprattutto in relazione alla pandemia COVID-19-, comportamentali\/ relazionali, ma anche tecnologici con un\u2019accelerazione in particolare dell\u2019uso e applicazione delle tecnologie digitali); le strutture per l\u2019ospitalit\u00e0 sia esistenti e sia di nuova concezione sono chiamate a confrontarsi con nuove esigenze e necessit\u00e0 per acquisire nuovi format e identit\u00e0 di servizio, nelle differenti location e contesti e in relazione alle nuove esigenze di un pubblico vario e diverso dalle tradizionali categorie di riferimento.<\/p>\n<p><span style=\"color: #7a97ab;\"><strong><a style=\"color: #7a97ab;\" href=\"https:\/\/share.hsforms.com\/1o8J3jd_DTHugPl-qwz3wvA4rs5n\" target=\"_blank\" rel=\"noopener\">Registrati all&#8217;evento!<\/a><\/strong><\/span><\/p>\n<p>&nbsp;<\/p>\n<hr \/>\n<p><strong>II TALK: Ibridazione funzionale e nuovi format<br \/>\n<\/strong>23\/10\/2021 | 11:30 &#8211; 14:00<br \/>\n<em>Relatori<\/em>:<\/p>\n<ul>\n<li>Nicola Accurso &#8211; Managing Director di 21 Way Of Living<\/li>\n<li>Elena Elgani &#8211; Progettista e docente<\/li>\n<li>Virginia Scapinelli &#8211; Board Member Co-Liv<\/li>\n<li>Mauro Santinato &#8211; Presidente Teamwork Hospitality<\/li>\n<li>Roberto Vellotti &#8211; Arnold Investments, Country Manager Italia<\/li>\n<\/ul>\n<p><em>Modera<\/em>: Prof. Francesco Scullica<\/p>\n<p>Il nuovo scenario dell\u2019ospitalit\u00e0 si sta confrontando con una serie di nuovi format, anche alla luce di quel processo di \u201cibridazione funzionale\u201d che non interessa soltanto il settore dell\u2019ospitalit\u00e0 ma \u00e8 comune anche a molte altre tipologie storiche (residenze, uffici, spazi per l\u2019intrattenimento, spazi per la cultura, \u2026). Progettare delle strutture \u201cibride\u201d, ma anche gestirle implica un notevole livello di competenze e sensibilit\u00e0 da acquisire o da implementare a livelli e ruoli diversi.<\/p>\n<p><a href=\"https:\/\/share.hsforms.com\/1NWbz3LIDTjigwUUTrG1kaQ4rs5n\" target=\"_blank\" rel=\"noopener\"><strong><span style=\"color: #7a97ab;\">Registrati all&#8217;evento!<\/span><\/strong><\/a><\/p>\n<p>&nbsp;<\/p>\n<hr \/>\n<p><strong>III TALK: L&#8217;Innovazione tecnologica nell&#8217;hotel design<\/strong><br \/>\n23\/10\/2021 | 14:30 &#8211; 17:00<br \/>\n<em>Relatori:<\/em><\/p>\n<ul>\n<li>Roberto Gamba &#8211; Interior technology designer<\/li>\n<li>Emilio Lonardo &#8211; Designer<\/li>\n<li>Alberto Ravenna &#8211; Hotel Consultant<\/li>\n<li>Laura Verdi &#8211; Architetto e Direttore editoriale di Well Magazine<\/li>\n<\/ul>\n<p><em>Modera<\/em>: Arch. Alberto Zanetta<\/p>\n<p>La tecnologia \u00e8 sempre stata alla base delle trasformazioni tipologiche, spaziali e di servizio nell\u2019ambito dell\u2019ospitalit\u00e0 e delle strutture ricettive. Molteplici le ricadute anche con riferimento allo scenario contemporaneo, e al rapporto fra progetto e tecnologia. Fondamentale in questo contesto il rapporto fra progetto e aziende, detentrici di specifici know-how e specializzazioni tecnico-operative.<\/p>\n<p><a href=\"https:\/\/share.hsforms.com\/1uOOLcbf-T2abswO4kPAYew4rs5n\" target=\"_blank\" rel=\"noopener\"><span style=\"color: #7a97ab;\"><strong>Registrati all&#8217;evento!<\/strong><\/span><\/a><\/p>\n<p>&nbsp;<\/p>\n<hr \/>\n<p><strong>IV TALK : Sustainability in Hotel Design<br \/>\n<\/strong>24\/10\/2021 | 14:30 &#8211; 17:00<br \/>\n<em>Relatori<\/em>:<\/p>\n<ul>\n<li>Laura Daglio &#8211; Dipartimento ABC del Politecnico di Milano<\/li>\n<li>Arch. Cristiano Pistis &#8211; Direttore eclettico design Business unit hospitality Lombardini 22<\/li>\n<li>Silvia Risari &#8211; Specification Manager Serge Ferrari<\/li>\n<li>Rosita Romeo &#8211; Consulente Klima Hotel<\/li>\n<\/ul>\n<p><em>Modera<\/em>: Prof. Francesco Scullica<\/p>\n<p>La sostenibilit\u00e0 appare una piattaforma sempre pi\u00f9 necessaria per ogni azione di progetto ma anche di gestione e, ormai da tempo, \u00e8 diventata un ambito privilegiato di applicazione di un approccio \u201cgreen\u201d; la sostenibilit\u00e0 deve essere intesa in modo ampio, non solo come sostenibilit\u00e0 ambientale, ma deve coinvolgere tutto il processo di progettazione, realizzazione, gestione, &#8230; fino alla dismissione e al riuso della struttura ricettiva.<\/p>\n<p><a href=\"https:\/\/share.hsforms.com\/1iDlAEsifSOmYPxApGylLFQ4rs5n\" target=\"_blank\" rel=\"noopener\"><span style=\"color: #7a97ab;\"><strong>Registrati all&#8217;evento!<\/strong><\/span><\/a><\/p>\n<p>&nbsp;<\/p>\n<hr \/>\n<p><strong>V TALK: Food &amp; Retail nella progettazione alberghiera<\/strong><br \/>\n25\/10\/2021 | 9:30 &#8211; 12:00<br \/>\n<em>Relatori<\/em>:<\/p>\n<ul>\n<li>Paolo Barichella &#8211; Food Designer<\/li>\n<li>Rossella De Stefano &#8211; Direttore editoriale e Direttore responsabile Bargiornale<\/li>\n<li>Giulia Maria Gerosa &#8211; PhD Politecnico di Milano<\/li>\n<li>Maurizio Lai &#8211; Architetto Studio Lai<\/li>\n<li>Arch. Benta Wiley &#8211; Architetto Co fouder BWBETWEEN<\/li>\n<\/ul>\n<p><em>Modera:<\/em> Arch. Gianpietro Sacchi<\/p>\n<p>Il nuovo ruolo dell\u2019offerta enogastronomica negli spazi ricettivi: il superamento dell\u2019offerta di servizi e del sistema spazi-servizi di tipo convenzionale; nuovi format e sfide progettuali e di gestione attraverso una seria di punti di vista diversificati.<\/p>\n<p><a href=\"https:\/\/share.hsforms.com\/1pFa4iFmPSUK8eebibIKHGg4rs5n\" target=\"_blank\" rel=\"noopener\"><span style=\"color: #7a97ab;\"><strong>Registrati all&#8217;evento!<\/strong><\/span><\/a><\/p>\n<p>&nbsp;<\/p>\n<hr \/>\n<p><strong>VI TALK: Wellness &amp; Lifestyle: Design for a better living<\/strong><br \/>\n25\/10\/2021 | 12:00 &#8211; 14:30<br \/>\n<em>Relatori<\/em>:<\/p>\n<ul>\n<li>Andrea Camera &#8211; Hofer Group<\/li>\n<li>Renato Cheodarci &#8211; Direttore commerciale QC TERME SPAS &amp; RESORT<\/li>\n<li>Silvia Giannini &#8211; Architetto<\/li>\n<li>Alessio Luciani &#8211; Direttore Vendite Dornbracht Italia<\/li>\n<\/ul>\n<p><em>Modera<\/em>: Arch. Alberto Zanetta<\/p>\n<p>Il benessere come frontiera \u201cglobale\u201d per la progettazione delle strutture per l\u2019ospitalit\u00e0; trends e scenari futuri in relazione ai diversi sistemi di spazi-servizi e ad un pubblico internazionale attraverso una seria di punti di vista diversificati.<\/p>\n<p><a href=\"https:\/\/share.hsforms.com\/1kFseEbWgRBOlOe0L66JYVw4rs5n\" target=\"_blank\" rel=\"noopener\"><span style=\"color: #7a97ab;\"><strong>Registrati all&#8217;evento!<\/strong><\/span><\/a><\/p>\n<p>&nbsp;<\/p>\n<hr \/>\n<p><strong>VII TALK: Made in Italy, italian way e hotel design<\/strong><br \/>\n26\/10\/2021 | 11:30 &#8211; 14:00<br \/>\n<em>Relatori<\/em>:<\/p>\n<ul>\n<li>Andrea Caspoli &#8211; Sandrini Green Architecture<\/li>\n<li>Paolo Castelli &#8211; CEO Paolo Castelli SpA<\/li>\n<li>Oscar Cavallera &#8211; Food &amp; Beverage Senior Advisor<\/li>\n<li>Nisi Magnoni &#8211; Architetto<\/li>\n<li>Federico Spagnulo &#8211; Architetto Spagnulo &amp; Partners<\/li>\n<\/ul>\n<p><em>Modera<\/em>: Arch. Gianpietro Sacchi<\/p>\n<p>L\u2019approccio italiano si \u00e8 sempre pi\u00f9 caratterizzato per alcuni elementi peculiari fra cui la definizione di concept di progetto frutto di un percorso di ricerca rigoroso e in linea con una \u201ccultura progettuale\u201d di riferimento.<\/p>\n<p><a href=\"https:\/\/share.hsforms.com\/143VFnrc8RBylfKrikFG3Rw4rs5n\" target=\"_blank\" rel=\"noopener\"><span style=\"color: #7a97ab;\"><strong>Registrati all&#8217;evento!<\/strong><\/span><\/a><\/p>\n","":null,"azione_cta":"legacyLink","cta_style":"button","cta_align":"center","cta":{"title":"Scopri di pi\u00f9 su HostMilano 2021","url":"https:\/\/host.fieramilano.it\/eventi\/topics.html","target":"_blank"},"titolo_cta":"","modali_disponibil":false,"hubspot_id":"","prefill_campo_richiesta":""},"content_right":{"occhiello":"","title":"","title_style":"normal","text":"","":null,"azione_cta":"","cta_style":"normal","cta_align":"left","cta":null,"titolo_cta":"","modali_disponibil":false,"hubspot_id":"","prefill_campo_richiesta":""}}]},"_links":{"self":[{"href":"https:\/\/www.polidesign.net\/it\/wp-json\/wp\/v2\/eventi\/28677"}],"collection":[{"href":"https:\/\/www.polidesign.net\/it\/wp-json\/wp\/v2\/eventi"}],"about":[{"href":"https:\/\/www.polidesign.net\/it\/wp-json\/wp\/v2\/types\/eventi"}],"version-history":[{"count":29,"href":"https:\/\/www.polidesign.net\/it\/wp-json\/wp\/v2\/eventi\/28677\/revisions"}],"predecessor-version":[{"id":31070,"href":"https:\/\/www.polidesign.net\/it\/wp-json\/wp\/v2\/eventi\/28677\/revisions\/31070"}],"wp:featuredmedia":[{"embeddable":true,"href":"https:\/\/www.polidesign.net\/it\/wp-json\/wp\/v2\/media\/28795"}],"wp:attachment":[{"href":"https:\/\/www.polidesign.net\/it\/wp-json\/wp\/v2\/media?parent=28677"}],"curies":[{"name":"wp","href":"https:\/\/api.w.org\/{rel}","templated":true}]}}