{"id":4820,"date":"2020-06-06T21:24:10","date_gmt":"2020-06-06T21:24:10","guid":{"rendered":"https:\/\/staging.polidesign.net\/?post_type=eventi&#038;p=4820"},"modified":"2021-02-02T22:40:25","modified_gmt":"2021-02-02T22:40:25","slug":"rethink-service-design-stories","status":"publish","type":"eventi","link":"https:\/\/www.polidesign.net\/it\/eventi\/rethink-service-design-stories\/","title":{"rendered":"Rethink Service Design Stories"},"featured_media":4821,"template":"","meta":[],"yoast_head":"<!-- This site is optimized with the Yoast SEO plugin v15.7 - https:\/\/yoast.com\/wordpress\/plugins\/seo\/ -->\n<title>Rethink Service Design Stories &bull; POLI.design<\/title>\n<meta name=\"robots\" content=\"index, follow, max-snippet:-1, max-image-preview:large, max-video-preview:-1\" \/>\n<link rel=\"canonical\" href=\"https:\/\/www.polidesign.net\/it\/eventi\/rethink-service-design-stories\/\" \/>\n<meta property=\"og:locale\" content=\"it_IT\" \/>\n<meta property=\"og:type\" content=\"article\" \/>\n<meta property=\"og:title\" content=\"Rethink Service Design Stories &bull; POLI.design\" \/>\n<meta property=\"og:url\" content=\"https:\/\/www.polidesign.net\/it\/eventi\/rethink-service-design-stories\/\" \/>\n<meta property=\"og:site_name\" content=\"POLI.design\" \/>\n<meta property=\"article:publisher\" content=\"https:\/\/www.facebook.com\/polidesignmilano\" \/>\n<meta property=\"article:modified_time\" content=\"2021-02-02T22:40:25+00:00\" \/>\n<meta property=\"og:image\" content=\"https:\/\/www.polidesign.net\/wp-content\/uploads\/2020\/12\/R20-Header-2-940x268_1.jpg\" \/>\n\t<meta property=\"og:image:width\" content=\"1200\" \/>\n\t<meta property=\"og:image:height\" content=\"342\" \/>\n<meta name=\"twitter:card\" content=\"summary_large_image\" \/>\n<meta name=\"twitter:site\" content=\"@POLI_design\" \/>\n<script type=\"application\/ld+json\" class=\"yoast-schema-graph\">{\"@context\":\"https:\/\/schema.org\",\"@graph\":[{\"@type\":\"Organization\",\"@id\":\"https:\/\/www.polidesign.net\/it\/#organization\",\"name\":\"POLI.design\",\"url\":\"https:\/\/www.polidesign.net\/it\/\",\"sameAs\":[\"https:\/\/www.facebook.com\/polidesignmilano\",\"https:\/\/www.instagram.com\/polidesign\/\",\"https:\/\/www.linkedin.com\/company\/polidesign-milano\",\"https:\/\/www.youtube.com\/user\/POLIdesign\",\"https:\/\/twitter.com\/POLI_design\"],\"logo\":{\"@type\":\"ImageObject\",\"@id\":\"https:\/\/www.polidesign.net\/it\/#logo\",\"inLanguage\":\"it-IT\",\"url\":\"https:\/\/www.polidesign.net\/wp-content\/uploads\/2020\/10\/Logo-Polidesign-14.svg\",\"width\":182,\"height\":36,\"caption\":\"POLI.design\"},\"image\":{\"@id\":\"https:\/\/www.polidesign.net\/it\/#logo\"}},{\"@type\":\"WebSite\",\"@id\":\"https:\/\/www.polidesign.net\/it\/#website\",\"url\":\"https:\/\/www.polidesign.net\/it\/\",\"name\":\"POLI.design\",\"description\":\"\",\"publisher\":{\"@id\":\"https:\/\/www.polidesign.net\/it\/#organization\"},\"potentialAction\":[{\"@type\":\"SearchAction\",\"target\":\"https:\/\/www.polidesign.net\/it\/?s={search_term_string}\",\"query-input\":\"required name=search_term_string\"}],\"inLanguage\":\"it-IT\"},{\"@type\":\"ImageObject\",\"@id\":\"https:\/\/www.polidesign.net\/it\/eventi\/rethink-service-design-stories\/#primaryimage\",\"inLanguage\":\"it-IT\",\"url\":\"https:\/\/www.polidesign.net\/wp-content\/uploads\/2020\/12\/R20-Header-2-940x268_1.jpg\",\"width\":1200,\"height\":342},{\"@type\":\"WebPage\",\"@id\":\"https:\/\/www.polidesign.net\/it\/eventi\/rethink-service-design-stories\/#webpage\",\"url\":\"https:\/\/www.polidesign.net\/it\/eventi\/rethink-service-design-stories\/\",\"name\":\"Rethink Service Design Stories &bull; POLI.design\",\"isPartOf\":{\"@id\":\"https:\/\/www.polidesign.net\/it\/#website\"},\"primaryImageOfPage\":{\"@id\":\"https:\/\/www.polidesign.net\/it\/eventi\/rethink-service-design-stories\/#primaryimage\"},\"datePublished\":\"2020-06-06T21:24:10+00:00\",\"dateModified\":\"2021-02-02T22:40:25+00:00\",\"inLanguage\":\"it-IT\",\"potentialAction\":[{\"@type\":\"ReadAction\",\"target\":[\"https:\/\/www.polidesign.net\/it\/eventi\/rethink-service-design-stories\/\"]}]}]}<\/script>\n<!-- \/ Yoast SEO plugin. -->","acf":{"tipologia_evento":[{"term_id":542,"name":"Talk","slug":"talk","term_group":0,"term_taxonomy_id":542,"taxonomy":"eventi_type","description":"Talk","parent":0,"count":176,"filter":"raw","term_order":"0"},{"term_id":544,"name":"Workshop","slug":"workshop","term_group":0,"term_taxonomy_id":544,"taxonomy":"eventi_type","description":"Workshop","parent":0,"count":14,"filter":"raw","term_order":"0"}],"relazioni":{"corso":"","area_formazione":[{"term_id":283,"name":"Business Design","slug":"business-design","term_group":0,"term_taxonomy_id":283,"taxonomy":"formazione_area","description":"Business Design","parent":0,"count":49,"filter":"raw","term_order":"1"}],"tipologia_formazione":[{"term_id":55,"name":"Master","slug":"master","term_group":0,"term_taxonomy_id":55,"taxonomy":"formazione_type","description":"Master Universitari","parent":0,"count":76,"filter":"raw","term_order":"2"}],"settore":[{"term_id":555,"name":"Business","slug":"business","term_group":0,"term_taxonomy_id":555,"taxonomy":"settore","description":"Business","parent":0,"count":8,"filter":"raw","term_order":"0"}],"tags_poli":[{"term_id":563,"name":"International","slug":"international","term_group":0,"term_taxonomy_id":563,"taxonomy":"settore_POLI","description":"","parent":0,"count":45,"filter":"raw","term_order":"0"}],"ways_of_innovation":[{"term_id":552,"name":"Orientamento all'innovazione","slug":"orientamento-all-innovazione","term_group":0,"term_taxonomy_id":552,"taxonomy":"woi","description":"Orientamento all'innovazione","parent":0,"count":51,"filter":"raw","term_order":"0"}],"alumni":false,"people":""},"cover_title":"Rethink ","cover_subTitle":"Service Design Stories","cover_abstract":"<p>In sinergia con Fuorisalone, un ricco palinsesto articolato in Live streams e Stories on demand accessibili per tutta la durata del festival e oltre.<\/p>\n","cover_image":{"ID":4821,"id":4821,"title":"R20 - Header 2 (940x268)_1","filename":"R20-Header-2-940x268_1.jpg","filesize":49003,"url":"https:\/\/www.polidesign.net\/wp-content\/uploads\/2020\/12\/R20-Header-2-940x268_1.jpg","link":"https:\/\/www.polidesign.net\/it\/eventi\/rethink-service-design-stories\/attachment\/r20-header-2-940x268_1\/","alt":"","author":"37","description":"","caption":"","name":"r20-header-2-940x268_1","status":"inherit","uploaded_to":4820,"date":"2020-12-21 21:27:03","modified":"2020-12-21 21:27:03","menu_order":0,"mime_type":"image\/jpeg","type":"image","subtype":"jpeg","icon":"https:\/\/www.polidesign.net\/wp-includes\/images\/media\/default.png","width":1200,"height":342,"sizes":{"thumbnail":"https:\/\/www.polidesign.net\/wp-content\/uploads\/2020\/12\/R20-Header-2-940x268_1-150x150.jpg","thumbnail-width":150,"thumbnail-height":150,"medium":"https:\/\/www.polidesign.net\/wp-content\/uploads\/2020\/12\/R20-Header-2-940x268_1-300x86.jpg","medium-width":300,"medium-height":86,"medium_large":"https:\/\/www.polidesign.net\/wp-content\/uploads\/2020\/12\/R20-Header-2-940x268_1-768x219.jpg","medium_large-width":768,"medium_large-height":219,"large":"https:\/\/www.polidesign.net\/wp-content\/uploads\/2020\/12\/R20-Header-2-940x268_1-1024x292.jpg","large-width":1024,"large-height":292,"1536x1536":"https:\/\/www.polidesign.net\/wp-content\/uploads\/2020\/12\/R20-Header-2-940x268_1.jpg","1536x1536-width":1200,"1536x1536-height":342,"2048x2048":"https:\/\/www.polidesign.net\/wp-content\/uploads\/2020\/12\/R20-Header-2-940x268_1.jpg","2048x2048-width":1200,"2048x2048-height":342}},"cover_imageThumbnail":{"ID":4821,"id":4821,"title":"R20 - Header 2 (940x268)_1","filename":"R20-Header-2-940x268_1.jpg","filesize":49003,"url":"https:\/\/www.polidesign.net\/wp-content\/uploads\/2020\/12\/R20-Header-2-940x268_1.jpg","link":"https:\/\/www.polidesign.net\/it\/eventi\/rethink-service-design-stories\/attachment\/r20-header-2-940x268_1\/","alt":"","author":"37","description":"","caption":"","name":"r20-header-2-940x268_1","status":"inherit","uploaded_to":4820,"date":"2020-12-21 21:27:03","modified":"2020-12-21 21:27:03","menu_order":0,"mime_type":"image\/jpeg","type":"image","subtype":"jpeg","icon":"https:\/\/www.polidesign.net\/wp-includes\/images\/media\/default.png","width":1200,"height":342,"sizes":{"thumbnail":"https:\/\/www.polidesign.net\/wp-content\/uploads\/2020\/12\/R20-Header-2-940x268_1-150x150.jpg","thumbnail-width":150,"thumbnail-height":150,"medium":"https:\/\/www.polidesign.net\/wp-content\/uploads\/2020\/12\/R20-Header-2-940x268_1-300x86.jpg","medium-width":300,"medium-height":86,"medium_large":"https:\/\/www.polidesign.net\/wp-content\/uploads\/2020\/12\/R20-Header-2-940x268_1-768x219.jpg","medium_large-width":768,"medium_large-height":219,"large":"https:\/\/www.polidesign.net\/wp-content\/uploads\/2020\/12\/R20-Header-2-940x268_1-1024x292.jpg","large-width":1024,"large-height":292,"1536x1536":"https:\/\/www.polidesign.net\/wp-content\/uploads\/2020\/12\/R20-Header-2-940x268_1.jpg","1536x1536-width":1200,"1536x1536-height":342,"2048x2048":"https:\/\/www.polidesign.net\/wp-content\/uploads\/2020\/12\/R20-Header-2-940x268_1.jpg","2048x2048-width":1200,"2048x2048-height":342}},"flexible":[{"acf_fc_layout":"simpleTitleText","layout_settings":{"color":"default","component_title":{"isActive":false,"testo":""}},"acfe_flexible_toggle":"","acfe_flexible_layout_title":"Simple Title + Text","numero_di_colonne":"1","content":{"occhiello":"","title":"","title_style":"normal","text":"<p><strong>POLI.design \u2013 Politecnico di Milano e Service Innovation Academy presentano l\u2019edizione digitale di RETHINK! Service Design Stories, primo Festival italiano dedicato al Service Design.<\/strong><\/p>\n<p><strong>Dal 16 al 20 giugno 2020\u00a0torna\u00a0\u201cRethink! Service Design Stories\u201d<\/strong>, primo festival in Italia dedicato al design dei servizi e all&#8217;innovazione promosso da POLI.design e dalla Service Innovation Academy di POLI.design in collaborazione con Fuorisalone, con una edizione speciale in formato digitale.<\/p>\n<p>Una programmazione che per 5 giorni alterner\u00e0\u00a0Live streams\u00a0\u2013 interventi in diretta \u2013 e\u00a0Stories on demand\u00a0\u2013 interviste brevi accessibili per la durata del festival e oltre. Insieme ad ospiti provenienti da tutto il mondo, cercheremo di rispondere ai cambiamenti repentini che stanno attraversando questo preciso momento storico.<\/p>\n<p>Tema della terza edizione del Festival \u00e8 <strong>&#8220;Designing Transitions. May Service design be radical?&#8221;\u00a0<\/strong>Discuteremo di come le organizzazioni affrontano il cambiamento verso modelli di innovazione pi\u00f9 sostenibili, aperti e collaborativi. Oggi ancor di pi\u00f9, aziende, startup, pubbliche amministrazioni sono chiamate a proporre soluzioni che affrontano il cambiamento anche in modo radicale. Disegnare questa transizione comporta la rivisitazione di modelli economici e di produzione di valore, forme inedite di adozione delle tecnologie e utilizzo dei dati, cos\u00ec come la diffusione di processi di partecipazione e di nuove forme di collaborazione e solidariet\u00e0.<\/p>\n<p>Tra i Keynote Speaker del Festival anticipiamo\u00a0Thomas Prehn, Strategist and Organizational Transformer, leader riconosciuto nel campo della cultura e della leadership trasformativa insieme al quale discuteremo di costruzione della cultura dell&#8217;innovazione e di come essa debba far parte del DNA di enti e organizzazioni.<\/p>\n<p>Altro ospite d\u2019eccezione sar\u00e0\u00a0Kasey Klimes, Senior UX Researcher, World-Scale AR, Google San Francisco\u00a0che condivider\u00e0 gli scenari tecnologici sull\u2019uso dell\u2019AI nei\u00a0servizi digitali.<\/p>\n<p>&#8220;Dobbiamo ripensare alcuni comportamenti alla base della nostra societ\u00e0 per garantire una trasformazione equa e sostenibile. Abbiamo bisogno che gli individui, le comunit\u00e0 e i governi adottino azioni radicali perch\u00e9 questa trasformazione si realizzi&#8221;\u00a0ci racconta\u00a0Juha Leppanen\u00a0Chief Executive at Demos, Helsinki\u00a0e Keynote del festival.<\/p>\n<p>Tra i protagonisti di questa edizione avremo anche\u00a0<strong>Ferrovie dello Stato, LendLease, Zambon, Revolut, D-Orbit, Impactscool e Nextatlas<\/strong>.<\/p>\n<p>Massimo Ferriani,\u00a0Partner e Experience Consulting Leader di PwC Italia, dichiara:\u00a0\u201cCi troviamo di fronte ad un punto di svolta cruciale: il momento storico dell\u2019ottimizzazione dei processi \u00e8 finito; le aziende, pubbliche e private, non possono pi\u00f9 prescindere da modelli che ne abilitino la crescita e ne allineino le offerte sulla base delle esigenze degli utenti. Anche la scala delle sfide \u00e8 cambiata, portandoci sempre pi\u00f9 spesso a ragionare su temi che attraversano le Industry ed i continenti. Rethink! ci \u00e8 apparso da subito come un momento imprescindibile di confronto su questi temi, un incontro di saperi e competenze nuovo e prezioso, del quale siamo fieri di essere parte.\u201d<\/p>\n<p>L\u2019evento \u00e8 gratuito. Consulta il programma aggiornato su\u00a0www.rethinkfestival.it<\/p>\n<p><strong>Rethink! \u00e8 promosso da POLI.design &#8211; Politecnico di Milano e dalla Service Innovation Academy.<\/strong><br \/>\n<strong>Main Sponsor dell\u2019iniziativa \u00e8 PwC Italy<\/strong><br \/>\n<strong>Media Partner\u00a0Brera Design District e Studiolabo e LifeGate<\/strong><br \/>\n<strong>Partner Tecnico\u00a0Superbello<\/strong><br \/>\n<strong>Con il Patrocinio di Regione Lombardia<\/strong><br \/>\n<strong>Con il sostegno del Dipartimento di Design del Politecnico di Milano<\/strong><br \/>\n<strong>RETHINK! Service Design Stories<\/strong><\/p>\n<h2>Info<\/h2>\n<p>Raffaela Scognamiglio<br \/>\nraffaela.scognamiglio@polidesign.net<br \/>\n+39 3299861707<\/p>\n<p>Ufficio Comunicazione POLI.design<br \/>\ncomunicazione@polidesign.net<br \/>\n+39 02.2399.7201<\/p>\n<p><strong>POLI.design<\/strong>, fondato nel 1999 dal Politecnico di Milano, insieme alla Scuola di Design del Politecnico e al Dipartimento di Design, forma il Sistema Design del Politecnico, un aggregato di risorse, competenze, strutture e laboratori, tra i pi\u00f9 importanti al mondo. POLI.design svolge un ruolo cerniera fra i diversi attori che fanno parte dell\u2019ecosistema del design e sviluppa formazione per giovani laureati, professionisti ed imprese. (https:\/\/polidesign.net\/it)<\/p>\n<p>La\u00a0<strong>Service Innovation Academy\u00a0di POLI.design<\/strong> \u00e8 un Centro di Innovazione Universitario del Politecnico di Milano da sempre impegnato a raggiungere l\u2019eccellenza in ricerca, formazione, innovazione e progettazione. Attraverso formazione, ricerca applicata e produzioni culturali permette ad aziende, organizzazioni e professionisti di innovare il proprio prodotto\/servizio, di acquisire le competenze del service design e di entrare a far parte di un network strategico. (www.serviceinnovationacademy.com\/sia\/)<\/p>\n<p>L\u2019obiettivo di\u00a0<strong>PwC\u00a0<\/strong>\u00e8 quello di creare fiducia nella societ\u00e0 e risolvere problematiche importanti. Siamo un network presente in 158 Paesi con oltre 276.000 professionisti, di cui circa 5.800 in Italia, impegnati a garantire la qualit\u00e0 dei servizi fiscali, legali, di revisione contabile e di consulenza. (https:\/\/www.pwc.com\/it\/it\/services\/consulting\/experience-consulting.html)<\/p>\n<p>Dal 2003,\u00a0<strong>Fuorisalone.it<\/strong>\u00a0\u00e8 la piattaforma di riferimento del Fuorisalone, evento che insieme al Salone del Mobile definisce la Milano Design Week. Il Salone del Mobile di Milano ha annullato l\u2019edizione 2020, ma la Design Week continua e Fuorisalone.it propone dal 15 al 21 giugno il lancio della nuova piattaforma Fuorisalone Digital che prevede l&#8217;introduzione di due nuovi strumenti (Fuorisalone Tv e Fuorisalone Meets) e la possibilit\u00e0 di distribuire i contenuti su due nuovi canali (Fuorisalone Japan e Fuorisalone China). (https:\/\/fuorisalone.it\/welcome\/it\/)<\/p>\n","":null,"azione_cta":"","cta_style":"normal","cta_align":"left","cta":"","titolo_cta":"","modali_disponibil":false,"hubspot_id":"","prefill_campo_richiesta":""},"content_right":{"occhiello":"","title":"","title_style":"normal","text":"","":null,"azione_cta":"","cta_style":"normal","cta_align":"left","cta":null,"titolo_cta":"","modali_disponibil":false,"hubspot_id":"","prefill_campo_richiesta":""}}],"people_formazione":""},"_links":{"self":[{"href":"https:\/\/www.polidesign.net\/it\/wp-json\/wp\/v2\/eventi\/4820"}],"collection":[{"href":"https:\/\/www.polidesign.net\/it\/wp-json\/wp\/v2\/eventi"}],"about":[{"href":"https:\/\/www.polidesign.net\/it\/wp-json\/wp\/v2\/types\/eventi"}],"version-history":[{"count":0,"href":"https:\/\/www.polidesign.net\/it\/wp-json\/wp\/v2\/eventi\/4820\/revisions"}],"wp:featuredmedia":[{"embeddable":true,"href":"https:\/\/www.polidesign.net\/it\/wp-json\/wp\/v2\/media\/4821"}],"wp:attachment":[{"href":"https:\/\/www.polidesign.net\/it\/wp-json\/wp\/v2\/media?parent=4820"}],"curies":[{"name":"wp","href":"https:\/\/api.w.org\/{rel}","templated":true}]}}