{"id":4824,"date":"2020-06-01T21:27:54","date_gmt":"2020-06-01T21:27:54","guid":{"rendered":"https:\/\/staging.polidesign.net\/?post_type=eventi&#038;p=4824"},"modified":"2021-02-02T22:40:59","modified_gmt":"2021-02-02T22:40:59","slug":"fuorisalone-digital-15-21-giugno-2020","status":"publish","type":"eventi","link":"https:\/\/www.polidesign.net\/it\/eventi\/fuorisalone-digital-15-21-giugno-2020\/","title":{"rendered":"Fuorisalone Digital"},"featured_media":4825,"template":"","meta":[],"yoast_head":"<!-- This site is optimized with the Yoast SEO plugin v15.7 - https:\/\/yoast.com\/wordpress\/plugins\/seo\/ -->\n<title>Fuorisalone Digital &bull; POLI.design<\/title>\n<meta name=\"robots\" content=\"index, follow, max-snippet:-1, max-image-preview:large, max-video-preview:-1\" \/>\n<link rel=\"canonical\" href=\"https:\/\/www.polidesign.net\/it\/eventi\/fuorisalone-digital-15-21-giugno-2020\/\" \/>\n<meta property=\"og:locale\" content=\"it_IT\" \/>\n<meta property=\"og:type\" content=\"article\" \/>\n<meta property=\"og:title\" content=\"Fuorisalone Digital &bull; POLI.design\" \/>\n<meta property=\"og:url\" content=\"https:\/\/www.polidesign.net\/it\/eventi\/fuorisalone-digital-15-21-giugno-2020\/\" \/>\n<meta property=\"og:site_name\" content=\"POLI.design\" \/>\n<meta property=\"article:publisher\" content=\"https:\/\/www.facebook.com\/polidesignmilano\" \/>\n<meta property=\"article:modified_time\" content=\"2021-02-02T22:40:59+00:00\" \/>\n<meta property=\"og:image\" content=\"https:\/\/www.polidesign.net\/wp-content\/uploads\/2020\/12\/banner-landing-page-100_9.jpg\" \/>\n\t<meta property=\"og:image:width\" content=\"940\" \/>\n\t<meta property=\"og:image:height\" content=\"268\" \/>\n<meta name=\"twitter:card\" content=\"summary_large_image\" \/>\n<meta name=\"twitter:site\" content=\"@POLI_design\" \/>\n<script type=\"application\/ld+json\" class=\"yoast-schema-graph\">{\"@context\":\"https:\/\/schema.org\",\"@graph\":[{\"@type\":\"Organization\",\"@id\":\"https:\/\/www.polidesign.net\/it\/#organization\",\"name\":\"POLI.design\",\"url\":\"https:\/\/www.polidesign.net\/it\/\",\"sameAs\":[\"https:\/\/www.facebook.com\/polidesignmilano\",\"https:\/\/www.instagram.com\/polidesign\/\",\"https:\/\/www.linkedin.com\/company\/polidesign-milano\",\"https:\/\/www.youtube.com\/user\/POLIdesign\",\"https:\/\/twitter.com\/POLI_design\"],\"logo\":{\"@type\":\"ImageObject\",\"@id\":\"https:\/\/www.polidesign.net\/it\/#logo\",\"inLanguage\":\"it-IT\",\"url\":\"https:\/\/www.polidesign.net\/wp-content\/uploads\/2020\/10\/Logo-Polidesign-14.svg\",\"width\":182,\"height\":36,\"caption\":\"POLI.design\"},\"image\":{\"@id\":\"https:\/\/www.polidesign.net\/it\/#logo\"}},{\"@type\":\"WebSite\",\"@id\":\"https:\/\/www.polidesign.net\/it\/#website\",\"url\":\"https:\/\/www.polidesign.net\/it\/\",\"name\":\"POLI.design\",\"description\":\"\",\"publisher\":{\"@id\":\"https:\/\/www.polidesign.net\/it\/#organization\"},\"potentialAction\":[{\"@type\":\"SearchAction\",\"target\":\"https:\/\/www.polidesign.net\/it\/?s={search_term_string}\",\"query-input\":\"required name=search_term_string\"}],\"inLanguage\":\"it-IT\"},{\"@type\":\"ImageObject\",\"@id\":\"https:\/\/www.polidesign.net\/it\/eventi\/fuorisalone-digital-15-21-giugno-2020\/#primaryimage\",\"inLanguage\":\"it-IT\",\"url\":\"https:\/\/www.polidesign.net\/wp-content\/uploads\/2020\/12\/banner-landing-page-100_9.jpg\",\"width\":940,\"height\":268},{\"@type\":\"WebPage\",\"@id\":\"https:\/\/www.polidesign.net\/it\/eventi\/fuorisalone-digital-15-21-giugno-2020\/#webpage\",\"url\":\"https:\/\/www.polidesign.net\/it\/eventi\/fuorisalone-digital-15-21-giugno-2020\/\",\"name\":\"Fuorisalone Digital &bull; POLI.design\",\"isPartOf\":{\"@id\":\"https:\/\/www.polidesign.net\/it\/#website\"},\"primaryImageOfPage\":{\"@id\":\"https:\/\/www.polidesign.net\/it\/eventi\/fuorisalone-digital-15-21-giugno-2020\/#primaryimage\"},\"datePublished\":\"2020-06-01T21:27:54+00:00\",\"dateModified\":\"2021-02-02T22:40:59+00:00\",\"inLanguage\":\"it-IT\",\"potentialAction\":[{\"@type\":\"ReadAction\",\"target\":[\"https:\/\/www.polidesign.net\/it\/eventi\/fuorisalone-digital-15-21-giugno-2020\/\"]}]}]}<\/script>\n<!-- \/ Yoast SEO plugin. -->","acf":{"tipologia_evento":[{"term_id":542,"name":"Talk","slug":"talk","term_group":0,"term_taxonomy_id":542,"taxonomy":"eventi_type","description":"Talk","parent":0,"count":176,"filter":"raw","term_order":"0"}],"relazioni":{"relazioni":{"corso":"","area_formazione":false,"tipologia_formazione":false,"settore":false,"tags_poli":[{"term_id":563,"name":"International","slug":"international","term_group":0,"term_taxonomy_id":563,"taxonomy":"settore_POLI","description":"","parent":0,"count":45,"filter":"raw","term_order":"0"}],"ways_of_innovation":false,"alumni":false,"people":""}},"cover_title":"Fuorisalone Digital | 15-21 Giugno 2020","cover_subTitle":"L\u2019evento digitale della Milano Design Week","cover_abstract":"<p>Un nuovo modo di vivere l&#8217;esperienza del Fuorisalone con live talk, anteprime di prodotto, documentari, lezioni, interviste, format innovativi e concerti ad accesso totalmente gratuito.<\/p>\n<p>Pi\u00f9 di 300 aziende e designer coinvolti, oltre 30 ore di live talks, pi\u00f9 di 200 video on demand e 25 webinar.<\/p>\n","cover_image":{"ID":4825,"id":4825,"title":"banner landing page-100_9","filename":"banner-landing-page-100_9.jpg","filesize":20493,"url":"https:\/\/www.polidesign.net\/wp-content\/uploads\/2020\/12\/banner-landing-page-100_9.jpg","link":"https:\/\/www.polidesign.net\/it\/eventi\/fuorisalone-digital-15-21-giugno-2020\/attachment\/banner-landing-page-100_9\/","alt":"","author":"37","description":"","caption":"","name":"banner-landing-page-100_9","status":"inherit","uploaded_to":4824,"date":"2020-12-21 21:28:14","modified":"2020-12-21 21:28:14","menu_order":0,"mime_type":"image\/jpeg","type":"image","subtype":"jpeg","icon":"https:\/\/www.polidesign.net\/wp-includes\/images\/media\/default.png","width":940,"height":268,"sizes":{"thumbnail":"https:\/\/www.polidesign.net\/wp-content\/uploads\/2020\/12\/banner-landing-page-100_9-150x150.jpg","thumbnail-width":150,"thumbnail-height":150,"medium":"https:\/\/www.polidesign.net\/wp-content\/uploads\/2020\/12\/banner-landing-page-100_9-300x86.jpg","medium-width":300,"medium-height":86,"medium_large":"https:\/\/www.polidesign.net\/wp-content\/uploads\/2020\/12\/banner-landing-page-100_9-768x219.jpg","medium_large-width":768,"medium_large-height":219,"large":"https:\/\/www.polidesign.net\/wp-content\/uploads\/2020\/12\/banner-landing-page-100_9.jpg","large-width":940,"large-height":268,"1536x1536":"https:\/\/www.polidesign.net\/wp-content\/uploads\/2020\/12\/banner-landing-page-100_9.jpg","1536x1536-width":940,"1536x1536-height":268,"2048x2048":"https:\/\/www.polidesign.net\/wp-content\/uploads\/2020\/12\/banner-landing-page-100_9.jpg","2048x2048-width":940,"2048x2048-height":268}},"cover_imageThumbnail":{"ID":4825,"id":4825,"title":"banner landing page-100_9","filename":"banner-landing-page-100_9.jpg","filesize":20493,"url":"https:\/\/www.polidesign.net\/wp-content\/uploads\/2020\/12\/banner-landing-page-100_9.jpg","link":"https:\/\/www.polidesign.net\/it\/eventi\/fuorisalone-digital-15-21-giugno-2020\/attachment\/banner-landing-page-100_9\/","alt":"","author":"37","description":"","caption":"","name":"banner-landing-page-100_9","status":"inherit","uploaded_to":4824,"date":"2020-12-21 21:28:14","modified":"2020-12-21 21:28:14","menu_order":0,"mime_type":"image\/jpeg","type":"image","subtype":"jpeg","icon":"https:\/\/www.polidesign.net\/wp-includes\/images\/media\/default.png","width":940,"height":268,"sizes":{"thumbnail":"https:\/\/www.polidesign.net\/wp-content\/uploads\/2020\/12\/banner-landing-page-100_9-150x150.jpg","thumbnail-width":150,"thumbnail-height":150,"medium":"https:\/\/www.polidesign.net\/wp-content\/uploads\/2020\/12\/banner-landing-page-100_9-300x86.jpg","medium-width":300,"medium-height":86,"medium_large":"https:\/\/www.polidesign.net\/wp-content\/uploads\/2020\/12\/banner-landing-page-100_9-768x219.jpg","medium_large-width":768,"medium_large-height":219,"large":"https:\/\/www.polidesign.net\/wp-content\/uploads\/2020\/12\/banner-landing-page-100_9.jpg","large-width":940,"large-height":268,"1536x1536":"https:\/\/www.polidesign.net\/wp-content\/uploads\/2020\/12\/banner-landing-page-100_9.jpg","1536x1536-width":940,"1536x1536-height":268,"2048x2048":"https:\/\/www.polidesign.net\/wp-content\/uploads\/2020\/12\/banner-landing-page-100_9.jpg","2048x2048-width":940,"2048x2048-height":268}},"flexible":[{"acf_fc_layout":"simpleTitleText","layout_settings":{"color":"default","component_title":{"isActive":false,"testo":""}},"acfe_flexible_toggle":"","acfe_flexible_layout_title":"Simple Title + Text","numero_di_colonne":"1","content":{"occhiello":"","title":"","title_style":"normal","text":"<p><strong>Studiolabo<\/strong>, autore e ideatore della piattaforma\u00a0Fuorisalone.it\u00a0(www.fuorisalone.it),\u00a0propone la Design Week dal 15 al 21 giugno 2020 con il lancio della nuova piattaforma Fuorisalone Digital,\u00a0che prevede l&#8217;introduzione di due nuovi strumenti (Fuorisalone Tv\u00a0e\u00a0Fuorisalone Meets) e la possibilit\u00e0 di comunicare i contenuti su due nuovi canali (Fuorisalone China\u00a0e\u00a0Fuorisalone Japan).<\/p>\n<p>Inizia con l\u2019edizione 2020 un nuovo modo di comunicare il Fuorisalone che potr\u00e0 continuare anche nei prossimi anni, quando l\u2019evento che tutti conosciamo e amiamo torner\u00e0 a realizzarsi facendoci vivere nuovamente la sua inconfondibile magia.<\/p>\n<p>La Milano Design Week \u00e8 un connubio di tante eccellenze, un momento unico di scambi, di esperienze, di emozioni, di visioni e non pu\u00f2 essere ridotta ad una versione digitale, ma il digitale, a maggior ragione in questo momento, pu\u00f2 essere importante per tutte le aziende che hanno necessit\u00e0 di raggiungere il pubblico del Fuorisalone, bypassando la presenza fisica.<\/p>\n<p>I nuovi strumenti e canali saranno format autonomi convergenti sul portale\u00a0www.fuorisalone.it, che rimane il punto di riferimento del nuovo progetto di comunicazione e di aggregazione di contenuti. Il Magazine Fuorisalone e i canali social saranno di supporto nella distribuzione e condivisione dei contenuti con ulteriori approfondimenti legati ai prodotti, aziende o designer.<\/p>\n<p>La piattaforma\u00a0Fuorisalone Digital\u00a0si compone di\u00a0Web Portal, guida e strumento di riferimento di tutto il progetto;\u00a0Magazine, contenitore di approfondimento sul mondo del design a 360\u00b0;\u00a0Social Media e Newsletter, a cui si aggiungono i nuovi strumenti\u00a0Fuorisalone Tv\u00a0e\u00a0Fuorisalone Meets\u00a0e i canali dedicati a\u00a0Cina (Wechat e Weibo)\u00a0e\u00a0Giappone (fuorisalone.jp).<\/p>\n<p>Ad oggi possiamo contare pi\u00f9 di 300 aziende e designer, oltre 30 ore di live talks, pi\u00f9 di 200 video on demand e 25 webinar.<\/p>\n<p>Rado si conferma official timekeeper del Fuorisalone Digital, scandisce il tempo del design e degli eventi digitali, sponsorizzando la piattaforma\u00a0Fuorisalone.it.\u00a0Marchio noto come Master of Materials, ha rivoluzionato l\u2019orologeria tradizionale innovando il settore con l\u2019utilizzo della ceramica high-tech, della ceramica high-tech ultraleggera, della ceramica high-tech colorata e del Ceramos nelle sue collezioni di design. Vincitore di innumerevoli, prestigiosi premi internazionali e considerato universalmente il creatore di design pi\u00f9 all\u2019avanguardia nel panorama dell\u2019industria orologiera moderna, Rado \u00e8 sempre stato un brand innovatore e visionario, animato dall\u2019idea di spingersi costantemente oltre gli standard produttivi.<\/p>\n<p>Tra i brand che hanno scelto Fuorisalone Digital come palcoscenico virtuale del loro evento segnaliamo alcuni dei principali:\u00a06&#215;6 &#8211; Cesare Roversi arredamenti, ADD, Agape12, Arper, Artek, B&amp;B Italia, Bisazza, Boito Sarno Architects, Carvico, cc-tapis, Cedit, Code, Cristina Rubinetterie, D-ICON, DforDesign, Diab Group, Deutsche Telekom, DOME, Elica, Errante Design, ETRO Home, Expochain, Fenix, Florim, Fornasetti, Galleria Paola Colombari, Georges Store, Gianfranco Ferr\u00e8 Home, Green Wise Italy, Home Tres Chic, inVRsion, Iris Ceramica Group, JCP, Jumbo Collection, Kasthall, Kohler, Lamborghini, Land Rover, Livingcap, Londonart, Masiero, Medit Italia, Memphis, Merck, Milesi, MyMosaic, Molteni&amp;C | Dada, Nilufar, Norwegian Presence, Novacolor, Pedrali, PUPUPULA, Reflex, Roberto Cavalli Home, Saba, SAG&#8217;80, SAI Industry, SAIB, Salvatori, Signature Kitchen Suite, Society Limonta, Studio Italia Design, Tai Ping, Tecno, Tecnografica, Tecnotelai, The Placemakers, Tiburtini, Toncelli, Vescom, Visionnaire, Vitra, Wacom, WAW Collection, Woak, Wood-Skin, Zanotta.<\/p>\n<p>Tra le principali zone del design, percorsi tematici e collettive:\u00a0Artemest, Belgium is Design, Brera Design District, Institut fran\u00e7ais, Isola Design District, KbWindow, Materially, Swiss Design District, Theatro, Tortona Rocks, Virtual Design Variations, Virtual Design Variations &#8211; Focus Portugal, Worth.<\/p>\n<p><strong>Cultural Partners<\/strong><\/p>\n<p>Accademia Abadir, Action Group Editore, BASE, Design Group Italia, Design Resistenza, DesignTech, Digital to Asia, Fondazione Albini, Fondazione per l\u2019architettura \/ Torino, Fondazione Ordine degli Architetti di Milano, Ordine degli Architetti di Torino, Festival Bottom Up, Freitag, H-farm, Hi-Hack, Hi-Interiors, ICS International School, IED, Italia Innovation, IULM, LeftLoft, Materially, NABA, Playful Living, POLI.design \u2013 Politecnico di Milano, RCS MediaGroup, Politecnico di Milano, Shenzhen Creative Week, SIB, SUPER, SUPERSTUDIO.<\/p>\n<p><strong>Media Partners<\/strong><\/p>\n<p>Abitare, Archiproducts, Architonic, Artribune, C41 Magazine, Corriere della Sera, Exibart, Feel Desain, Dezeen, HAUS- Gazeta do Povo, Le Grand Mag Newsroom, Living, Syncronia, Yes Milano e con il\u00a0Patrocinio del Comune di Milano.<\/p>\n<p><strong>FUORISALONE TV<\/strong><\/p>\n<p>Fuorisalone TV \u00e8 una piattaforma streaming video creata per vivere in un nuovo modo l&#8217;esperienza del Fuorisalone e per conoscere attraverso format video tutti gli aspetti del design e della cultura del progetto. La piattaforma, parte integrante del progetto Fuorisalone Digital, sar\u00e0 online all\u2019indirizzo\u00a0www.fuorisalone.tv\u00a0dal 15 giugno e sar\u00e0 disponibile in modalit\u00e0 Live streaming dal 15 al 21 giugno e On demand ad accesso libero per i mesi successivi.<\/p>\n<p>Dal 15 al 21 giugno in un flusso video in streaming con palinsesto programmato si alterneranno live talks, documentari e video aziendali con anticipazioni di nuovi prodotti.<\/p>\n<p>Di seguito alcune anticipazioni.<\/p>\n<p>Quattro strisce quotidiane ci accompagneranno durante tutta la settimana.<\/p>\n<p>Rethink! Service Design Stories\u00a0a cura di POLI.design \u2013 Politecnico di Milano, il primo festival sul design dei servizi in Italia, torna con un&#8217;edizione speciale in un programma articolato in Live streams \u2013 interventi in diretta \u2013 e Stories on demand \u2013 interviste brevi accessibili per la durata del festival e oltre.<\/p>\n<p>Dal 16 al 20 giugno, tutti i giorni dalle 12:30 alle 13:00 e dalle 18:00 alle 19:00.<\/p>\n<p>Il senso del Design, a cura di Casa Corriere (Corriere della Sera, Abitare e Living), interviste smart ai protagonisti del design e del progetto.<\/p>\n<p>Dal 15 al 20 giugno, tutti i giorni dalle 14:30 alle 15:00.<\/p>\n<p>Talk di approfondimento sul tema \u201cUn manifesto per Milano&#8221; il 16 Giugno dalle 18:30 alle 19:30.<\/p>\n<p><strong>Design Digest\u00a0a cura di H-FARM<\/strong><\/p>\n<p>Il Design, una disciplina basata per definizione sull\u2019ascolto della societ\u00e0 e sul dare forma a visioni e strategie, si \u00e8 evoluto negli anni, allargando la conversazione progettuale anche a stakeholder in passato distanti. Ma cos\u2019\u00e8, oggi, il Design? Quali sono i nuovi campi di applicazione? Chi sono i nuovi attori coinvolti? Queste e altre sono le domande a cui il team di H-FARM prover\u00e0 a dare una risposta.<\/p>\n<p>Dal 15 al 21 giugno, tutti i giorni dalle 14:00 alle 14:30.<\/p>\n<p>Regenerate\u00a0a cura di WORTH Partnership Project tratter\u00e0 di economia circolare, produzione digitale, materiali ad alte prestazioni, innovazione sociale e artigianalit\u00e0 4.0.<\/p>\n<p>Dal 15 al 21 giugno, tutti i giorni dalle 12:00 alle 12:30.<\/p>\n<p>E ancora:<\/p>\n<p>Visionnaire Live Show\u00a0a cura di Visionnaire tre talk dedicati rispettivamente a Art, Design &amp; Uniqueness, The Ecosystem of Design, All the Beauty is yours.<\/p>\n<p>Dal 17 al 19 Giugno dalle 16:30 alle 18:00.<\/p>\n<p>The Design System must be protected. Design, for its part, must commit to redesigning the System.<\/p>\n<p>A cura di : Belgium is Design (Flanders DC, MAD Home of Creators, WBDM &#8211; Wallonie Bruxelles Design Mode).<\/p>\n<p>Una tavola rotonda moderata da Giovanna Massoni, dedicata al Belgio e al modo in cui designer e aziende riflettono sul dopo-pandemia.<\/p>\n<p>Luned\u00ec 15 dalle 18:00 alle 19:00.<\/p>\n<p>Made in Italy e globalizzazione dopo la pandemia.<\/p>\n<p>Cosa cambia per l\u2019export delle nostre imprese, e quali opportunit\u00e0 si stanno aprendo per le produzioni italiane.<\/p>\n<p>Modera: Federico Fubini (vicedirettore ad personam del Corriere della Sera)<\/p>\n<p>Intervengono: Bill Emmott (Direttore The Economist dal 1993 al 2006), Diego Piacentini (oggi Senior Advisor di KKR ed ex commissario del Governo Italiano per la Trasformazione Digitale, ex Senior Vice President di Amazon International ed ex General Manager EMEA di Apple).<\/p>\n<p>Luned\u00ec 15 dalle 11:00 alle 12:00.<\/p>\n<p>Tra i video on demand spiccano le presenze delle aziende con i video di presentazione delle novit\u00e0 di prodotto tra cui:\u00a0Artek, B&amp;B, Bisazza, CC-tapis, Cedit, Fenix, Florim, Iris FMG, Molteni&amp;C, Nilufar, Pedrali, Salvatori, Vitra, Tecno, Zanotta.<\/p>\n<p>Oltre a contributi delle scuole di design come\u00a0Politecnico di Milano, IED, IULM, Accademia Abadir e SUPER Scuola Superiore d&#8217;Arti Applicate del Castello Sforzesco e istituzioni come Fondazione Vico Magistretti, Fondazione Franco Albini, Fondazione Ordine degli architetti di Milano, Fondazione Ordine degli architetti di Torino.<\/p>\n<p>Ampio spazio viene dedicato ad una selezione di documentari:<\/p>\n<p>9999: FLORENTINE MEMOIRS (THE STORY OF THE 9999 GROUP) [Estratto da A Florentine Man di Elettra Fiumi], regia di Elettra Fiumi, prodotto da Fiumi Studios<br \/>\n#DESIGNCAPITAL, regia di Patrizio Sacc\u00f2, prodotto da Studiolabo<br \/>\nABOUTCAMBIO-FORMAFANTASMA, regia di Leone e Vittoria Elena Simone, prodotto da C41.eu<br \/>\nMARCO ALBINI-MIO PADRE FRANCO ALBINI [Estratto da I racconti di&#8230; di Fondazione Franco Albini], prodotto da Fondazione Franco Albini<br \/>\nDEEP INTO THE SURFACE, regia di Claudio Esposito su un\u2019architettura di Giovanni Vaccarini, prodotto da The Piranesi Experience<br \/>\nDESIGN IS A VERB, regia di Leftloft, prodotto da Leftloft<br \/>\nDIMMI DI VICO | PATRICIA URQUIOLA RACCONTA LO STUDIO MUSEO VICO MAGISTRETTI, regia di Francesca Molteni, prodotto da Fondazione Vico Magistretti<br \/>\nDIMMI DI VICO | STEFANO BOERI RACCONTA LO STUDIO MUSEO VICO MAGISTRETTI, regia di Francesca Molteni, prodotto da Fondazione Vico Magistretti<br \/>\nDIMMI DI VICO | GIANNI BIONDILLO, FRANCESCO LIBRIZZI E LUCA PONCELLINI RACCONTANO LO STUDIO MUSEO VICO MAGISTRETTI, regia di Daria Galli e Michela Pandolfi, prodotto da Fondazione Vico Magistretti<br \/>\nDOVE VIVONO GLI ARCHITETTI, regia di Francesca Molteni, prodotto da Muse<br \/>\nGILLO DORFLES. IN UN BICCHIER D\u2019ACQUA, regia di Francesco Clerici, prodotto da Francesco Clerici, Antonella Dedini e Silvia Robertazzi (per Milano Design Film Festival), Francesco Virga (per MIR Cinematografica)<br \/>\nIL GESTO DELLE MANI, regia di Francesco Clerici, prodotto da Velasco Vitali, Fonderia Artistica Battaglia e Francesco Clerici<br \/>\nL\u2019UOMO CHE FIRMA IL LEGNO, regia di Patrizio Sacc\u00f2, prodotto da Studiolabo<br \/>\nLIGHTNESS, regia di Francesco Fei, prodotto da Takewaygallery<br \/>\nMILANO UP DATE &#8211; 21_06_09 Porta Nuova, regia di Francesco Fei, prodotto da Apnea Film<br \/>\nTHIS IS PLASTIC, regia di Patrizio Sacc\u00f2, prodotto da Plunger Media<br \/>\nROSANNA, UN RITRATTO, regia di Francesco Clerici, prodotto da Giuseppe Raboni<br \/>\nSUPERFICIE TESSUTO CORPO, regia di Daniela De Francesco su un\u2019architettura di Giovanni Vaccarini, prodotto da The Piranesi Experience e Wisebits<br \/>\nTHE CLIMATE LIMBO, regia di Elena Brunello, Paolo Caselli e Francesco Ferri, prodotto da Dueotto Film e APS Cambalache<br \/>\nTHE NEW BAUHAUS, regia di Alysa Nahmias, prodotto da Opendox, in associazione con Ajna Films<br \/>\nDESIGN RESISTENZA, a cura di Valentina dalla Costa, Claudio Molteni e Cristina Provenzano, anticipazione in esclusiva<br \/>\nI live talk verranno sviluppati online con la regia di Superbello (www.superbello.com) e in altri casi verranno prodotti in studio negli spazi di CorriereTv e all\u2019interno della Capsula di BASE MILANO.<\/p>\n<p>Il packaging grafico di fuorisalone.tv \u00e8 stato curato e sviluppato da CromaZoo, agenzia creativa di Milano che sviluppa soluzioni originali di comunicazione integrata (www.cromazoo.com).<\/p>\n<p>Partner di Produzione dei contenuti in esclusiva della Fuorisalone TV \u00e8 Blackfish (www.blackfishfilm.it).<\/p>\n<p><strong>FUORISALONE MEETS<\/strong><\/p>\n<p>Piattaforma webinar che permette alle aziende di organizzare seminari e presentazioni sul web, con la possibilit\u00e0 per i partecipanti di intervenire da remoto. Un webinar \u00e8 un evento pubblico o privato che avviene online, \u00e8 un\u2019occasione in cui pi\u00f9 persone si ritrovano via internet nello stesso momento per discutere di un certo argomento. Oggi come non mai \u00e8 fondamentale organizzare dei webinar, per invitare e conoscere possibili futuri clienti e fruitori dei propri prodotti o servizi. Per tutto il mese di giugno la piattaforma webinar di\u00a0Fuorisalone.it\u00a0metter\u00e0 in contatto aziende con partner, clienti, rivenditori e pubblico selezionato. Questo per fare formazione, promozione e condividere le strategie con la forza vendita. Ad oggi sono previsti oltre 30 webinar che verranno pubblicati in un palinsesto pubblico dal 10 giugno.<\/p>\n<p>Fuorisalone Meets \u00e8 una piattaforma sviluppa da Procne (www.procne.it).<\/p>\n<p><strong>FUORISALONE CHINA<\/strong><\/p>\n<p><strong>\u7c73\u5170\u8bbe\u8ba1\u5468FUORISALONE<\/strong><\/p>\n<p>All\u2019universo di\u00a0Fuorisalone.it\u00a0si aggiungono due media, Wechat e Weibo, intitolati \u7c73\u5170\u8bbe\u8ba1\u5468FUORISALONE (Milano Design Week Fuorisalone) che verranno gestiti in collaborazione con Digital to Asia.<\/p>\n<p>La fondatrice, Giuliana Zagarella, ci spiega l\u2019importanza di comunicare in Cina e la scelta dei canali.<\/p>\n<p>\u201cLa percentuale di visitatori cinesi al Fuorisalone \u00e8 in costante crescita e lo \u00e8 anche il comparto dell\u2019arredamento in Cina; le potenzialit\u00e0 di sviluppo del design italiano in Cina sono evidentemente molto alte. La partnership con\u00a0Fuorisalone.it\u00a0ci permette di far conoscere e comunicare al\u00a0 meglio alla clientela cinese il design e la creativit\u00e0 italiana. Per farlo abbiamo scelto il canale Wechat e Weibo: Wechat, con i suoi 1,1 miliardi di active users al mese, \u00e8 il canale social pi\u00f9 usato dal pubblico cinese. Weibo, con i suoi circa 500 mil di active users mensili, \u00e8 un social media focalizzato sul microblogging, sugli short video e sul livestreaming, utile per comunicare con foto e short video i vari eventi che comporranno il Fuorisalone.\u201d<\/p>\n<p>Oltre ad essere strumenti di divulgazione delle attivit\u00e0 legate alla Milano Design Week, i nostri canali in Cina saranno piattaforme di comunicazione attive tutto l\u2019anno con l\u2019obiettivo di presentare i trend, le aziende e i prodotti del made in Italy. Il piano editoriale prevede anche un aspetto Academy con storia del design e le principali offerte accademiche delle universit\u00e0 milanesi. Parleremo anche di Milano, brand riconosciuto in Cina ei cui eventi e attrazioni sono altamente attrattivi.<\/p>\n<p>Lo sviluppo del piano editoriale e il lancio del canale WeChat \u00e8 possibile anche grazie a proficue partnership culturali con:<\/p>\n<p><strong>POLI.design \u2013 Politecnico di Milano<\/strong><\/p>\n<p>Il canale WeChat di POLI.design \u2013 Politecnico di Milano \u00e8 in apertura e insieme stiamo creando un piano di comunicazione per crescere insieme e dare maggior visibilit\u00e0 ai reciproci contenuti.<\/p>\n<p><strong>Yes Milano<\/strong><\/p>\n<p>Il canale WeChat di Milano ha oltre 100.000 followers e racconter\u00e0 in diretta Fuorisalone Digital con contenuti in esclusiva, uno scambio di contenuti che prevede un piano editoriale condiviso per raccontare Milano dai rispettivi punti di vista al pubblico cinese.<\/p>\n<p><strong>Dal piano A al piano @<\/strong><\/p>\n<p>Il progetto co-organizzato da Beijing Design Week e Suzhou Design Week per l\u2019anno della cultura e del turismo Italia-Cina, mira a coinvolgere le aziende italiane per la promozione in Cina attraverso canali di comunicazione digitali e tradizionali come la partecipazione organizzata al CIFF (China International Furnitures Fair) di Shangai (8-11 settembre 2020).<\/p>\n<p>I media digitali per\u00f2 sono solo una faccia dello sviluppo di\u00a0Fuorisalone.it\u00a0in Cina in quanto \u00e8 stato appena siglato un accordo di collaborazione con la\u00a0Shenzen Creative Week.<\/p>\n<p>Shenzhen \u00e8 riconosciuta come una delle capitali mondiali del design, con oltre 6.000 aziende dedicati al settore design e arredo. La Shenzhen Creative Week non \u00e8 solo una fiera, ma anche un sistema di connessioni, creativit\u00e0, scenari e innovazione, organizzata dalla Shenzhen Furniture Association, e include prodotti che spaziano dall&#8217;interno di casa e ufficio, oltre all&#8217;architettura e al design.<\/p>\n<p>La collaborazione nasce con l\u2019obiettivo di costruire un piano di sviluppo a lungo termine promuovendo attivit\u00e0 ed eventi da realizzare a Milano in occasione della Milano Design Week &#8211; Fuorisalone e a Shenzhen, in occasione della fiera. Oltre a questo l\u2019obiettivo \u00e8 sviluppare progetti durante il corso dell\u2019anno dedicati alla comunicazione, con lo sviluppo di wrkshop con designer italiani finalizzati alla creazione di un rapporto diretto con le aziende locali; produzione di mostre e installazioni legate al concetto del create in Italy basato sul lifestyle italiano; formazione con lo sviluppo di una Fuorisalone Design Academy che prevede corsi online e fisici in Cina appunto per la formazione di progettisti e aziende locali nell\u2019ambito del design.<\/p>\n","":null,"azione_cta":"","cta_style":"normal","cta_align":"left","cta":"","titolo_cta":"","modali_disponibil":false,"hubspot_id":"","prefill_campo_richiesta":""},"content_right":{"occhiello":"","title":"","title_style":"normal","text":"","":null,"azione_cta":"","cta_style":"normal","cta_align":"left","cta":null,"titolo_cta":"","modali_disponibil":false,"hubspot_id":"","prefill_campo_richiesta":""}}]},"_links":{"self":[{"href":"https:\/\/www.polidesign.net\/it\/wp-json\/wp\/v2\/eventi\/4824"}],"collection":[{"href":"https:\/\/www.polidesign.net\/it\/wp-json\/wp\/v2\/eventi"}],"about":[{"href":"https:\/\/www.polidesign.net\/it\/wp-json\/wp\/v2\/types\/eventi"}],"version-history":[{"count":0,"href":"https:\/\/www.polidesign.net\/it\/wp-json\/wp\/v2\/eventi\/4824\/revisions"}],"wp:featuredmedia":[{"embeddable":true,"href":"https:\/\/www.polidesign.net\/it\/wp-json\/wp\/v2\/media\/4825"}],"wp:attachment":[{"href":"https:\/\/www.polidesign.net\/it\/wp-json\/wp\/v2\/media?parent=4824"}],"curies":[{"name":"wp","href":"https:\/\/api.w.org\/{rel}","templated":true}]}}