{"id":6064,"date":"2019-09-22T11:43:06","date_gmt":"2019-09-22T11:43:06","guid":{"rendered":"https:\/\/staging.polidesign.net\/?post_type=eventi&#038;p=6064"},"modified":"2021-01-29T11:18:13","modified_gmt":"2021-01-29T11:18:13","slug":"bidigital-28-settembre-2019","status":"publish","type":"eventi","link":"https:\/\/www.polidesign.net\/it\/eventi\/bidigital-28-settembre-2019\/","title":{"rendered":"BIDIGITAL"},"featured_media":6065,"template":"","meta":[],"yoast_head":"<!-- This site is optimized with the Yoast SEO plugin v15.7 - https:\/\/yoast.com\/wordpress\/plugins\/seo\/ -->\n<title>BIDIGITAL &bull; POLI.design<\/title>\n<meta name=\"robots\" content=\"index, follow, max-snippet:-1, max-image-preview:large, max-video-preview:-1\" \/>\n<link rel=\"canonical\" href=\"https:\/\/www.polidesign.net\/it\/eventi\/bidigital-28-settembre-2019\/\" \/>\n<meta property=\"og:locale\" content=\"it_IT\" \/>\n<meta property=\"og:type\" content=\"article\" \/>\n<meta property=\"og:title\" content=\"BIDIGITAL &bull; POLI.design\" \/>\n<meta property=\"og:url\" content=\"https:\/\/www.polidesign.net\/it\/eventi\/bidigital-28-settembre-2019\/\" \/>\n<meta property=\"og:site_name\" content=\"POLI.design\" \/>\n<meta property=\"article:publisher\" content=\"https:\/\/www.facebook.com\/polidesignmilano\" \/>\n<meta property=\"article:modified_time\" content=\"2021-01-29T11:18:13+00:00\" \/>\n<meta property=\"og:image\" content=\"https:\/\/www.polidesign.net\/wp-content\/uploads\/2021\/01\/940x362-e1609847803610.png\" \/>\n\t<meta property=\"og:image:width\" content=\"361\" \/>\n\t<meta property=\"og:image:height\" content=\"361\" \/>\n<meta name=\"twitter:card\" content=\"summary_large_image\" \/>\n<meta name=\"twitter:site\" content=\"@POLI_design\" \/>\n<script type=\"application\/ld+json\" class=\"yoast-schema-graph\">{\"@context\":\"https:\/\/schema.org\",\"@graph\":[{\"@type\":\"Organization\",\"@id\":\"https:\/\/www.polidesign.net\/it\/#organization\",\"name\":\"POLI.design\",\"url\":\"https:\/\/www.polidesign.net\/it\/\",\"sameAs\":[\"https:\/\/www.facebook.com\/polidesignmilano\",\"https:\/\/www.instagram.com\/polidesign\/\",\"https:\/\/www.linkedin.com\/company\/polidesign-milano\",\"https:\/\/www.youtube.com\/user\/POLIdesign\",\"https:\/\/twitter.com\/POLI_design\"],\"logo\":{\"@type\":\"ImageObject\",\"@id\":\"https:\/\/www.polidesign.net\/it\/#logo\",\"inLanguage\":\"it-IT\",\"url\":\"https:\/\/www.polidesign.net\/wp-content\/uploads\/2020\/10\/Logo-Polidesign-14.svg\",\"width\":182,\"height\":36,\"caption\":\"POLI.design\"},\"image\":{\"@id\":\"https:\/\/www.polidesign.net\/it\/#logo\"}},{\"@type\":\"WebSite\",\"@id\":\"https:\/\/www.polidesign.net\/it\/#website\",\"url\":\"https:\/\/www.polidesign.net\/it\/\",\"name\":\"POLI.design\",\"description\":\"\",\"publisher\":{\"@id\":\"https:\/\/www.polidesign.net\/it\/#organization\"},\"potentialAction\":[{\"@type\":\"SearchAction\",\"target\":\"https:\/\/www.polidesign.net\/it\/?s={search_term_string}\",\"query-input\":\"required name=search_term_string\"}],\"inLanguage\":\"it-IT\"},{\"@type\":\"ImageObject\",\"@id\":\"https:\/\/www.polidesign.net\/it\/eventi\/bidigital-28-settembre-2019\/#primaryimage\",\"inLanguage\":\"it-IT\",\"url\":\"https:\/\/www.polidesign.net\/wp-content\/uploads\/2021\/01\/940x362-e1609847803610.png\",\"width\":361,\"height\":361},{\"@type\":\"WebPage\",\"@id\":\"https:\/\/www.polidesign.net\/it\/eventi\/bidigital-28-settembre-2019\/#webpage\",\"url\":\"https:\/\/www.polidesign.net\/it\/eventi\/bidigital-28-settembre-2019\/\",\"name\":\"BIDIGITAL &bull; POLI.design\",\"isPartOf\":{\"@id\":\"https:\/\/www.polidesign.net\/it\/#website\"},\"primaryImageOfPage\":{\"@id\":\"https:\/\/www.polidesign.net\/it\/eventi\/bidigital-28-settembre-2019\/#primaryimage\"},\"datePublished\":\"2019-09-22T11:43:06+00:00\",\"dateModified\":\"2021-01-29T11:18:13+00:00\",\"inLanguage\":\"it-IT\",\"potentialAction\":[{\"@type\":\"ReadAction\",\"target\":[\"https:\/\/www.polidesign.net\/it\/eventi\/bidigital-28-settembre-2019\/\"]}]}]}<\/script>\n<!-- \/ Yoast SEO plugin. -->","acf":{"tipologia_evento":[{"term_id":542,"name":"Talk","slug":"talk","term_group":0,"term_taxonomy_id":542,"taxonomy":"eventi_type","description":"Talk","parent":0,"count":176,"filter":"raw","term_order":"0"}],"relazioni":{"corso":"","area_formazione":false,"tipologia_formazione":[{"term_id":55,"name":"Master","slug":"master","term_group":0,"term_taxonomy_id":55,"taxonomy":"formazione_type","description":"Master Universitari","parent":0,"count":76,"filter":"raw","term_order":"2"}],"settore":false,"tags_poli":false,"ways_of_innovation":false,"alumni":false,"people":""},"cover_title":"  Il Master Design , Creativit\u00e0 e Pratiche sociali presente all'evento BIDIGITAL","cover_subTitle":"","cover_abstract":"","cover_image":{"ID":6065,"id":6065,"title":"940x362","filename":"940x362-e1609847803610.png","filesize":55688,"url":"https:\/\/www.polidesign.net\/wp-content\/uploads\/2021\/01\/940x362-e1609847803610.png","link":"https:\/\/www.polidesign.net\/it\/eventi\/bidigital-28-settembre-2019\/attachment\/940x362\/","alt":"","author":"39","description":"","caption":"","name":"940x362","status":"inherit","uploaded_to":6064,"date":"2021-01-05 11:47:46","modified":"2021-01-05 11:56:49","menu_order":0,"mime_type":"image\/png","type":"image","subtype":"png","icon":"https:\/\/www.polidesign.net\/wp-includes\/images\/media\/default.png","width":361,"height":361,"sizes":{"thumbnail":"https:\/\/www.polidesign.net\/wp-content\/uploads\/2021\/01\/940x362-e1609847803610-150x150.png","thumbnail-width":150,"thumbnail-height":150,"medium":"https:\/\/www.polidesign.net\/wp-content\/uploads\/2021\/01\/940x362-e1609847803610-300x300.png","medium-width":300,"medium-height":300,"medium_large":"https:\/\/www.polidesign.net\/wp-content\/uploads\/2021\/01\/940x362-e1609847803610.png","medium_large-width":361,"medium_large-height":361,"large":"https:\/\/www.polidesign.net\/wp-content\/uploads\/2021\/01\/940x362-e1609847803610.png","large-width":361,"large-height":361,"1536x1536":"https:\/\/www.polidesign.net\/wp-content\/uploads\/2021\/01\/940x362-e1609847803610.png","1536x1536-width":361,"1536x1536-height":361,"2048x2048":"https:\/\/www.polidesign.net\/wp-content\/uploads\/2021\/01\/940x362-e1609847803610.png","2048x2048-width":361,"2048x2048-height":361}},"cover_imageThumbnail":{"ID":6065,"id":6065,"title":"940x362","filename":"940x362-e1609847803610.png","filesize":55688,"url":"https:\/\/www.polidesign.net\/wp-content\/uploads\/2021\/01\/940x362-e1609847803610.png","link":"https:\/\/www.polidesign.net\/it\/eventi\/bidigital-28-settembre-2019\/attachment\/940x362\/","alt":"","author":"39","description":"","caption":"","name":"940x362","status":"inherit","uploaded_to":6064,"date":"2021-01-05 11:47:46","modified":"2021-01-05 11:56:49","menu_order":0,"mime_type":"image\/png","type":"image","subtype":"png","icon":"https:\/\/www.polidesign.net\/wp-includes\/images\/media\/default.png","width":361,"height":361,"sizes":{"thumbnail":"https:\/\/www.polidesign.net\/wp-content\/uploads\/2021\/01\/940x362-e1609847803610-150x150.png","thumbnail-width":150,"thumbnail-height":150,"medium":"https:\/\/www.polidesign.net\/wp-content\/uploads\/2021\/01\/940x362-e1609847803610-300x300.png","medium-width":300,"medium-height":300,"medium_large":"https:\/\/www.polidesign.net\/wp-content\/uploads\/2021\/01\/940x362-e1609847803610.png","medium_large-width":361,"medium_large-height":361,"large":"https:\/\/www.polidesign.net\/wp-content\/uploads\/2021\/01\/940x362-e1609847803610.png","large-width":361,"large-height":361,"1536x1536":"https:\/\/www.polidesign.net\/wp-content\/uploads\/2021\/01\/940x362-e1609847803610.png","1536x1536-width":361,"1536x1536-height":361,"2048x2048":"https:\/\/www.polidesign.net\/wp-content\/uploads\/2021\/01\/940x362-e1609847803610.png","2048x2048-width":361,"2048x2048-height":361}},"flexible":[{"acf_fc_layout":"simpleTitleText","layout_settings":{"color":"default","component_title":{"isActive":false,"testo":""}},"acfe_flexible_toggle":"","acfe_flexible_layout_title":"Simple Title + Text","numero_di_colonne":"1","content":{"occhiello":"","title":"Il Master Design , Creativit\u00e0 e Pratiche sociali presente all'evento BIDIGITAL","title_style":"normal","text":"<p><a href=\"https:\/\/www.beecode.it\/c\/bidigital-sostenibilita-design-impattosociale#descrizione\">Iscriviti all&#8217;evento\u00a0<\/a><\/p>\n<p><strong>Sabato 28 settembre 2019\u00a0parte\u00a0BIDIGITA<\/strong>L, l&#8217;evento dedicato alla formazione sul mondo del\u00a0digital, del\u00a0futuro, dell&#8217;innovazione\u00a0e dell&#8217;impatto sociale.<br \/>\nUn&#8217;intera giornata che si svolger\u00e0 presso Sellalab Biella &#8211; Lanificio Maurizio Sella e che coinvolger\u00e0 relatori, imprenditori, professionisti del settore e curiosi digitali.<br \/>\nA far parte del panel ci sar\u00e0 anche\u00a0la Prof.ssa Marina Parente,\u00a0Direttore scientifico del Master Design, Creativit\u00e0 e Pratiche Sociali\u00a0del Politecnico di Milano, gestito da POLI.design in collaborazione con Cittadellarte \u2013 Fondazione Pistoletto, che dar\u00e0 il proprio contributo sui temi che verranno affrontati durante la prima edizione del master.<br \/>\nIn partenza per febbraio 2020, il Master nasce infatti dall&#8217;unione di due competenze differenti, il design &#8211; inteso come progetto e costruzione di futuro &#8211; da una parte, e arte &#8211; come visione e capacit\u00e0 di creare connessioni &#8211; dall&#8217;altra.<br \/>\nDesign, Creativit\u00e0 e pratiche sociali\u00a0sar\u00e0 infatti il\u00a0Master Executive\u00a0che dar\u00e0 l&#8217;opportunit\u00e0 a professionisti e non, di proporre nuove soluzioni di sostenibilit\u00e0 e responsabilit\u00e0 sociale, rispondendo alle sfide contemporanee attraverso l&#8217;utilizzo delle strategie che definiscono l&#8217;intero processo progettuale, associando conoscenze tecnico-economiche.<\/p>\n<p>Scopri il master -&gt;\u00a0https:\/\/polidesign.net\/pratichesociali<\/p>\n<p><strong>Il programma<\/strong><\/p>\n<p><strong>Ore 11.20 &#8211; Speech introduttivo\u00a0<\/strong><br \/>\n\u201cLa CSR sostenibile in Italia: dati, tendenze e nuovi indicatori di misurazione\u201d<br \/>\nRoberto Orsi (Osservatorio Socialis)<\/p>\n<p>La CSR, Responsabilit\u00e0 Sociale d\u2019Impresa, \u00e8 la capacit\u00e0 di coniugare il profitto con l\u2019attenzione all\u2019ambiente e al sociale. \u00c8 una scelta imprenditoriale rivolta a ottenere dei risultati che possano arrecare benefici e vantaggi strategici all\u2019organizzazione stessa e al contesto in cui opera.<br \/>\nRoberto Orsi, Direttore di Osservatorio Socialis, descriver\u00e0 i vantaggi arrivati alle imprese italiane che hanno scelto di muoversi in questa direzione.<\/p>\n<p><strong>Ore 12.00 &#8211; Tavola rotonda<\/strong><br \/>\n\u201cSostenibilit\u00e0, design e impatto sociale: sono una risorsa per l&#8217;impresa? Esperienze di successo\u201d<br \/>\nLaura Orestano (SocialFare), Marina Parente (Politecnico di Milano), Mark Vanderbeeken (Experientia) in dialogo con Francesco Monico (Accademia UNIDEE, Istituto di alta formazione di Cittadellarte &#8211; Fondazione Pistoletto)<\/p>\n<p>La responsabilit\u00e0 sociale, ambientale ed economica oggi \u00e8 diventata un\u2019occasione di sviluppo e di crescita per le imprese. Per essere competitivi, non basta creare nuove modalit\u00e0 di produrre e vendere beni o servizi: \u00e8 necessario occuparsi dell\u2019impatto innescato da tali processi.<br \/>\nIl design per l\u2019innovazione sociale rende efficace e sostenibile l\u2019applicazione di nuove idee di prodotti, servizi e modelli e per questo rappresenta il fattore di successo delle imprese che decidono di investirvi.<br \/>\nNe parleremo con le realt\u00e0 italiane di riferimento: Experientia, SocialFare, Politecnico di Milano e Accademia UNIDEE.<\/p>\n","":null,"azione_cta":"legacyLink","cta_style":"normal","cta_align":"left","cta":"","titolo_cta":"","modali_disponibil":false,"hubspot_id":"","prefill_campo_richiesta":""},"content_right":{"occhiello":"","title":"","title_style":"normal","text":"","":null,"azione_cta":"","cta_style":"normal","cta_align":"left","cta":null,"titolo_cta":"","modali_disponibil":false,"hubspot_id":"","prefill_campo_richiesta":""}}],"people_formazione":""},"_links":{"self":[{"href":"https:\/\/www.polidesign.net\/it\/wp-json\/wp\/v2\/eventi\/6064"}],"collection":[{"href":"https:\/\/www.polidesign.net\/it\/wp-json\/wp\/v2\/eventi"}],"about":[{"href":"https:\/\/www.polidesign.net\/it\/wp-json\/wp\/v2\/types\/eventi"}],"version-history":[{"count":0,"href":"https:\/\/www.polidesign.net\/it\/wp-json\/wp\/v2\/eventi\/6064\/revisions"}],"wp:featuredmedia":[{"embeddable":true,"href":"https:\/\/www.polidesign.net\/it\/wp-json\/wp\/v2\/media\/6065"}],"wp:attachment":[{"href":"https:\/\/www.polidesign.net\/it\/wp-json\/wp\/v2\/media?parent=6064"}],"curies":[{"name":"wp","href":"https:\/\/api.w.org\/{rel}","templated":true}]}}