{"id":6461,"date":"2019-09-30T10:48:56","date_gmt":"2019-09-30T10:48:56","guid":{"rendered":"https:\/\/staging.polidesign.net\/?post_type=eventi&#038;p=6461"},"modified":"2021-02-02T22:41:38","modified_gmt":"2021-02-02T22:41:38","slug":"rethink-service-design-stories-2","status":"publish","type":"eventi","link":"https:\/\/www.polidesign.net\/it\/eventi\/rethink-service-design-stories-2\/","title":{"rendered":"Rethink! Service Design Stories"},"featured_media":6462,"template":"","meta":[],"yoast_head":"<!-- This site is optimized with the Yoast SEO plugin v15.7 - https:\/\/yoast.com\/wordpress\/plugins\/seo\/ -->\n<title>Rethink! Service Design Stories &bull; POLI.design<\/title>\n<meta name=\"robots\" content=\"index, follow, max-snippet:-1, max-image-preview:large, max-video-preview:-1\" \/>\n<link rel=\"canonical\" href=\"https:\/\/www.polidesign.net\/it\/eventi\/rethink-service-design-stories-2\/\" \/>\n<meta property=\"og:locale\" content=\"it_IT\" \/>\n<meta property=\"og:type\" content=\"article\" \/>\n<meta property=\"og:title\" content=\"Rethink! Service Design Stories &bull; POLI.design\" \/>\n<meta property=\"og:url\" content=\"https:\/\/www.polidesign.net\/it\/eventi\/rethink-service-design-stories-2\/\" \/>\n<meta property=\"og:site_name\" content=\"POLI.design\" \/>\n<meta property=\"article:publisher\" content=\"https:\/\/www.facebook.com\/polidesignmilano\" \/>\n<meta property=\"article:modified_time\" content=\"2021-02-02T22:41:38+00:00\" \/>\n<meta property=\"og:image\" content=\"https:\/\/www.polidesign.net\/wp-content\/uploads\/2021\/01\/190909-R1910-940x268-1.jpg\" \/>\n\t<meta property=\"og:image:width\" content=\"940\" \/>\n\t<meta property=\"og:image:height\" content=\"268\" \/>\n<meta name=\"twitter:card\" content=\"summary_large_image\" \/>\n<meta name=\"twitter:site\" content=\"@POLI_design\" \/>\n<script type=\"application\/ld+json\" class=\"yoast-schema-graph\">{\"@context\":\"https:\/\/schema.org\",\"@graph\":[{\"@type\":\"Organization\",\"@id\":\"https:\/\/www.polidesign.net\/it\/#organization\",\"name\":\"POLI.design\",\"url\":\"https:\/\/www.polidesign.net\/it\/\",\"sameAs\":[\"https:\/\/www.facebook.com\/polidesignmilano\",\"https:\/\/www.instagram.com\/polidesign\/\",\"https:\/\/www.linkedin.com\/company\/polidesign-milano\",\"https:\/\/www.youtube.com\/user\/POLIdesign\",\"https:\/\/twitter.com\/POLI_design\"],\"logo\":{\"@type\":\"ImageObject\",\"@id\":\"https:\/\/www.polidesign.net\/it\/#logo\",\"inLanguage\":\"it-IT\",\"url\":\"https:\/\/www.polidesign.net\/wp-content\/uploads\/2020\/10\/Logo-Polidesign-14.svg\",\"width\":182,\"height\":36,\"caption\":\"POLI.design\"},\"image\":{\"@id\":\"https:\/\/www.polidesign.net\/it\/#logo\"}},{\"@type\":\"WebSite\",\"@id\":\"https:\/\/www.polidesign.net\/it\/#website\",\"url\":\"https:\/\/www.polidesign.net\/it\/\",\"name\":\"POLI.design\",\"description\":\"\",\"publisher\":{\"@id\":\"https:\/\/www.polidesign.net\/it\/#organization\"},\"potentialAction\":[{\"@type\":\"SearchAction\",\"target\":\"https:\/\/www.polidesign.net\/it\/?s={search_term_string}\",\"query-input\":\"required name=search_term_string\"}],\"inLanguage\":\"it-IT\"},{\"@type\":\"ImageObject\",\"@id\":\"https:\/\/www.polidesign.net\/it\/eventi\/rethink-service-design-stories-2\/#primaryimage\",\"inLanguage\":\"it-IT\",\"url\":\"https:\/\/www.polidesign.net\/wp-content\/uploads\/2021\/01\/190909-R1910-940x268-1.jpg\",\"width\":940,\"height\":268},{\"@type\":\"WebPage\",\"@id\":\"https:\/\/www.polidesign.net\/it\/eventi\/rethink-service-design-stories-2\/#webpage\",\"url\":\"https:\/\/www.polidesign.net\/it\/eventi\/rethink-service-design-stories-2\/\",\"name\":\"Rethink! Service Design Stories &bull; POLI.design\",\"isPartOf\":{\"@id\":\"https:\/\/www.polidesign.net\/it\/#website\"},\"primaryImageOfPage\":{\"@id\":\"https:\/\/www.polidesign.net\/it\/eventi\/rethink-service-design-stories-2\/#primaryimage\"},\"datePublished\":\"2019-09-30T10:48:56+00:00\",\"dateModified\":\"2021-02-02T22:41:38+00:00\",\"inLanguage\":\"it-IT\",\"potentialAction\":[{\"@type\":\"ReadAction\",\"target\":[\"https:\/\/www.polidesign.net\/it\/eventi\/rethink-service-design-stories-2\/\"]}]}]}<\/script>\n<!-- \/ Yoast SEO plugin. -->","acf":{"tipologia_evento":[{"term_id":542,"name":"Talk","slug":"talk","term_group":0,"term_taxonomy_id":542,"taxonomy":"eventi_type","description":"Talk","parent":0,"count":176,"filter":"raw","term_order":"0"}],"relazioni":{"relazioni":{"corso":"","area_formazione":false,"tipologia_formazione":false,"settore":false,"tags_poli":[{"term_id":563,"name":"International","slug":"international","term_group":0,"term_taxonomy_id":563,"taxonomy":"settore_POLI","description":"","parent":0,"count":45,"filter":"raw","term_order":"0"}],"ways_of_innovation":false,"alumni":false,"people":""}},"cover_title":"Rethink! The new green (city) deal. Regenerative urban development","cover_subTitle":"","cover_abstract":"","cover_image":{"ID":6462,"id":6462,"title":"190909 R1910 - 940x268","filename":"190909-R1910-940x268-1.jpg","filesize":47674,"url":"https:\/\/www.polidesign.net\/wp-content\/uploads\/2021\/01\/190909-R1910-940x268-1.jpg","link":"https:\/\/www.polidesign.net\/it\/eventi\/rethink-service-design-stories-2\/attachment\/190909-r1910-940x268\/","alt":"","author":"39","description":"","caption":"","name":"190909-r1910-940x268","status":"inherit","uploaded_to":6461,"date":"2021-01-07 10:42:45","modified":"2021-01-07 10:42:45","menu_order":0,"mime_type":"image\/jpeg","type":"image","subtype":"jpeg","icon":"https:\/\/www.polidesign.net\/wp-includes\/images\/media\/default.png","width":940,"height":268,"sizes":{"thumbnail":"https:\/\/www.polidesign.net\/wp-content\/uploads\/2021\/01\/190909-R1910-940x268-1-150x150.jpg","thumbnail-width":150,"thumbnail-height":150,"medium":"https:\/\/www.polidesign.net\/wp-content\/uploads\/2021\/01\/190909-R1910-940x268-1-300x86.jpg","medium-width":300,"medium-height":86,"medium_large":"https:\/\/www.polidesign.net\/wp-content\/uploads\/2021\/01\/190909-R1910-940x268-1-768x219.jpg","medium_large-width":768,"medium_large-height":219,"large":"https:\/\/www.polidesign.net\/wp-content\/uploads\/2021\/01\/190909-R1910-940x268-1.jpg","large-width":940,"large-height":268,"1536x1536":"https:\/\/www.polidesign.net\/wp-content\/uploads\/2021\/01\/190909-R1910-940x268-1.jpg","1536x1536-width":940,"1536x1536-height":268,"2048x2048":"https:\/\/www.polidesign.net\/wp-content\/uploads\/2021\/01\/190909-R1910-940x268-1.jpg","2048x2048-width":940,"2048x2048-height":268}},"cover_imageThumbnail":{"ID":6462,"id":6462,"title":"190909 R1910 - 940x268","filename":"190909-R1910-940x268-1.jpg","filesize":47674,"url":"https:\/\/www.polidesign.net\/wp-content\/uploads\/2021\/01\/190909-R1910-940x268-1.jpg","link":"https:\/\/www.polidesign.net\/it\/eventi\/rethink-service-design-stories-2\/attachment\/190909-r1910-940x268\/","alt":"","author":"39","description":"","caption":"","name":"190909-r1910-940x268","status":"inherit","uploaded_to":6461,"date":"2021-01-07 10:42:45","modified":"2021-01-07 10:42:45","menu_order":0,"mime_type":"image\/jpeg","type":"image","subtype":"jpeg","icon":"https:\/\/www.polidesign.net\/wp-includes\/images\/media\/default.png","width":940,"height":268,"sizes":{"thumbnail":"https:\/\/www.polidesign.net\/wp-content\/uploads\/2021\/01\/190909-R1910-940x268-1-150x150.jpg","thumbnail-width":150,"thumbnail-height":150,"medium":"https:\/\/www.polidesign.net\/wp-content\/uploads\/2021\/01\/190909-R1910-940x268-1-300x86.jpg","medium-width":300,"medium-height":86,"medium_large":"https:\/\/www.polidesign.net\/wp-content\/uploads\/2021\/01\/190909-R1910-940x268-1-768x219.jpg","medium_large-width":768,"medium_large-height":219,"large":"https:\/\/www.polidesign.net\/wp-content\/uploads\/2021\/01\/190909-R1910-940x268-1.jpg","large-width":940,"large-height":268,"1536x1536":"https:\/\/www.polidesign.net\/wp-content\/uploads\/2021\/01\/190909-R1910-940x268-1.jpg","1536x1536-width":940,"1536x1536-height":268,"2048x2048":"https:\/\/www.polidesign.net\/wp-content\/uploads\/2021\/01\/190909-R1910-940x268-1.jpg","2048x2048-width":940,"2048x2048-height":268}},"flexible":[{"acf_fc_layout":"simpleTitleText","layout_settings":{"color":"default","component_title":{"isActive":false,"testo":""}},"acfe_flexible_toggle":"","acfe_flexible_layout_title":"Simple Title + Text","numero_di_colonne":"1","content":{"occhiello":"","title":"Rethink! Service Design Stories <br \/>\r\nTHE NEW GREEN (CITY) DEAL<br \/>\r\nREGENERATIVE URBAN DEVELOPMENT","title_style":"normal","text":"<p><strong>Torna RETHINK! Service Design Stories: il primo festival italiano dedicato al Service Design.<\/strong><br \/>\n<strong>Un pomeriggio dedicato alle nuove prospettive nel campo dei servizi per le citt\u00e0 ecosostenibili.\u00a0<\/strong><br \/>\n<strong>\u00a0<\/strong><br \/>\n<strong>Sabato 5 Ottobre 2019 &#8211; h. 15.00 &#8211; 18.30<\/strong><br \/>\n<strong>Fondazione Giangiacomo Feltrinelli\u00a0<\/strong><br \/>\n<strong>Viale Pasubio, 5 Milano<\/strong><br \/>\n<strong>Website:\u00a0www.rethinkfestival.it\u00a0<\/strong><\/p>\n","":null,"azione_cta":"","cta_style":"normal","cta_align":"left","cta":"","titolo_cta":"","modali_disponibil":false,"hubspot_id":"","prefill_campo_richiesta":""},"content_right":{"occhiello":"","title":"","title_style":"normal","text":"","":null,"azione_cta":"","cta_style":"normal","cta_align":"left","cta":null,"titolo_cta":"","modali_disponibil":false,"hubspot_id":"","prefill_campo_richiesta":""}},{"acf_fc_layout":"videoPlayer","layout_settings":{"color":"default","component_title":{"isActive":false,"testo":""}},"acfe_flexible_toggle":"","acfe_flexible_layout_title":"Video Player","youtube_video_url":"<iframe title=\"The new green (city) deal | Rethink 2019\" width=\"640\" height=\"360\" src=\"https:\/\/www.youtube.com\/embed\/YxylyUrrdKs?feature=oembed\" frameborder=\"0\" allow=\"accelerometer; autoplay; clipboard-write; encrypted-media; gyroscope; picture-in-picture; web-share\" referrerpolicy=\"strict-origin-when-cross-origin\" allowfullscreen><\/iframe>"},{"acf_fc_layout":"simpleTitleText","layout_settings":{"color":"default","component_title":{"isActive":false,"testo":""}},"acfe_flexible_toggle":"","acfe_flexible_layout_title":"Simple Title + Text","numero_di_colonne":"1","content":{"occhiello":"","title":"","title_style":"normal","text":"<p>Riconfermando la propria presenza all\u2019interno del palinsesto dei\u00a0Brera Design Days, torna \u201cRethink! Service Design Stories\u201d, il primo festival italiano dedicato al service design che riunisce progettisti, imprese e istituzioni per promuovere la crescita di una cultura critica sul tema dell&#8217;innovazione dei servizi.<\/p>\n<p>\u201c<strong>The new green (city) deal. Regenerative urban development<\/strong>\u201d \u00e8 il titolo di questo nuovo appuntamento che si terr\u00e0 il\u00a05 ottobre\u00a0presso\u00a0Fondazione Giangiacomo Feltrinelli a Milano a partire dalle ore 15.00. Relatori e professionisti provenienti da tutto il mondo discuteranno del\u00a0capitale naturale, inteso come leva strategica per generare nuove prospettive nel campo dei servizi per le citt\u00e0 ecosostenibili aprendo nuove visioni rispetto alla costruzione di centri urbani e metropoli sempre pi\u00f9 green e attenti all\u2019impatto ambientale.<\/p>\n<p>Come comunicare e promuovere iniziative concrete per far fronte alla sfida urgente che il cambiamento climatico impone? Come policy maker, manager, designer, cittadini possono contribuire a ri-progettare processi, prodotti e servizi per le metropoli? La creazione di un nuovo modello di citt\u00e0 sostenibile in risposta al cambiamento climatico sar\u00e0 il filo conduttore del dibattito per immaginare una citt\u00e0 che sia resiliente e rigenerativa. E saranno proprio resilienza ed economia circolare i temi al centro della discussione da cui emergeranno visioni, approcci e case study in grado di delineare le nuove traiettorie progettuali sul tema.<\/p>\n<p><strong>Rethink! \u00e8 promosso da\u00a0POLI.design &#8211; Politecnico di Milano\u00a0e dalla sua\u00a0Service Innovation Academy\u00a0e fa parte dei\u00a0Brera Design Days 2019.<\/strong><\/p>\n<p><strong>Founder Partner dell\u2019iniziativa \u00e8\u00a0PwC Italia.<\/strong><br \/>\n<strong>Partner,\u00a0Digital Entity,\u00a0H-FARM\u00a0e\u00a0Logotel<\/strong><br \/>\n<strong>Media Partner\u00a0Brera Design District\u00a0e\u00a0Studiolabo<\/strong><br \/>\n<strong>Patrocinio di\u00a0Regione Lombardia\u00a0e\u00a0Camera di Commercio Milano Monza Brianza Lodi<\/strong><br \/>\n<strong>Con il sostegno del\u00a0Dipartimento di Design del Politecnico di Milano<\/strong><\/p>\n<p>L\u2019evento \u00e8 in lingua inglese<br \/>\nIngresso gratuito fino ad esaurimento posti su eventbrite al link:<br \/>\nhttps:\/\/www.eventbrite.it\/e\/biglietti-brera-design-days-2019-71270890151<\/p>\n<blockquote class=\"wp-embedded-content\" data-secret=\"AUiUFFLRkM\"><p><a href=\"http:\/\/rethinkfestival.it\/\">Home<\/a><\/p><\/blockquote>\n<p><iframe class=\"wp-embedded-content\" sandbox=\"allow-scripts\" security=\"restricted\" style=\"position: absolute; clip: rect(1px, 1px, 1px, 1px);\" title=\"&#8220;Home&#8221; &#8212; Rethink!\" src=\"http:\/\/rethinkfestival.it\/embed\/#?secret=AUiUFFLRkM\" data-secret=\"AUiUFFLRkM\" width=\"500\" height=\"282\" frameborder=\"0\" marginwidth=\"0\" marginheight=\"0\" scrolling=\"no\"><\/iframe><\/p>\n<p>&#8212;&#8212;&#8212;&#8212;&#8212;&#8212;&#8212;&#8212;&#8212;&#8212;&#8212;&#8212;&#8212;-<\/p>\n<p>&nbsp;<\/p>\n<p><strong>Il programma<\/strong><\/p>\n<p><strong>Sabato 5 Ottobre 2019 &#8211; h. 15.00 &#8211; 18.30<\/strong><br \/>\nFondazione Giangiacomo Feltrinelli<br \/>\nViale Pasubio, 5 Milano<br \/>\nIngresso libero con registrazione obbligatoria<\/p>\n<p><strong>15:00 \u2013 15:30<\/strong>:\u00a0Accredito e Benvenuto<\/p>\n<p><strong>15:30 \u2013 16:15<\/strong> (45 min):\u00a0Capitale naturale e citt\u00e0 sostenibili: il caso in Greater Manchester<br \/>\nKeynote Speaker: Krista Patrick,\u00a0Coordinatore del Capitale Naturale presso la Greater Manchester Combined Authority<\/p>\n<p><strong>16:15 \u2013 16:55 (40 min.)<\/strong>:\u00a0Domande aperte degli esperti di progettazione dei servizi a cura di DIGITAL ENTITY, H-FARM, LOGOTEL e PwC<br \/>\nCristina Favini,\u00a0Strategist and Manager of Design &#8211; Logotel<br \/>\nAntonio Grillo,\u00a0UX and Service Design Director &#8211; Digital Entity<br \/>\nTommaso Nervegna,\u00a0Service Design Lead &#8211; PwC<br \/>\nLorenzo Ruggieri,\u00a0Design Manager &#8211; H-FARM<\/p>\n<p><strong>17:00 \u2013 17:50 (50 min)<\/strong>:\u00a0Progettazione di strategie e servizi per citt\u00e0 ecosostenibili<br \/>\nKrista Patrick,\u00a0Coordinatore del Capitale Naturale presso la Greater Manchester Combined Authority<br \/>\nPiero Pelizzaro,\u00a0Direttore Citt\u00e0 Resilienti Comune di Milano<br \/>\nMaria Chiara Pastore,\u00a0DASTU Politecnico di Milano<br \/>\nLivia Shamir,\u00a0Ricercatrice Senior Studio Boeri Architetti<br \/>\nMarco Frey,\u00a0Professore Ordinario Scuola Superiore Sant\u2019Anna di Pisa<br \/>\nNatalia Marzia Gusmerotti,\u00a0Ricercatrice Scuola Superiore Sant\u2019Anna di Pisa<\/p>\n<p><strong>Modera la giornata<\/strong>:<br \/>\nGuido Romeo,\u00a0giornalista d\u2019impresa e innovazione<\/p>\n<p><strong>17:50 \u2013 18:30<\/strong>:\u00a0Chiusura lavori ed aperitivo di networking<\/p>\n","":null,"azione_cta":"","cta_style":"normal","cta_align":"left","cta":"","titolo_cta":"","modali_disponibil":false,"hubspot_id":"","prefill_campo_richiesta":""},"content_right":{"occhiello":"","title":"","title_style":"normal","text":"","":null,"azione_cta":"","cta_style":"normal","cta_align":"left","cta":null,"titolo_cta":"","modali_disponibil":false,"hubspot_id":"","prefill_campo_richiesta":""}}]},"_links":{"self":[{"href":"https:\/\/www.polidesign.net\/it\/wp-json\/wp\/v2\/eventi\/6461"}],"collection":[{"href":"https:\/\/www.polidesign.net\/it\/wp-json\/wp\/v2\/eventi"}],"about":[{"href":"https:\/\/www.polidesign.net\/it\/wp-json\/wp\/v2\/types\/eventi"}],"version-history":[{"count":0,"href":"https:\/\/www.polidesign.net\/it\/wp-json\/wp\/v2\/eventi\/6461\/revisions"}],"wp:featuredmedia":[{"embeddable":true,"href":"https:\/\/www.polidesign.net\/it\/wp-json\/wp\/v2\/media\/6462"}],"wp:attachment":[{"href":"https:\/\/www.polidesign.net\/it\/wp-json\/wp\/v2\/media?parent=6461"}],"curies":[{"name":"wp","href":"https:\/\/api.w.org\/{rel}","templated":true}]}}