{"id":77676,"date":"2023-06-21T12:26:40","date_gmt":"2023-06-21T12:26:40","guid":{"rendered":"https:\/\/www.polidesign.net\/?post_type=eventi&#038;p=77676"},"modified":"2023-06-30T07:42:26","modified_gmt":"2023-06-30T07:42:26","slug":"poli-design-e-camera-di-commercio-messicana","status":"publish","type":"eventi","link":"https:\/\/www.polidesign.net\/it\/eventi\/poli-design-e-camera-di-commercio-messicana\/","title":{"rendered":"POLI.design e Camera di Commercio Messicana"},"featured_media":77708,"template":"","meta":[],"yoast_head":"<!-- This site is optimized with the Yoast SEO plugin v15.7 - https:\/\/yoast.com\/wordpress\/plugins\/seo\/ -->\n<title>POLI.design e Camera di Commercio Messicana &bull; POLI.design<\/title>\n<meta name=\"robots\" content=\"index, follow, max-snippet:-1, max-image-preview:large, max-video-preview:-1\" \/>\n<link rel=\"canonical\" href=\"https:\/\/www.polidesign.net\/it\/eventi\/poli-design-e-camera-di-commercio-messicana\/\" \/>\n<meta property=\"og:locale\" content=\"it_IT\" \/>\n<meta property=\"og:type\" content=\"article\" \/>\n<meta property=\"og:title\" content=\"POLI.design e Camera di Commercio Messicana &bull; POLI.design\" \/>\n<meta property=\"og:url\" content=\"https:\/\/www.polidesign.net\/it\/eventi\/poli-design-e-camera-di-commercio-messicana\/\" \/>\n<meta property=\"og:site_name\" content=\"POLI.design\" \/>\n<meta property=\"article:publisher\" content=\"https:\/\/www.facebook.com\/polidesignmilano\" \/>\n<meta property=\"article:modified_time\" content=\"2023-06-30T07:42:26+00:00\" \/>\n<meta property=\"og:image\" content=\"https:\/\/www.polidesign.net\/wp-content\/uploads\/2023\/06\/POLI.design-MAsterclass-in-messico.png\" \/>\n\t<meta property=\"og:image:width\" content=\"1080\" \/>\n\t<meta property=\"og:image:height\" content=\"1080\" \/>\n<meta name=\"twitter:card\" content=\"summary_large_image\" \/>\n<meta name=\"twitter:site\" content=\"@POLI_design\" \/>\n<script type=\"application\/ld+json\" class=\"yoast-schema-graph\">{\"@context\":\"https:\/\/schema.org\",\"@graph\":[{\"@type\":\"Organization\",\"@id\":\"https:\/\/www.polidesign.net\/it\/#organization\",\"name\":\"POLI.design\",\"url\":\"https:\/\/www.polidesign.net\/it\/\",\"sameAs\":[\"https:\/\/www.facebook.com\/polidesignmilano\",\"https:\/\/www.instagram.com\/polidesign\/\",\"https:\/\/www.linkedin.com\/company\/polidesign-milano\",\"https:\/\/www.youtube.com\/user\/POLIdesign\",\"https:\/\/twitter.com\/POLI_design\"],\"logo\":{\"@type\":\"ImageObject\",\"@id\":\"https:\/\/www.polidesign.net\/it\/#logo\",\"inLanguage\":\"it-IT\",\"url\":\"https:\/\/www.polidesign.net\/wp-content\/uploads\/2020\/10\/Logo-Polidesign-14.svg\",\"width\":182,\"height\":36,\"caption\":\"POLI.design\"},\"image\":{\"@id\":\"https:\/\/www.polidesign.net\/it\/#logo\"}},{\"@type\":\"WebSite\",\"@id\":\"https:\/\/www.polidesign.net\/it\/#website\",\"url\":\"https:\/\/www.polidesign.net\/it\/\",\"name\":\"POLI.design\",\"description\":\"\",\"publisher\":{\"@id\":\"https:\/\/www.polidesign.net\/it\/#organization\"},\"potentialAction\":[{\"@type\":\"SearchAction\",\"target\":\"https:\/\/www.polidesign.net\/it\/?s={search_term_string}\",\"query-input\":\"required name=search_term_string\"}],\"inLanguage\":\"it-IT\"},{\"@type\":\"ImageObject\",\"@id\":\"https:\/\/www.polidesign.net\/it\/eventi\/poli-design-e-camera-di-commercio-messicana\/#primaryimage\",\"inLanguage\":\"it-IT\",\"url\":\"https:\/\/www.polidesign.net\/wp-content\/uploads\/2023\/06\/POLI.design-MAsterclass-in-messico.png\",\"width\":1080,\"height\":1080,\"caption\":\"POLI.design MAsterclass in messico\"},{\"@type\":\"WebPage\",\"@id\":\"https:\/\/www.polidesign.net\/it\/eventi\/poli-design-e-camera-di-commercio-messicana\/#webpage\",\"url\":\"https:\/\/www.polidesign.net\/it\/eventi\/poli-design-e-camera-di-commercio-messicana\/\",\"name\":\"POLI.design e Camera di Commercio Messicana &bull; POLI.design\",\"isPartOf\":{\"@id\":\"https:\/\/www.polidesign.net\/it\/#website\"},\"primaryImageOfPage\":{\"@id\":\"https:\/\/www.polidesign.net\/it\/eventi\/poli-design-e-camera-di-commercio-messicana\/#primaryimage\"},\"datePublished\":\"2023-06-21T12:26:40+00:00\",\"dateModified\":\"2023-06-30T07:42:26+00:00\",\"inLanguage\":\"it-IT\",\"potentialAction\":[{\"@type\":\"ReadAction\",\"target\":[\"https:\/\/www.polidesign.net\/it\/eventi\/poli-design-e-camera-di-commercio-messicana\/\"]}]}]}<\/script>\n<!-- \/ Yoast SEO plugin. -->","acf":{"tipologia_evento":[{"term_id":573,"name":"Masterclass","slug":"masterclass","term_group":0,"term_taxonomy_id":573,"taxonomy":"eventi_type","description":"","parent":0,"count":18,"filter":"raw","term_order":"0"}],"relazioni":{"corso":[{"ID":3478,"post_author":"37","post_date":"2021-01-09 17:35:27","post_date_gmt":"2021-01-09 17:35:27","post_content":"","post_title":"Premium Design Management","post_excerpt":"","post_status":"publish","comment_status":"closed","ping_status":"closed","post_password":"","post_name":"premium-design-management","to_ping":"","pinged":"","post_modified":"2026-03-02 12:48:28","post_modified_gmt":"2026-03-02 12:48:28","post_content_filtered":"","post_parent":0,"guid":"https:\/\/wordpress-217325-1566182.cloudwaysapps.com\/?post_type=formazione&#038;p=3478","menu_order":65,"post_type":"formazione","post_mime_type":"","comment_count":"0","filter":"raw"},{"ID":3662,"post_author":"37","post_date":"2021-01-10 16:10:40","post_date_gmt":"2021-01-10 16:10:40","post_content":"","post_title":"Design for food","post_excerpt":"","post_status":"publish","comment_status":"closed","ping_status":"closed","post_password":"","post_name":"design-for-food","to_ping":"","pinged":"","post_modified":"2026-04-23 10:34:03","post_modified_gmt":"2026-04-23 10:34:03","post_content_filtered":"","post_parent":0,"guid":"https:\/\/wordpress-217325-1566182.cloudwaysapps.com\/?post_type=formazione&#038;p=3662","menu_order":58,"post_type":"formazione","post_mime_type":"","comment_count":"0","filter":"raw"},{"ID":36875,"post_author":"1434","post_date":"2022-01-27 09:34:45","post_date_gmt":"2022-01-27 09:34:45","post_content":"","post_title":"Master in Sensorial Surface Design: Color, Material and Finish design for interiors and furniture","post_excerpt":"","post_status":"publish","comment_status":"closed","ping_status":"closed","post_password":"","post_name":"sensorial-surface-design-color-material-and-finish-design-for-interiors-and-furniture","to_ping":"","pinged":"","post_modified":"2026-04-20 18:17:11","post_modified_gmt":"2026-04-20 18:17:11","post_content_filtered":"","post_parent":0,"guid":"https:\/\/www.polidesign.net\/?post_type=formazione&#038;p=36875","menu_order":62,"post_type":"formazione","post_mime_type":"","comment_count":"0","filter":"raw"}],"area_formazione":false,"tipologia_formazione":false,"settore":false,"tags_poli":false,"ways_of_innovation":false,"alumni":false,"people":""},"cover_title":"POLI.design e Camera di Commercio Messicana","cover_subTitle":"Tre imperdibili Masterclass in Sensorial Surface Design, Design for Food e Premium Design Management","cover_abstract":"","cover_image":{"ID":77701,"id":77701,"title":"Masterclasses polidesign x camera commercio messicana","filename":"Grafica-x-News.png","filesize":417612,"url":"https:\/\/www.polidesign.net\/wp-content\/uploads\/2023\/06\/Grafica-x-News.png","link":"https:\/\/www.polidesign.net\/it\/eventi\/poli-design-e-camera-di-commercio-messicana\/attachment\/grafica-x-news\/","alt":"Masterclasses polidesign x camera commercio messicana","author":"6056","description":"","caption":"","name":"grafica-x-news","status":"inherit","uploaded_to":77676,"date":"2023-06-21 12:47:45","modified":"2023-06-21 12:48:42","menu_order":0,"mime_type":"image\/png","type":"image","subtype":"png","icon":"https:\/\/www.polidesign.net\/wp-includes\/images\/media\/default.png","width":1080,"height":1080,"sizes":{"thumbnail":"https:\/\/www.polidesign.net\/wp-content\/uploads\/2023\/06\/Grafica-x-News-150x150.png","thumbnail-width":150,"thumbnail-height":150,"medium":"https:\/\/www.polidesign.net\/wp-content\/uploads\/2023\/06\/Grafica-x-News-300x300.png","medium-width":300,"medium-height":300,"medium_large":"https:\/\/www.polidesign.net\/wp-content\/uploads\/2023\/06\/Grafica-x-News-768x768.png","medium_large-width":768,"medium_large-height":768,"large":"https:\/\/www.polidesign.net\/wp-content\/uploads\/2023\/06\/Grafica-x-News-1024x1024.png","large-width":1024,"large-height":1024,"1536x1536":"https:\/\/www.polidesign.net\/wp-content\/uploads\/2023\/06\/Grafica-x-News.png","1536x1536-width":1080,"1536x1536-height":1080,"2048x2048":"https:\/\/www.polidesign.net\/wp-content\/uploads\/2023\/06\/Grafica-x-News.png","2048x2048-width":1080,"2048x2048-height":1080}},"cover_imageThumbnail":{"ID":77708,"id":77708,"title":"POLI.design MAsterclass in messico","filename":"POLI.design-MAsterclass-in-messico.png","filesize":422312,"url":"https:\/\/www.polidesign.net\/wp-content\/uploads\/2023\/06\/POLI.design-MAsterclass-in-messico.png","link":"https:\/\/www.polidesign.net\/it\/eventi\/poli-design-e-camera-di-commercio-messicana\/attachment\/poli-design-masterclass-in-messico-2\/","alt":"POLI.design MAsterclass in messico","author":"6056","description":"","caption":"","name":"poli-design-masterclass-in-messico-2","status":"inherit","uploaded_to":77676,"date":"2023-06-21 13:02:44","modified":"2023-06-21 13:03:14","menu_order":0,"mime_type":"image\/png","type":"image","subtype":"png","icon":"https:\/\/www.polidesign.net\/wp-includes\/images\/media\/default.png","width":1080,"height":1080,"sizes":{"thumbnail":"https:\/\/www.polidesign.net\/wp-content\/uploads\/2023\/06\/POLI.design-MAsterclass-in-messico-150x150.png","thumbnail-width":150,"thumbnail-height":150,"medium":"https:\/\/www.polidesign.net\/wp-content\/uploads\/2023\/06\/POLI.design-MAsterclass-in-messico-300x300.png","medium-width":300,"medium-height":300,"medium_large":"https:\/\/www.polidesign.net\/wp-content\/uploads\/2023\/06\/POLI.design-MAsterclass-in-messico-768x768.png","medium_large-width":768,"medium_large-height":768,"large":"https:\/\/www.polidesign.net\/wp-content\/uploads\/2023\/06\/POLI.design-MAsterclass-in-messico-1024x1024.png","large-width":1024,"large-height":1024,"1536x1536":"https:\/\/www.polidesign.net\/wp-content\/uploads\/2023\/06\/POLI.design-MAsterclass-in-messico.png","1536x1536-width":1080,"1536x1536-height":1080,"2048x2048":"https:\/\/www.polidesign.net\/wp-content\/uploads\/2023\/06\/POLI.design-MAsterclass-in-messico.png","2048x2048-width":1080,"2048x2048-height":1080}},"flexible":[{"acf_fc_layout":"simpleTitleText","layout_settings":{"color":"default","component_title":{"isActive":false,"testo":""}},"acfe_flexible_toggle":"","acfe_flexible_layout_title":"Simple Title + Text","numero_di_colonne":"1","content":{"occhiello":"","title":"","title_style":"normal","text":"<p>I giorni 4, 5 e 11 luglio <strong>POLI.design<\/strong> e la <strong>Camera di Commercio Italiana in Messico <\/strong>hanno organizzato tre Masterclass legate tematiche di rilievo trattate all&#8217;interno dei Master: <a title=\"Master in Sensorial Surface Design Milano\" href=\"https:\/\/www.polidesign.net\/it\/formazione\/interior-design-and-architecture\/master--sensorial-surface-design-color-material-and-finish-design-for-interiors-and-furniture\/\"><strong>Sensorial Surface Design<\/strong><\/a>, <a title=\"Master in Design for Food Milano\" href=\"https:\/\/www.polidesign.net\/it\/formazione\/business-design\/master--design-for-food\/\"><strong>Design for Food<\/strong><\/a> e <a title=\"Master in Premium Design Milano\" href=\"https:\/\/www.polidesign.net\/it\/formazione\/business-design\/master--premium-design-management\/\"><strong>Premium Design Management<\/strong>.<\/a><\/p>\n<p>Grazie agli interventi dei Direttori Scientifici dei <strong>Master di POLI.design<\/strong>, che presenteranno in lingua inglese, le tre Masterclass saranno un\u2019occasione unica di esplorare e approfondire in anteprima alcune tra le tematiche pi\u00f9 attuali legate al mondo del <strong>Design Italiano<\/strong>, trattate estensivamente all\u2019interno dei prodotti formativi.<\/p>\n<p>Il progetto nasce dal desiderio di avvicinare il mondo messicano al <strong>Design Made in Italy<\/strong> ed incentivare gli studenti ad intraprendere percorsi universitari o postuniversitari presso le universit\u00e0 italiane, tra le pi\u00f9 rinomate al mondo nel campo di moda e design, favorendo non solo gli scambi accademici, ma anche gli incontri culturali.<\/p>\n","":null,"azione_cta":"legacyLink","cta_style":"normal","cta_align":"left","cta":"","titolo_cta":"","modali_disponibil":false,"hubspot_id":"","prefill_campo_richiesta":""},"content_right":{"occhiello":"","title":"","title_style":"normal","text":"","":null,"azione_cta":"","cta_style":"normal","cta_align":"left","cta":null,"titolo_cta":"","modali_disponibil":false,"hubspot_id":"","prefill_campo_richiesta":""}},{"acf_fc_layout":"simpleTitleText","layout_settings":{"color":"default","component_title":{"isActive":false,"testo":""}},"acfe_flexible_toggle":"","acfe_flexible_layout_title":"Simple Title + Text","numero_di_colonne":"1","content":{"occhiello":"CMF Design: Designing the emotional identity of industrial products - Marted\u00ec 4 luglio ore 18:00 (CEST) 10:00 (GMT+6)<br \/>\r\n","title":"","title_style":"xxsmall","text":"<p><a title=\"Master in Sensorial Surface Design\" href=\"https:\/\/www.polidesign.net\/it\/formazione\/interior-design-and-architecture\/master--sensorial-surface-design-color-material-and-finish-design-for-interiors-and-furniture\/\">Master in Sensorial Surface Design<\/a><\/p>\n<p><em>Prof. Cristina Boeri<\/em><\/p>\n<p>Durante la prima <strong>Masterclass<\/strong>, tenuta dalla <strong>Professoressa Cristina Boeri<\/strong>, Co-Direttore del <strong>Master in Sensorial Surface Design<\/strong> del Politecnico di Milano gestito da POLI.design, si avr\u00e0 l\u2019occasione di esplorare l\u2019<strong>identit\u00e0 emozionale degli elementi di arredo e degli interni<\/strong>, a partire dalle qualit\u00e0 funzionali e sensoriali delle superfici.<\/p>\n<p>Colori e materiali diventano un linguaggio coerente in grado di modificare l\u2019oggetto ed esaltarne le qualit\u00e0 estetiche e le sue caratteristiche intrinseche.<\/p>\n<p>&nbsp;<\/p>\n","":null,"azione_cta":"legacyLink","cta_style":"button","cta_align":"center","cta":"","titolo_cta":"","modali_disponibil":false,"hubspot_id":"","prefill_campo_richiesta":""},"content_right":{"occhiello":"","title":"","title_style":"normal","text":"","":null,"azione_cta":"","cta_style":"normal","cta_align":"left","cta":null,"titolo_cta":"","modali_disponibil":false,"hubspot_id":"","prefill_campo_richiesta":""}},{"acf_fc_layout":"simpleTitleText","layout_settings":{"color":"default","component_title":{"isActive":false,"testo":""}},"acfe_flexible_toggle":"","acfe_flexible_layout_title":"Simple Title + Text","numero_di_colonne":"1","content":{"occhiello":"How to approach the new challenges for a better food global system - Mercoled\u00ec 5 luglio 2023 ore 18:00 (CEST) 10:00 (GMT+6)","title":"","title_style":"normal","text":"<p><a title=\"Master in Design for Food\" href=\"https:\/\/www.polidesign.net\/it\/formazione\/business-design\/master--design-for-food\/\">Master in Design for Food<\/a><\/p>\n<p><em>Prof. Francesco Bombardi<\/em><\/p>\n<p>Nel corso della seconda Masterclass, tenuta dal <strong>Professor Francesco Bombardi<\/strong>, Co-Direttore del <strong>Master in Design for Food<\/strong> del Politecnico di Milano gestito da POLI.design, sar\u00e0 possibile approfondire fattori sociologici e antropologici legati al sistema prodotto-servizio alimentare. Verr\u00e0 fornita una panoramica delle <strong>design skills<\/strong> necessarie per comprendere e navigare la<strong> cultura alimentare odierna<\/strong>, all\u2019interno di varie macro-aree, come quella umanistica, delle scienze gastronomiche, ingegneristica e delle tecnologie alimentari.<\/p>\n","":null,"azione_cta":"legacyLink","cta_style":"button","cta_align":"center","cta":"","titolo_cta":"","modali_disponibil":false,"hubspot_id":"","prefill_campo_richiesta":""},"content_right":{"occhiello":"","title":"","title_style":"normal","text":"","":null,"azione_cta":"","cta_style":"normal","cta_align":"left","cta":null,"titolo_cta":"","modali_disponibil":false,"hubspot_id":"","prefill_campo_richiesta":""}},{"acf_fc_layout":"simpleTitleText","layout_settings":{"color":"default","component_title":{"isActive":false,"testo":""}},"acfe_flexible_toggle":"","acfe_flexible_layout_title":"Simple Title + Text","numero_di_colonne":"1","content":{"occhiello":"Sustainable Visual Merchandising and Veja case study - Marted\u00ec 11 luglio 2023 ore 18:00 (CEST) 10:00 (GMT+6)","title":"","title_style":"normal","text":"<p><a title=\"Master in Premium Design\" href=\"https:\/\/www.polidesign.net\/it\/formazione\/business-design\/master--premium-design-management\/\">Master in Premium Design Management<\/a><\/p>\n<p><em>Prof. Lorenzo Morganti<\/em><\/p>\n<p>Durante la terza Masterclass, tenuta dal <strong>Professor Lorenzo Morganti<\/strong>, Co-Direttore del Master in <strong>Premium Design Management<\/strong> del Politecnico di Milano gestito da POLI.design, si avr\u00e0 l\u2019occasione di esaminare delle possibili soluzioni per instaurare un dialogo virtuoso tra i <strong>beni di lusso<\/strong> e l\u2019argomento scottante della <strong>sostenibilit\u00e0<\/strong>. Con l\u2019aumento della coscienza sociale dell\u2019impatto ambientale e comunitario che i <strong>brand di lusso<\/strong> hanno sul mondo, \u00e8 fondamentale comprendere come il mercato pu\u00f2 assecondare le nuove esigenze della societ\u00e0. Partendo da un interessante caso studio, si scoprir\u00e0 come alcuni brand stanno affrontando la sfida della <strong>sostenibilit\u00e0 globale<\/strong>.<\/p>\n","":null,"azione_cta":"legacyLink","cta_style":"button","cta_align":"center","cta":"","titolo_cta":"","modali_disponibil":false,"hubspot_id":"","prefill_campo_richiesta":""},"content_right":{"occhiello":"","title":"","title_style":"normal","text":"","":null,"azione_cta":"","cta_style":"normal","cta_align":"left","cta":null,"titolo_cta":"","modali_disponibil":false,"hubspot_id":"","prefill_campo_richiesta":""}}],"edizioneEvento_eventLinked":[79817,107397,63964,149549,149551]},"_links":{"self":[{"href":"https:\/\/www.polidesign.net\/it\/wp-json\/wp\/v2\/eventi\/77676"}],"collection":[{"href":"https:\/\/www.polidesign.net\/it\/wp-json\/wp\/v2\/eventi"}],"about":[{"href":"https:\/\/www.polidesign.net\/it\/wp-json\/wp\/v2\/types\/eventi"}],"version-history":[{"count":12,"href":"https:\/\/www.polidesign.net\/it\/wp-json\/wp\/v2\/eventi\/77676\/revisions"}],"predecessor-version":[{"id":78472,"href":"https:\/\/www.polidesign.net\/it\/wp-json\/wp\/v2\/eventi\/77676\/revisions\/78472"}],"wp:featuredmedia":[{"embeddable":true,"href":"https:\/\/www.polidesign.net\/it\/wp-json\/wp\/v2\/media\/77708"}],"wp:attachment":[{"href":"https:\/\/www.polidesign.net\/it\/wp-json\/wp\/v2\/media?parent=77676"}],"curies":[{"name":"wp","href":"https:\/\/api.w.org\/{rel}","templated":true}]}}