{"id":85812,"date":"2023-09-25T15:54:33","date_gmt":"2023-09-25T15:54:33","guid":{"rendered":"https:\/\/www.polidesign.net\/?post_type=eventi&#038;p=85812"},"modified":"2023-10-18T15:54:21","modified_gmt":"2023-10-18T15:54:21","slug":"7-design-talks-host-2023","status":"publish","type":"eventi","link":"https:\/\/www.polidesign.net\/it\/eventi\/7-design-talks-host-2023\/","title":{"rendered":"7 DESIGN TALKS HOST 2023"},"featured_media":85927,"template":"","meta":[],"yoast_head":"<!-- This site is optimized with the Yoast SEO plugin v15.7 - https:\/\/yoast.com\/wordpress\/plugins\/seo\/ -->\n<title>7 DESIGN TALKS HOST 2023 &bull; POLI.design<\/title>\n<meta name=\"robots\" content=\"index, follow, max-snippet:-1, max-image-preview:large, max-video-preview:-1\" \/>\n<link rel=\"canonical\" href=\"https:\/\/www.polidesign.net\/it\/eventi\/7-design-talks-host-2023\/\" \/>\n<meta property=\"og:locale\" content=\"it_IT\" \/>\n<meta property=\"og:type\" content=\"article\" \/>\n<meta property=\"og:title\" content=\"7 DESIGN TALKS HOST 2023 &bull; POLI.design\" \/>\n<meta property=\"og:url\" content=\"https:\/\/www.polidesign.net\/it\/eventi\/7-design-talks-host-2023\/\" \/>\n<meta property=\"og:site_name\" content=\"POLI.design\" \/>\n<meta property=\"article:publisher\" content=\"https:\/\/www.facebook.com\/polidesignmilano\" \/>\n<meta property=\"article:modified_time\" content=\"2023-10-18T15:54:21+00:00\" \/>\n<meta property=\"og:image\" content=\"https:\/\/www.polidesign.net\/wp-content\/uploads\/2023\/09\/grafiche_01.jpg\" \/>\n\t<meta property=\"og:image:width\" content=\"629\" \/>\n\t<meta property=\"og:image:height\" content=\"629\" \/>\n<meta name=\"twitter:card\" content=\"summary_large_image\" \/>\n<meta name=\"twitter:site\" content=\"@POLI_design\" \/>\n<script type=\"application\/ld+json\" class=\"yoast-schema-graph\">{\"@context\":\"https:\/\/schema.org\",\"@graph\":[{\"@type\":\"Organization\",\"@id\":\"https:\/\/www.polidesign.net\/it\/#organization\",\"name\":\"POLI.design\",\"url\":\"https:\/\/www.polidesign.net\/it\/\",\"sameAs\":[\"https:\/\/www.facebook.com\/polidesignmilano\",\"https:\/\/www.instagram.com\/polidesign\/\",\"https:\/\/www.linkedin.com\/company\/polidesign-milano\",\"https:\/\/www.youtube.com\/user\/POLIdesign\",\"https:\/\/twitter.com\/POLI_design\"],\"logo\":{\"@type\":\"ImageObject\",\"@id\":\"https:\/\/www.polidesign.net\/it\/#logo\",\"inLanguage\":\"it-IT\",\"url\":\"https:\/\/www.polidesign.net\/wp-content\/uploads\/2020\/10\/Logo-Polidesign-14.svg\",\"width\":182,\"height\":36,\"caption\":\"POLI.design\"},\"image\":{\"@id\":\"https:\/\/www.polidesign.net\/it\/#logo\"}},{\"@type\":\"WebSite\",\"@id\":\"https:\/\/www.polidesign.net\/it\/#website\",\"url\":\"https:\/\/www.polidesign.net\/it\/\",\"name\":\"POLI.design\",\"description\":\"\",\"publisher\":{\"@id\":\"https:\/\/www.polidesign.net\/it\/#organization\"},\"potentialAction\":[{\"@type\":\"SearchAction\",\"target\":\"https:\/\/www.polidesign.net\/it\/?s={search_term_string}\",\"query-input\":\"required name=search_term_string\"}],\"inLanguage\":\"it-IT\"},{\"@type\":\"ImageObject\",\"@id\":\"https:\/\/www.polidesign.net\/it\/eventi\/7-design-talks-host-2023\/#primaryimage\",\"inLanguage\":\"it-IT\",\"url\":\"https:\/\/www.polidesign.net\/wp-content\/uploads\/2023\/09\/grafiche_01.jpg\",\"width\":629,\"height\":629},{\"@type\":\"WebPage\",\"@id\":\"https:\/\/www.polidesign.net\/it\/eventi\/7-design-talks-host-2023\/#webpage\",\"url\":\"https:\/\/www.polidesign.net\/it\/eventi\/7-design-talks-host-2023\/\",\"name\":\"7 DESIGN TALKS HOST 2023 &bull; POLI.design\",\"isPartOf\":{\"@id\":\"https:\/\/www.polidesign.net\/it\/#website\"},\"primaryImageOfPage\":{\"@id\":\"https:\/\/www.polidesign.net\/it\/eventi\/7-design-talks-host-2023\/#primaryimage\"},\"datePublished\":\"2023-09-25T15:54:33+00:00\",\"dateModified\":\"2023-10-18T15:54:21+00:00\",\"inLanguage\":\"it-IT\",\"potentialAction\":[{\"@type\":\"ReadAction\",\"target\":[\"https:\/\/www.polidesign.net\/it\/eventi\/7-design-talks-host-2023\/\"]}]}]}<\/script>\n<!-- \/ Yoast SEO plugin. -->","acf":{"tipologia_evento":[{"term_id":542,"name":"Talk","slug":"talk","term_group":0,"term_taxonomy_id":542,"taxonomy":"eventi_type","description":"Talk","parent":0,"count":176,"filter":"raw","term_order":"0"}],"relazioni":{"relazioni":{"corso":"","area_formazione":false,"tipologia_formazione":false,"settore":false,"tags_poli":false,"ways_of_innovation":false,"alumni":false,"people":""}},"cover_title":"7 DESIGN TALKS HOST 2023","cover_subTitle":"Seminari di aggiornamento dedicati ad architetti ed esperti del settore ospitalit\u00e0","cover_abstract":"","cover_image":{"ID":85927,"id":85927,"title":"grafiche_01","filename":"grafiche_01.jpg","filesize":21837,"url":"https:\/\/www.polidesign.net\/wp-content\/uploads\/2023\/09\/grafiche_01.jpg","link":"https:\/\/www.polidesign.net\/it\/eventi\/7-design-talks-host-2023\/attachment\/grafiche_01-2\/","alt":"","author":"2795","description":"","caption":"","name":"grafiche_01-2","status":"inherit","uploaded_to":85812,"date":"2023-09-26 13:44:51","modified":"2023-09-26 13:44:51","menu_order":0,"mime_type":"image\/jpeg","type":"image","subtype":"jpeg","icon":"https:\/\/www.polidesign.net\/wp-includes\/images\/media\/default.png","width":629,"height":629,"sizes":{"thumbnail":"https:\/\/www.polidesign.net\/wp-content\/uploads\/2023\/09\/grafiche_01-150x150.jpg","thumbnail-width":150,"thumbnail-height":150,"medium":"https:\/\/www.polidesign.net\/wp-content\/uploads\/2023\/09\/grafiche_01-300x300.jpg","medium-width":300,"medium-height":300,"medium_large":"https:\/\/www.polidesign.net\/wp-content\/uploads\/2023\/09\/grafiche_01.jpg","medium_large-width":629,"medium_large-height":629,"large":"https:\/\/www.polidesign.net\/wp-content\/uploads\/2023\/09\/grafiche_01.jpg","large-width":629,"large-height":629,"1536x1536":"https:\/\/www.polidesign.net\/wp-content\/uploads\/2023\/09\/grafiche_01.jpg","1536x1536-width":629,"1536x1536-height":629,"2048x2048":"https:\/\/www.polidesign.net\/wp-content\/uploads\/2023\/09\/grafiche_01.jpg","2048x2048-width":629,"2048x2048-height":629}},"cover_imageThumbnail":{"ID":85927,"id":85927,"title":"grafiche_01","filename":"grafiche_01.jpg","filesize":21837,"url":"https:\/\/www.polidesign.net\/wp-content\/uploads\/2023\/09\/grafiche_01.jpg","link":"https:\/\/www.polidesign.net\/it\/eventi\/7-design-talks-host-2023\/attachment\/grafiche_01-2\/","alt":"","author":"2795","description":"","caption":"","name":"grafiche_01-2","status":"inherit","uploaded_to":85812,"date":"2023-09-26 13:44:51","modified":"2023-09-26 13:44:51","menu_order":0,"mime_type":"image\/jpeg","type":"image","subtype":"jpeg","icon":"https:\/\/www.polidesign.net\/wp-includes\/images\/media\/default.png","width":629,"height":629,"sizes":{"thumbnail":"https:\/\/www.polidesign.net\/wp-content\/uploads\/2023\/09\/grafiche_01-150x150.jpg","thumbnail-width":150,"thumbnail-height":150,"medium":"https:\/\/www.polidesign.net\/wp-content\/uploads\/2023\/09\/grafiche_01-300x300.jpg","medium-width":300,"medium-height":300,"medium_large":"https:\/\/www.polidesign.net\/wp-content\/uploads\/2023\/09\/grafiche_01.jpg","medium_large-width":629,"medium_large-height":629,"large":"https:\/\/www.polidesign.net\/wp-content\/uploads\/2023\/09\/grafiche_01.jpg","large-width":629,"large-height":629,"1536x1536":"https:\/\/www.polidesign.net\/wp-content\/uploads\/2023\/09\/grafiche_01.jpg","1536x1536-width":629,"1536x1536-height":629,"2048x2048":"https:\/\/www.polidesign.net\/wp-content\/uploads\/2023\/09\/grafiche_01.jpg","2048x2048-width":629,"2048x2048-height":629}},"flexible":[{"acf_fc_layout":"simpleTitleText","layout_settings":{"color":"default","component_title":{"isActive":false,"testo":""}},"acfe_flexible_toggle":"","acfe_flexible_layout_title":"Simple Title + Text","numero_di_colonne":"1","content":{"occhiello":"","title":"7 DESIGN TALKS HOST 2023","title_style":"normal","text":"<p>Anche quest&#8217;anno si terr\u00e0 <strong>HostMilano<\/strong>, fiera biennale leader mondiale dell\u2019ospitalit\u00e0 professionale collettore di appuntamenti in cui esperti e top player condivideranno case history e know-how.<\/p>\n<p>Per l&#8217;edizione 2023, <strong>HOST<\/strong> e <strong>POLI.design<\/strong> hanno organizzato <em>sette imperdibili seminari di aggiornamento<\/em> che si svolgeranno presso <strong>Fiera Milano<\/strong> <strong>Rho<\/strong> dal <strong>13 al 17 ottobre 2023, <\/strong>su temi di forte attualit\u00e0 applicati al settore dell\u2019ospitalit\u00e0 professionale e dedicati ad architetti ed esperti del settore in cerca di occasioni di aggiornamento professionale.<\/p>\n<p>Per ciascun evento <strong>i posti sono<\/strong> <strong>limitati<\/strong> (60 per talk). L\u2019<strong>iscrizione \u00e8 gratuita <\/strong>e d\u00e0 diritto a<strong> 1 codice invito <\/strong>per accedere a HOST Milano 2023. I professionisti che parteciperanno potranno inoltre avere il riconoscimento di crediti professionali dell\u2019<strong>Ordine degli Architetti di Milano<\/strong>, in particolare sono stati richiesti <strong>CFP<\/strong> al CNAPPC <strong>per ciascun seminario<\/strong>.<\/p>\n<p>Soluzioni pi\u00f9 innovative, strumenti derivanti da analisi di big data, nuovi scenari urbani, il mondo del lusso e l\u2019attenzione all\u2019esperienza del consumatore, facendo anche riferimento all\u2019implementazione di nuove tecnologie, sono solo alcuni dei temi al centro degli appuntamenti in programma, che mirano a fornire un orientamento verso un approccio innovativo e user-centred con contenuti di carattere applicativo utili alla pratica della professione.<\/p>\n<p>Per scaricare la locandina dei Design Talks, <span style=\"color: #7a97ab;\"><a style=\"color: #7a97ab;\" href=\"https:\/\/host.fieramilano.it\/content\/dam\/man-host\/eventi\/2023\/Locandina_Design_Talk_ita.pdf\" target=\"_blank\" rel=\"noopener\"><strong>CLICCA QUI<\/strong><\/a><\/span><br \/>\nDi seguito, sono riportati i topics di ciascun intervento e il link diretto per registrarsi.<\/p>\n<p>&nbsp;<\/p>\n<hr \/>\n<p><strong>I TALK: Ospitalit\u00e0 e accoglienza verso un nuovo turismo<br \/>\n<\/strong>13\/10\/2023 | 14:30 &#8211; 17:00 | PAD 11 Stand\u00a0U47 Z52<br \/>\n<em>Relatori<\/em>:<\/p>\n<p><em>Saluti e introduzioni:<\/em><\/p>\n<ul>\n<li>Anna Barbara | professore Politecnico di Milano- dipartimento di Design, presidente POLI.design<\/li>\n<li>Enrico Glauco Cleva | architetto, presidente NEWH (the Network of Global Hospitality) Chapter Milano<\/li>\n<li>Antonio De Antonis | interior designer, presidente AIPI- associazione italiana professionisti interior designers<\/li>\n<li>Giampietro Sacchi | Chief Designer &amp; Strategic Design Consultant di SACCHI DESIGN MILANO, docente POLI.design<\/li>\n<li>Mauro Santinato | presidente Teamwork hospitality<\/li>\n<li>Alberto Zanetta | architetto, docente POLI.design<\/li>\n<\/ul>\n<p><em>Approfondimenti:<\/em><\/p>\n<ul>\n<li>Elena Elgani | architetto, ricercatore RTDA Politecnico di Milano<\/li>\n<li>Giorgio Bianchi | MRICS\u00a0Global Business Development Tourism | Hospitality | investment<\/li>\n<li>Chiara Caliceti | general manager DOC-COM<\/li>\n<li>Marisa Corso | CEO MC- Marisa Corso International<\/li>\n<li>Sergio Grazioli | Business Development at Design &amp; Business sas<\/li>\n<li>Cinzia Pagni | architetto, docente Scuola del Design del Politecnico di Milano, presidente ADI Lombardia<\/li>\n<\/ul>\n<p><em>Modera<\/em>: Prof. Francesco Scullica<\/p>\n<p>Il talk introdurr\u00e0 il tema dell\u2019ospitalit\u00e0 nelle sue diverse declinazioni e forme in relazione al nuovo turismo; Tutto ci\u00f2 in una prima parte con contributi di tipo introduttivo con riferimento anche ad associazioni e network che si occupano del settore turistico ricettivo a livello nazionale e internazionale e, successivamente, con approfondimenti da parte di esperti e consulenti che introdurranno tematiche e ambiti strategici in relazione alla \u201cnuova ospitalit\u00e0\u201d e al \u201cNuovo Turismo\u201d. Francesco Scullica, moderatore dell\u2019incontro, insieme a Gianpietro Sacchi e Alberto Zanetta introdurranno anche i temi dei 6 talks successivi.<\/p>\n<p>&nbsp;<\/p>\n<hr \/>\n<p><strong>II TALK: Forme di accoglienza per il futuro dell&#8217;ospitalit\u00e0<br \/>\n<\/strong>14\/10\/2023 | 11:30 &#8211; 14:00 | PAD 11 Stand\u00a0U47 Z52<br \/>\n<em>Relatori<\/em>:<\/p>\n<ul>\n<li>Gualtiero Sacchi | Gualtiero Sacchi Design<\/li>\n<li>Francesco Corradi | Executive Spa Hotel<\/li>\n<li>Cristiano Pistis | Eclettico Design\/LOMBARDINI 22<\/li>\n<li>Benta Wiley | Oryoky<\/li>\n<li>Giuseppe Varsavia | De.Tales<\/li>\n<li>Igor Rebosio | De.Tales<\/li>\n<\/ul>\n<p><em>Modera<\/em>: Arch. Gianpietro Sacchi<\/p>\n<p>La customer experience \u00e8 al centro delle nuove forme di ospitalit\u00e0, \u00e8 necessario che gli operatori del settore ne siano consapevoli e che si facciano affiancare da consulenti e progettisti in grado di anticipare le necessit\u00e0 e le aspettative di un pubblico sempre pi\u00f9 esigente ed informato.<br \/>\nVerranno illustrati casi studio e strategie per raggiungere l\u2019obiettivo e aumentare le performances delle strutture per l\u2019ospitalit\u00e0, siano esse alberghi o ristoranti.<\/p>\n<p>&nbsp;<\/p>\n<hr \/>\n<p><strong>III TALK: Tecnologia &amp; User Experience nell&#8217;ospitalit\u00e0<\/strong><br \/>\n14\/10\/2023 | 14:30 &#8211; 17:00 | PAD 11 Stand\u00a0U47 Z52<br \/>\n<em>Relatori:<\/em><\/p>\n<ul>\n<li>Emilio Lonardo e Diego Longoni | Designers, D.O.S. Design Open Spaces<\/li>\n<li>Alberto Ravenna | Hotel Consultant e co-founder di Hotel Guru<\/li>\n<li>Venanzio Arquilla | Professore Associato per il dipartimento di design del Politecnico di Milano<\/li>\n<li>Roberto Gamba | Interior technology designer<\/li>\n<li>Patrizio Cionfoli | Director of Design and Interaction at Studio Volpi<\/li>\n<\/ul>\n<p><em>Modera<\/em>: Arch. Alberto Zanetta<\/p>\n<p>La tecnologia \u00e8 sempre pi\u00f9 alla base delle trasformazioni tipologiche, spaziali e di servizio nell\u2019ambito dell\u2019ospitalit\u00e0 e delle strutture ricettive con soluzioni sempre pi\u00f9 alla portata di piccole strutture ricettive e realt\u00e0 turistiche minori Fondamentale in questo ambito comprendere come l&#8217;interazione e il coinvolgimento creato dalle tecnologie incidono sull\u2019esperienza finale del cliente.<\/p>\n<p>&nbsp;<\/p>\n<hr \/>\n<p><strong>IV TALK : Sustainability in Hospitality: nuove scenari e sfide<br \/>\n<\/strong>15\/10\/2023 | 14:30 &#8211; 17:00 | PAD 11 Stand\u00a0U47 Z52<br \/>\n<em>Relatori<\/em>:<\/p>\n<ul>\n<li>Rosita Romeo | Consulente Casaclima<\/li>\n<li>Silvia Risari | Serge Ferrari<\/li>\n<li>Stefan Davidovici | Biroarchitetti<\/li>\n<\/ul>\n<p><em>Modera<\/em>: Arch. Gianpietro Sacchi<\/p>\n<p>L\u2019intervento \u00e8 mirato ad approfondire le dimensioni della sostenibilit\u00e0 e del comfort degli spazi dedicati all\u2019ospitalit\u00e0, dalla ristorazione all\u2019accoglienza. Il tema verr\u00e0 toccato a 360\u00b0, quindi non solo materiali, ma anche a livello di sostenibilit\u00e0 ambientale, economica e sociale, con riferimenti al comfort acustico, termoigrometrico, luminoso e della qualit\u00e0 dell\u2019aria; accorgimenti tangibili e intangibili, con un forte impatto sugli ambienti. Attraverso casi studio si proporranno delle strategie semplici da applicare, ma estremamente performanti.<\/p>\n<p>&nbsp;<\/p>\n<hr \/>\n<p><strong>V TALK: Sensorialit\u00e0 e Hospitality Design<\/strong><br \/>\n16\/10\/2023 | 11:30 &#8211; 14:00 | PAD 11 Stand\u00a0U47 Z52<br \/>\n<em>Relatori<\/em>:<\/p>\n<ul>\n<li>Anna Barbara | professore Politecnico di Milano- dipartimento di Design, presidente POLI.design<\/li>\n<li>Paola Bertoletti | lighting designer, docente presso la Scuola del design del Politecnico di Milano<\/li>\n<li>Alessia Cipolla | studio Archipass, esperta di progettazione del gusto<\/li>\n<li>Silvia Criscione | Lifestyle &amp; Color Consulting | Marketing &amp; PR | Board Member NEWH Milano<\/li>\n<li>Alessandro Franconetti | Sound Experience Designer, co-fondatore Evoke The Spectrum<\/li>\n<li>Francesca Valan | Industrial designer, specialista nella progettazione del colore<\/li>\n<\/ul>\n<p><em>Modera:<\/em> Prof. Francesco Scullica<\/p>\n<p>Il talk approfondir\u00e0 il tema del rapporto fra sensorialit\u00e0 e progetto in relazione agli spazi turistico ricettivi e Horeca; al di la di un approccio progettuale che ha spesso privilegiato il senso \u201cvisivo\u201d nella determinazione delle varie scelte a livello di spazi, materiali, arredi, servizi, \u2026 emerge ormai in maniera consolidata il ruolo di un approccio multisensoriale al progetto e alla gestione degli spazi in cui molteplici sono le componenti che interagiscono con le varie scelte, a vantaggio di una \u201cpercezione\u201d profonda da parte dell\u2019ospite\/cliente dell\u2019esperienza di fruizione. Tutto ci\u00f2 attraverso la testimonianza di ricercatori progettisti consulenti ed esperti.<\/p>\n<p>&nbsp;<\/p>\n<hr \/>\n<p><strong>VI TALK: Wellness &amp; Well Being in Hospitality Design<\/strong><br \/>\n16\/10\/2023 | 14:30 &#8211; 17:00 | PAD 11 Stand\u00a0U47 Z52<br \/>\n<em>Relatori<\/em>:<\/p>\n<ul>\n<li>Renato Cheodarci | Direttore marketing QC Termemilano<\/li>\n<li>Raffaella Dallarda | Well-being specialist founder of Inspatime<\/li>\n<li>Silvia Giannini | Architetto Studio Silvia Giannini<\/li>\n<li>Sofia Gioia Vedani | Architetto e CEO di Planetaria Hotels spa<em><br \/>\n<\/em><\/li>\n<\/ul>\n<p><em>Modera<\/em>: Arch. Alberto Zanetta<\/p>\n<p>Il benessere come frontiera \u201cglobale\u201d per la progettazione delle strutture per l\u2019ospitalit\u00e0; trends e scenari futuri in relazione ai diversi sistemi di spazi-servizi e ad un pubblico internazionale attraverso una seria di punti di vista diversificati.<\/p>\n<p>&nbsp;<\/p>\n<hr \/>\n<p><strong>VII TALK: L&#8217;approccio italiano nell&#8217;ospitalit\u00e0 del futuro<\/strong><br \/>\n17\/10\/2023 | 11:30 &#8211; 14:00 | PAD 11 Stand\u00a0U47 Z52<br \/>\n<em>Relatori<\/em>:<\/p>\n<ul>\n<li>Andrea Auletta | CEO Studio Andrea Auletta Interiors<\/li>\n<li>Maurizio Favetta | CEO Kingsize Architects<\/li>\n<li>Simone Micheli | Architetto &#8211; Fondatore\u00a0Simone\u00a0Micheli Architectural Hero<\/li>\n<li>Federico Salmaso | Interior Designer e Cg artist, fondatore Unbuild Creative Studio<\/li>\n<li>Federico Spagnulo | CEO Studio Spagnulo and partners<\/li>\n<li>Laura Verdi | architetto, direttore well-magazine<\/li>\n<\/ul>\n<p>Il talk approfondir\u00e0 come l\u2019approccio italiano al progetto delle strutture turistico-ricettive, potr\u00e0 coniugarsi con le esigenze di una \u201cnuova ospitalit\u00e0\u201d e un \u201cnuovo turismo\u201d in uno scenario nazionale e internazionale. Verranno presentate testimonianze in grado di declinare il nuovo scenario in cui il progetto di matrice italiana, che negli ultimi anni ha trovato sempre pi\u00f9 riscontro e affermazione, potr\u00e0 continuare a rimanere un riferimento importante per la qualit\u00e0 delle scelte alle diverse scale (dall\u2019architettura, all\u2019interior design, fino al progetto della comunicazione e delle esperienze)<\/p>\n","":null,"azione_cta":"legacyLink","cta_style":"button","cta_align":"center","cta":{"title":"Scopri di pi\u00f9 su HostMilano 2023","url":"https:\/\/host.fieramilano.it\/eventi\/topics1.html","target":"_blank"},"titolo_cta":"","modali_disponibil":false,"hubspot_id":"","prefill_campo_richiesta":""},"content_right":{"occhiello":"","title":"","title_style":"normal","text":"","":null,"azione_cta":"","cta_style":"normal","cta_align":"left","cta":null,"titolo_cta":"","modali_disponibil":false,"hubspot_id":"","prefill_campo_richiesta":""}}]},"_links":{"self":[{"href":"https:\/\/www.polidesign.net\/it\/wp-json\/wp\/v2\/eventi\/85812"}],"collection":[{"href":"https:\/\/www.polidesign.net\/it\/wp-json\/wp\/v2\/eventi"}],"about":[{"href":"https:\/\/www.polidesign.net\/it\/wp-json\/wp\/v2\/types\/eventi"}],"version-history":[{"count":16,"href":"https:\/\/www.polidesign.net\/it\/wp-json\/wp\/v2\/eventi\/85812\/revisions"}],"predecessor-version":[{"id":88041,"href":"https:\/\/www.polidesign.net\/it\/wp-json\/wp\/v2\/eventi\/85812\/revisions\/88041"}],"wp:featuredmedia":[{"embeddable":true,"href":"https:\/\/www.polidesign.net\/it\/wp-json\/wp\/v2\/media\/85927"}],"wp:attachment":[{"href":"https:\/\/www.polidesign.net\/it\/wp-json\/wp\/v2\/media?parent=85812"}],"curies":[{"name":"wp","href":"https:\/\/api.w.org\/{rel}","templated":true}]}}