{"id":86655,"date":"2023-10-04T10:37:17","date_gmt":"2023-10-04T10:37:17","guid":{"rendered":"https:\/\/www.polidesign.net\/?post_type=eventi&#038;p=86655"},"modified":"2024-01-12T17:12:59","modified_gmt":"2024-01-12T17:12:59","slug":"poli-design-partecipa-a-milano-home-2024","status":"publish","type":"eventi","link":"https:\/\/www.polidesign.net\/it\/eventi\/poli-design-partecipa-a-milano-home-2024\/","title":{"rendered":"POLI.design partecipa a Milano HOME 2024"},"featured_media":86659,"template":"","meta":[],"yoast_head":"<!-- This site is optimized with the Yoast SEO plugin v15.7 - https:\/\/yoast.com\/wordpress\/plugins\/seo\/ -->\n<title>POLI.design partecipa a Milano HOME 2024 &bull; POLI.design<\/title>\n<meta name=\"robots\" content=\"index, follow, max-snippet:-1, max-image-preview:large, max-video-preview:-1\" \/>\n<link rel=\"canonical\" href=\"https:\/\/www.polidesign.net\/it\/eventi\/poli-design-partecipa-a-milano-home-2024\/\" \/>\n<meta property=\"og:locale\" content=\"it_IT\" \/>\n<meta property=\"og:type\" content=\"article\" \/>\n<meta property=\"og:title\" content=\"POLI.design partecipa a Milano HOME 2024 &bull; POLI.design\" \/>\n<meta property=\"og:url\" content=\"https:\/\/www.polidesign.net\/it\/eventi\/poli-design-partecipa-a-milano-home-2024\/\" \/>\n<meta property=\"og:site_name\" content=\"POLI.design\" \/>\n<meta property=\"article:publisher\" content=\"https:\/\/www.facebook.com\/polidesignmilano\" \/>\n<meta property=\"article:modified_time\" content=\"2024-01-12T17:12:59+00:00\" \/>\n<meta property=\"og:image\" content=\"https:\/\/www.polidesign.net\/wp-content\/uploads\/2023\/10\/Design-talks-Homi_square-sito.jpg\" \/>\n\t<meta property=\"og:image:width\" content=\"2083\" \/>\n\t<meta property=\"og:image:height\" content=\"2083\" \/>\n<meta name=\"twitter:card\" content=\"summary_large_image\" \/>\n<meta name=\"twitter:site\" content=\"@POLI_design\" \/>\n<script type=\"application\/ld+json\" class=\"yoast-schema-graph\">{\"@context\":\"https:\/\/schema.org\",\"@graph\":[{\"@type\":\"Organization\",\"@id\":\"https:\/\/www.polidesign.net\/it\/#organization\",\"name\":\"POLI.design\",\"url\":\"https:\/\/www.polidesign.net\/it\/\",\"sameAs\":[\"https:\/\/www.facebook.com\/polidesignmilano\",\"https:\/\/www.instagram.com\/polidesign\/\",\"https:\/\/www.linkedin.com\/company\/polidesign-milano\",\"https:\/\/www.youtube.com\/user\/POLIdesign\",\"https:\/\/twitter.com\/POLI_design\"],\"logo\":{\"@type\":\"ImageObject\",\"@id\":\"https:\/\/www.polidesign.net\/it\/#logo\",\"inLanguage\":\"it-IT\",\"url\":\"https:\/\/www.polidesign.net\/wp-content\/uploads\/2020\/10\/Logo-Polidesign-14.svg\",\"width\":182,\"height\":36,\"caption\":\"POLI.design\"},\"image\":{\"@id\":\"https:\/\/www.polidesign.net\/it\/#logo\"}},{\"@type\":\"WebSite\",\"@id\":\"https:\/\/www.polidesign.net\/it\/#website\",\"url\":\"https:\/\/www.polidesign.net\/it\/\",\"name\":\"POLI.design\",\"description\":\"\",\"publisher\":{\"@id\":\"https:\/\/www.polidesign.net\/it\/#organization\"},\"potentialAction\":[{\"@type\":\"SearchAction\",\"target\":\"https:\/\/www.polidesign.net\/it\/?s={search_term_string}\",\"query-input\":\"required name=search_term_string\"}],\"inLanguage\":\"it-IT\"},{\"@type\":\"ImageObject\",\"@id\":\"https:\/\/www.polidesign.net\/it\/eventi\/poli-design-partecipa-a-milano-home-2024\/#primaryimage\",\"inLanguage\":\"it-IT\",\"url\":\"https:\/\/www.polidesign.net\/wp-content\/uploads\/2023\/10\/Design-talks-Homi_square-sito.jpg\",\"width\":2083,\"height\":2083},{\"@type\":\"WebPage\",\"@id\":\"https:\/\/www.polidesign.net\/it\/eventi\/poli-design-partecipa-a-milano-home-2024\/#webpage\",\"url\":\"https:\/\/www.polidesign.net\/it\/eventi\/poli-design-partecipa-a-milano-home-2024\/\",\"name\":\"POLI.design partecipa a Milano HOME 2024 &bull; POLI.design\",\"isPartOf\":{\"@id\":\"https:\/\/www.polidesign.net\/it\/#website\"},\"primaryImageOfPage\":{\"@id\":\"https:\/\/www.polidesign.net\/it\/eventi\/poli-design-partecipa-a-milano-home-2024\/#primaryimage\"},\"datePublished\":\"2023-10-04T10:37:17+00:00\",\"dateModified\":\"2024-01-12T17:12:59+00:00\",\"inLanguage\":\"it-IT\",\"potentialAction\":[{\"@type\":\"ReadAction\",\"target\":[\"https:\/\/www.polidesign.net\/it\/eventi\/poli-design-partecipa-a-milano-home-2024\/\"]}]}]}<\/script>\n<!-- \/ Yoast SEO plugin. -->","acf":{"tipologia_evento":[{"term_id":542,"name":"Talk","slug":"talk","term_group":0,"term_taxonomy_id":542,"taxonomy":"eventi_type","description":"Talk","parent":0,"count":176,"filter":"raw","term_order":"0"}],"relazioni":{"relazioni":{"corso":"","area_formazione":false,"tipologia_formazione":false,"settore":false,"tags_poli":false,"ways_of_innovation":false,"alumni":false,"people":""}},"cover_title":"POLI.design partecipa a Milano HOME 2024","cover_subTitle":"Due Design Talk sull\u2019Interior Design, sostenibilit\u00e0 e materiali innovativi. ","cover_abstract":"<p>La Call Relatori per i DESIGN TALKS MILANO HOME \u00e8 chiusa. Ecco i vincitori!<\/p>\n","cover_image":{"ID":86659,"id":86659,"title":"Design talks Homi_square sito","filename":"Design-talks-Homi_square-sito.jpg","filesize":145307,"url":"https:\/\/www.polidesign.net\/wp-content\/uploads\/2023\/10\/Design-talks-Homi_square-sito.jpg","link":"https:\/\/www.polidesign.net\/it\/eventi\/poli-design-partecipa-a-milano-home-2024\/attachment\/design-talks-homi_square-sito-2\/","alt":"","author":"39","description":"","caption":"","name":"design-talks-homi_square-sito-2","status":"inherit","uploaded_to":86655,"date":"2023-10-04 10:44:06","modified":"2023-10-04 10:44:06","menu_order":0,"mime_type":"image\/jpeg","type":"image","subtype":"jpeg","icon":"https:\/\/www.polidesign.net\/wp-includes\/images\/media\/default.png","width":2083,"height":2083,"sizes":{"thumbnail":"https:\/\/www.polidesign.net\/wp-content\/uploads\/2023\/10\/Design-talks-Homi_square-sito-150x150.jpg","thumbnail-width":150,"thumbnail-height":150,"medium":"https:\/\/www.polidesign.net\/wp-content\/uploads\/2023\/10\/Design-talks-Homi_square-sito-300x300.jpg","medium-width":300,"medium-height":300,"medium_large":"https:\/\/www.polidesign.net\/wp-content\/uploads\/2023\/10\/Design-talks-Homi_square-sito-768x768.jpg","medium_large-width":768,"medium_large-height":768,"large":"https:\/\/www.polidesign.net\/wp-content\/uploads\/2023\/10\/Design-talks-Homi_square-sito-1024x1024.jpg","large-width":1024,"large-height":1024,"1536x1536":"https:\/\/www.polidesign.net\/wp-content\/uploads\/2023\/10\/Design-talks-Homi_square-sito-1536x1536.jpg","1536x1536-width":1536,"1536x1536-height":1536,"2048x2048":"https:\/\/www.polidesign.net\/wp-content\/uploads\/2023\/10\/Design-talks-Homi_square-sito-2048x2048.jpg","2048x2048-width":2048,"2048x2048-height":2048}},"cover_imageThumbnail":{"ID":86659,"id":86659,"title":"Design talks Homi_square sito","filename":"Design-talks-Homi_square-sito.jpg","filesize":145307,"url":"https:\/\/www.polidesign.net\/wp-content\/uploads\/2023\/10\/Design-talks-Homi_square-sito.jpg","link":"https:\/\/www.polidesign.net\/it\/eventi\/poli-design-partecipa-a-milano-home-2024\/attachment\/design-talks-homi_square-sito-2\/","alt":"","author":"39","description":"","caption":"","name":"design-talks-homi_square-sito-2","status":"inherit","uploaded_to":86655,"date":"2023-10-04 10:44:06","modified":"2023-10-04 10:44:06","menu_order":0,"mime_type":"image\/jpeg","type":"image","subtype":"jpeg","icon":"https:\/\/www.polidesign.net\/wp-includes\/images\/media\/default.png","width":2083,"height":2083,"sizes":{"thumbnail":"https:\/\/www.polidesign.net\/wp-content\/uploads\/2023\/10\/Design-talks-Homi_square-sito-150x150.jpg","thumbnail-width":150,"thumbnail-height":150,"medium":"https:\/\/www.polidesign.net\/wp-content\/uploads\/2023\/10\/Design-talks-Homi_square-sito-300x300.jpg","medium-width":300,"medium-height":300,"medium_large":"https:\/\/www.polidesign.net\/wp-content\/uploads\/2023\/10\/Design-talks-Homi_square-sito-768x768.jpg","medium_large-width":768,"medium_large-height":768,"large":"https:\/\/www.polidesign.net\/wp-content\/uploads\/2023\/10\/Design-talks-Homi_square-sito-1024x1024.jpg","large-width":1024,"large-height":1024,"1536x1536":"https:\/\/www.polidesign.net\/wp-content\/uploads\/2023\/10\/Design-talks-Homi_square-sito-1536x1536.jpg","1536x1536-width":1536,"1536x1536-height":1536,"2048x2048":"https:\/\/www.polidesign.net\/wp-content\/uploads\/2023\/10\/Design-talks-Homi_square-sito-2048x2048.jpg","2048x2048-width":2048,"2048x2048-height":2048}},"flexible":[{"acf_fc_layout":"simpleTitleText","layout_settings":{"color":"default","component_title":{"isActive":false,"testo":""}},"acfe_flexible_toggle":"","acfe_flexible_layout_title":"Simple Title + Text","numero_di_colonne":"1","content":{"occhiello":"","title":"","title_style":"normal","text":"<p>Durante le giornate di svolgimento di <a href=\"https:\/\/www.milanohome.com\/\">Milano HOME<\/a>, POLI.design organizzer\u00e0<strong> due Design Talk aperti e focalizzati sull\u2019Interior Design, sostenibilit\u00e0 e materiali innovativi<\/strong>, in cui verranno coinvolti come relatori<strong> giovani Architetti, Interior Designer, Designer e professionisti del settore che operano attivamente nel panorama del Sistema Design italiano<\/strong>, selezionati attraverso una <strong>Open Call<\/strong>.<\/p>\n<p>Gli incontri mireranno a definire lo scenario dell\u2019Interior Design, in riferimento alle tematiche trattate nell\u2019ambito di MILANO HOME, con contributi di professionisti, esperti del settore ed aziende in stretto contatto con i progettisti ed i loro lavori.<\/p>\n<p>Nei due incontri, della durata di due ore ciascuno, verranno illustrati progetti di Interior e Product Design nelle principali tipologie di spazi e ambiti di applicazione. Si discuter\u00e0 di come gli architetti e i designer siano chiamati a sperimentare nuove soluzioni e ad introdurre materiali e scelte innovative o ad usare in maniera alternativa quelli pi\u00f9 tradizionali. Tutto ci\u00f2 per dare risposte alle esigenze della sostenibilit\u00e0 e del cambiamento sociale e climatico, e alle principali trasformazioni e cambiamenti in atto nella fruizione degli spazi, con riferimento alle diverse attivit\u00e0 e servizi.<\/p>\n<p>La selezione dei relatori, giovani Architetti, Interior e Product Designer, verr\u00e0 operata da un Comitato Scientifico appositamente costituito da POLI.design, presieduto dal <strong>Prof. Francesco Scullica<\/strong> (Direzione Scientifica e Contenuti), Architetto, PhD in arredamento e architettura degli interni, Professore ordinario di Disegno Industriale presso il Dipartimento di Design del Politecnico di Milano, Direttore Scientifico del Master in Interior Design del Politecnico di Milano e referente di POLI.design per programmi di formazione sull\u2019Interior Design in ambito nazionale e internazionale, e coordinata da <strong>Fabio Daglio<\/strong> (Contenuti Scientifici), Architetto, Interior and Exhibit Designer, Londonart Show-room Manager, Consulente POLI.design nell&#8217;ambito di nuovi materiali e finiture per l&#8217;Interior Design.<\/p>\n<p>Nella loro selezione privilegeranno i profili di giovani (under 40) Architetti, Interior e Product Designer che operano attivamente nel panorama del Sistema Design Italiano, in grado di mostrare, anche attraverso un loro progetto\/prodotto, in che modo le nuove generazioni di professionisti non debbano imporsi di pensare in ottica di sostenibilit\u00e0, ma che questo modo di progettare faccia ormai parte del loro DNA e che li spinga a sperimentare e ad essere curiosi nel cercare nuovi brand innovativi e volti al rispetto dell&#8217;ambiente.<\/p>\n<p>Dopo aver selezionato i progettisti attraverso la Open Call precedentemente indicata, sar\u00e0 facolt\u00e0 della Direzione Scientifica decidere o meno di coinvolgere un rappresentante dell\u2019eventuale azienda con la quale il progettista vincitore del bando ha collaborato per la realizzazione di un determinato Sistema di Interior Design, materiale innovativo o oggetto di design del prodotto.<\/p>\n<p>L&#8217;Evento \u00e8 in collaborazione con l&#8217;Ordine degli Architetti PPC di Milano. Sono stati richiesti <strong>Crediti Formativi Professionali<\/strong> (CFP) al CNAPPC per ciascun seminario, per i partecipanti (architetti) che ne faranno richiesta e che ne avranno diritto.<\/p>\n","":null,"azione_cta":"legacyLink","cta_style":"button","cta_align":"left","cta":"","titolo_cta":"","modali_disponibil":false,"hubspot_id":"","prefill_campo_richiesta":""},"content_right":{"occhiello":"","title":"","title_style":"normal","text":"","":null,"azione_cta":"","cta_style":"normal","cta_align":"left","cta":null,"titolo_cta":"","modali_disponibil":false,"hubspot_id":"","prefill_campo_richiesta":""}},{"acf_fc_layout":"simpleTitleText","layout_settings":{"color":"default","component_title":{"isActive":false,"testo":""}},"acfe_flexible_toggle":"","acfe_flexible_layout_title":"Simple Title + Text","numero_di_colonne":"1","content":{"occhiello":"","title":"Scopri i relatori dei Design Talks!","title_style":"normal","text":"<p><em>I TALK<br \/>\n<\/em>Elements Arena_Pad. 2_14\/01\/2024 ore 11:30<\/p>\n<p><strong>RESIDENZIALITA\u2019 DIFFUSA. IL RUOLO DEL DESIGN NELLA CONFIGURAZIONE DEGLI SPAZI DELLA NUOVA DOMESTICITA\u2019<\/strong><\/p>\n<p><em>\u201cCome, la tecnologia e la contemporanea riorganizzazione delle modalit\u00e0 di lavoro, hanno cambiato gli spazi interni, il rapporto con gli oggetti e il contesto sociale i cui si trovano\u201d<\/em><\/p>\n<p>Direzione Scientifica: <strong>Prof. Francesco Scullica<\/strong> &#8211; <strong>Arch. Fabio Daglio<\/strong><\/p>\n<p>Relatori:<\/p>\n<p>&#8211; <strong>GILARDONE Arch. Stefano<\/strong> &#8211;<br \/>\n\u201cTattiche di riposizionamento ai confini dell\u2019impero nel terzo millennio\u201d<\/p>\n<p>&#8211; <strong>ATELIER DALL&#8217;OSSO<\/strong> &#8211;<br \/>\n\u201cUn bel posto per lavorare,<br \/>\nArtificare ai tempi dello smartworking\u201d.<br \/>\n<em>GOZIO Maria Vittoria<br \/>\nDALL&#8217;OSSO Davide<\/em><\/p>\n<p>&#8211; <strong>MELLI Luca<\/strong> &#8211;<br \/>\n\u201cOltre le mura:<br \/>\nVisioni innovative per spazi abitativi.\u201d<\/p>\n<p>&#8211; <strong>FROM OUTER SPACE<\/strong> &#8211;<br \/>\n\u201cDestroyed room.<br \/>\nStrandards, materia e spazio\u201d<br \/>\n<em>BUONANNO Arch. Anna Paola <\/em><br \/>\n<em>ITALIANO Arch. Piergiorgio<\/em><\/p>\n<p>Smart-working e telelavoro ci permettono di trascorrere medi-lunghi periodi in contesti urbani differenti rispetto ai centri cittadini delle metropoli (dove solitamente si congestionavano tutte le attivit\u00e0, concentrate in una determinata fascia oraria e in un determinato luogo, sempre lo stesso).<br \/>\nQuesti nuovi contesti portano ad una nuova dimensione spazio-tempo, n\u00e9 di pieno lavoro n\u00e9 di piena vacanza che ci consente di avere relazioni sociali ampliate le quali possono portare a nuovi modelli di business. Gli spazi interni, il rapporto con gli oggetti, il contesto sono in grado di reggere queste nuove esperienze della nuova domesticit\u00e0, che si pone fra abitare e lavorare? Con quali strumenti il progettista pu\u00f2 mantenere il coordinamento di questa orditura complessa? In quale proporzione i nuovi oggetti e le materie seconde (ottenute da processi di riciclo\/riuso) trovano l\u2019equilibrio tra innovazione e storicit\u00e0 all\u2019interno di nuovi spazi del vivere contemporaneo?<\/p>\n<p>L\u2019obiettivo del talk appare quindi quello di analizzare come l\u2019Interior Design anche nella relazione con il design di prodotto (soprattutto con riferimento agli oggetti e agli accessori d\u2019arredo), possano influenzare l\u2019attrezzamento e la caratterizzazione in chiave funzionale e simbolica di queste nuove \u201cabitazioni temporanee<\/p>\n<p>&nbsp;<\/p>\n<hr \/>\n<p>&nbsp;<\/p>\n<p><em>II TALK<br \/>\n<\/em>Elements Arena_Pad. 2_14\/01\/2024 ore 14:30<\/p>\n<p><strong>CO-RETAILING \u201cIN STORE\u201d ED ESPERIENZE MULTICANALE<br \/>\n<\/strong><br \/>\n<em>\u201cIn che modo i nuovi materiali e le nuove strategie di vendita\/esperienze d\u2019acquisto, giocano un ruolo fondamentale nell\u2019aiutare retailer e consumatori ad essere parte attiva del cambiamento. In atto nel settore vendita\u201d<\/em><\/p>\n<p>Direzione Scientifica: <strong>Prof. Francesco Scullica<\/strong> &#8211; <strong>Arch. Fabio Daglio<br \/>\n<\/strong><\/p>\n<p>Relatori:<\/p>\n<p><strong>&#8211; LASCIA LA SCIA STUDIO &#8211;<br \/>\n<\/strong>\u201cRetail come luogo delle relazioni.<br \/>\nSpazio Domal a Milano\u201d<em><br \/>\nPILOTTI Arch. Silvia\u00a0<\/em><\/p>\n<p><strong>&#8211; NEXT 14 &#8211;<br \/>\n<\/strong>\u201cConversational Signage.<br \/>\nCreare spazi esperienziali grazie a dati e Intelligenza Artificiale\u201d<em><br \/>\nCOZZI Matteo<br \/>\nBRANDSTETTER DE BELLESINI Marco<\/em><\/p>\n<p><strong>&#8211; MONCHIERO Umberto &#8211;<br \/>\n<\/strong>\u201cInterior Soundscapes.<br \/>\nProgettazione sonora per gli spazi del retail\u201d<\/p>\n<p>Il periodo post-pandemico ha fatto registrare un aumento considerevole delle vendite nel settore retail. Ci si \u00e8 trovati costretti a non uscire e a limitare al massimo le esperienze di persona. Questo per\u00f2 non ha impedito il flusso legato al commercio digitale. L\u2019incremento dell\u2019uso della tecnologia, anche in questo particolare settore, ha certamente spinto molto su format e strategie (anche pi\u00f9 entusiasmanti dal punto di vista esperienziale) che puntano sull\u2019 <em>\u201c<\/em>omni-canalit\u00e0\u201d e sulle vendite on-line. Nonostante tutto, lo spazio fisico, il rapporto con i materiali e la sensorialit\u00e0 percepita, sono oggi sempre temi centrali per far emozionare il consumatore e sono sempre basilari per il testing dei prodotti che l\u2019esperienza digitale porta solo a desiderarli.<br \/>\nUn modello in crescente ascesa \u00e8 quello che vede aziende apparentemente differenti tra loro, ma dagli obbiettivi comunicativi comuni che si trovano a condividere, seppur in alcuni casi per limitati periodi di tempo, spazi, concept e strategie di vendita, soprattutto a breve-medio termine. Questo consente loro di testare modelli di business in modo economicamente pi\u00f9 sostenibile. Nella sua totalit\u00e0, l\u2019esperienza diventa quindi un crossover tra virtuale e reale, in bilico tra spazio vendita e set televisivo, schermi super-tecnologici e prodotti fisicamente presenti sempre pi\u00f9 caratterizzati da materiali di riciclo.<\/p>\n<p>Questo talk cercher\u00e0 di porre alla sua base questi temi per analizzare aspetti innovativi ed essere di supporto alle nuove esigenze, scelte e comportamenti di aziende, retailer, buyer e consumatori e di come il ruolo del progettista, pu\u00f2 essere di supporto con proposte multisensoriali.<\/p>\n","":null,"azione_cta":"legacyLink","cta_style":"normal","cta_align":"left","cta":"","titolo_cta":"","modali_disponibil":false,"hubspot_id":"","prefill_campo_richiesta":""},"content_right":{"occhiello":"","title":"","title_style":"normal","text":"","":null,"azione_cta":"","cta_style":"normal","cta_align":"left","cta":null,"titolo_cta":"","modali_disponibil":false,"hubspot_id":"","prefill_campo_richiesta":""}}]},"_links":{"self":[{"href":"https:\/\/www.polidesign.net\/it\/wp-json\/wp\/v2\/eventi\/86655"}],"collection":[{"href":"https:\/\/www.polidesign.net\/it\/wp-json\/wp\/v2\/eventi"}],"about":[{"href":"https:\/\/www.polidesign.net\/it\/wp-json\/wp\/v2\/types\/eventi"}],"version-history":[{"count":20,"href":"https:\/\/www.polidesign.net\/it\/wp-json\/wp\/v2\/eventi\/86655\/revisions"}],"predecessor-version":[{"id":93243,"href":"https:\/\/www.polidesign.net\/it\/wp-json\/wp\/v2\/eventi\/86655\/revisions\/93243"}],"wp:featuredmedia":[{"embeddable":true,"href":"https:\/\/www.polidesign.net\/it\/wp-json\/wp\/v2\/media\/86659"}],"wp:attachment":[{"href":"https:\/\/www.polidesign.net\/it\/wp-json\/wp\/v2\/media?parent=86655"}],"curies":[{"name":"wp","href":"https:\/\/api.w.org\/{rel}","templated":true}]}}