{"id":57383,"date":"2022-10-14T15:45:53","date_gmt":"2022-10-14T15:45:53","guid":{"rendered":"https:\/\/www.polidesign.net\/?post_type=job&#038;p=57383"},"modified":"2022-10-14T15:45:53","modified_gmt":"2022-10-14T15:45:53","slug":"coordinamento-attivita-sviluppo-prodotto_junior","status":"publish","type":"job","link":"https:\/\/www.polidesign.net\/it\/job\/coordinamento-attivita-sviluppo-prodotto_junior\/","title":{"rendered":"Coordinamento attivit\u00e0 Sviluppo Prodotto_Junior"},"content":{"rendered":"<p><em>POLI.design, S.c.r.l. del Politecnico di Milano, opera nel campo della formazione post-curriculare ed executive sul Design, svolgendo il ruolo di cerniera fra universit\u00e0, imprese, enti e istituzioni e mondi professionali. Sviluppa percorsi di formazione per giovani laureati e per professionisti nonch\u00e9 formazione per le imprese con un preciso orientamento all\u2019innovazione. Opera nella prospettiva della internazionalizzazione, stabilendo di volta in volta partnership di scopo con universit\u00e0, scuole, enti, istituzioni, societ\u00e0 e aziende straniere.<\/em><\/p>\n<p>L\u2019unit\u00e0 di Sviluppo Prodotto di POLI.design cerca una figura junior che sia in grado di supportare le attivit\u00e0 di sviluppo di nuovi prodotti e progetti nel campo della formazione superiore di design, architettura, arte, cultura.<\/p>\n<p><strong>La risorsa selezionata si occuper\u00e0 specificamente delle seguenti attivit\u00e0:<\/strong><br \/>\n\u2022 Supporto allo sviluppo dei prodotti\/progetti formativi in essere e nuovi<br \/>\n\u2022 Ricerca su contenuti-chiave per l\u2019inquadramento e l\u2019arricchimento delle proposte formative<br \/>\n\u2022 Coordinamento per la gestione formazione corporate<br \/>\n\u2022 Redazione presentazioni (testi, infografica,\u2026) e report periodici di aggiornamento<br \/>\n\u2022 Gestione operativa del network di contatti coinvolti nei progetti<\/p>\n<p><strong>Per svolgere questo ruolo sono richieste:<\/strong><br \/>\n\u2022 Laurea in design\/architettura\/scienza della comunicazione\/scienze della formazione<br \/>\n\u2022 Ottima conoscenza della lingua italiana e inglese.<br \/>\nLa figura rimander\u00e0 alla funzione Direzione Sviluppo Prodotto della societ\u00e0.<\/p>\n<p><strong>Completano il profilo<\/strong><br \/>\nOttime capacit\u00e0 organizzative e di lavorare in team. Ottime capacit\u00e0 relazionali e comunicative, autonomia decisionale e pensiero critico.<br \/>\nProfessionalit\u00e0, affidabilit\u00e0, discrezionalit\u00e0, impegno verso l\u2019organizzazione e orientamento al risultato, forte motivazione a intraprendere un nuovo percorso professionale di medio\/lungo periodo.<\/p>\n<p><strong>Sede di lavoro:<\/strong> Milano<br \/>\n<strong>Tipologia di contratto:<\/strong> co.co.co o incarico con P.IVA, con la possibilit\u00e0 di assunzione, dopo il periodo di collaborazione<br \/>\n<strong>Disponibilit\u00e0:<\/strong> Dal luned\u00ec al venerd\u00ec<\/p>\n<p>I candidati sono pregati di inviare il loro CV e l\u2019informativa privacy al seguente indirizzo: <a href=\"mailto:personale@polidesign.net\">personale@polidesign.net<\/a><br \/>\n<em>Ricerca rivolta a candidati di ambo i sessi (L. 903\/77), si prega di includere l\u2019autorizzazione all\u2019utilizzo dei dati sensibili secondo le vigenti normative in materia di privacy (art. 13, D.Lgs. 196\/03). <a href=\"http:\/\/bit.ly\/3CfcQ5K\">bit.ly\/3CfcQ5K<\/a><\/em><\/p>\n","protected":false},"featured_media":29374,"template":"","meta":[],"yoast_head":"<!-- This site is optimized with the Yoast SEO plugin v15.7 - https:\/\/yoast.com\/wordpress\/plugins\/seo\/ -->\n<title>Coordinamento attivit\u00e0 Sviluppo Prodotto_Junior &bull; POLI.design<\/title>\n<meta name=\"robots\" content=\"index, follow, max-snippet:-1, max-image-preview:large, max-video-preview:-1\" \/>\n<link rel=\"canonical\" href=\"https:\/\/www.polidesign.net\/it\/job\/coordinamento-attivita-sviluppo-prodotto_junior\/\" \/>\n<meta property=\"og:locale\" content=\"it_IT\" \/>\n<meta property=\"og:type\" content=\"article\" \/>\n<meta property=\"og:title\" content=\"Coordinamento attivit\u00e0 Sviluppo Prodotto_Junior &bull; POLI.design\" \/>\n<meta property=\"og:description\" content=\"POLI.design, S.c.r.l. del Politecnico di Milano, opera nel campo della formazione post-curriculare ed executive sul Design, svolgendo il ruolo di cerniera fra universit\u00e0, imprese, enti e istituzioni e mondi professionali. Sviluppa percorsi di formazione per giovani laureati e per professionisti nonch\u00e9 formazione per le imprese con un preciso orientamento all\u2019innovazione. Opera nella prospettiva della internazionalizzazione, [&hellip;]\" \/>\n<meta property=\"og:url\" content=\"https:\/\/www.polidesign.net\/it\/job\/coordinamento-attivita-sviluppo-prodotto_junior\/\" \/>\n<meta property=\"og:site_name\" content=\"POLI.design\" \/>\n<meta property=\"article:publisher\" content=\"https:\/\/www.facebook.com\/polidesignmilano\" \/>\n<meta property=\"og:image\" content=\"https:\/\/www.polidesign.net\/wp-content\/uploads\/2021\/10\/2.CORSI_-1.jpg\" \/>\n\t<meta property=\"og:image:width\" content=\"2000\" \/>\n\t<meta property=\"og:image:height\" content=\"1136\" \/>\n<meta name=\"twitter:card\" content=\"summary_large_image\" \/>\n<meta name=\"twitter:site\" content=\"@POLI_design\" \/>\n<script type=\"application\/ld+json\" class=\"yoast-schema-graph\">{\"@context\":\"https:\/\/schema.org\",\"@graph\":[{\"@type\":\"Organization\",\"@id\":\"https:\/\/www.polidesign.net\/it\/#organization\",\"name\":\"POLI.design\",\"url\":\"https:\/\/www.polidesign.net\/it\/\",\"sameAs\":[\"https:\/\/www.facebook.com\/polidesignmilano\",\"https:\/\/www.instagram.com\/polidesign\/\",\"https:\/\/www.linkedin.com\/company\/polidesign-milano\",\"https:\/\/www.youtube.com\/user\/POLIdesign\",\"https:\/\/twitter.com\/POLI_design\"],\"logo\":{\"@type\":\"ImageObject\",\"@id\":\"https:\/\/www.polidesign.net\/it\/#logo\",\"inLanguage\":\"it-IT\",\"url\":\"https:\/\/www.polidesign.net\/wp-content\/uploads\/2020\/10\/Logo-Polidesign-14.svg\",\"width\":182,\"height\":36,\"caption\":\"POLI.design\"},\"image\":{\"@id\":\"https:\/\/www.polidesign.net\/it\/#logo\"}},{\"@type\":\"WebSite\",\"@id\":\"https:\/\/www.polidesign.net\/it\/#website\",\"url\":\"https:\/\/www.polidesign.net\/it\/\",\"name\":\"POLI.design\",\"description\":\"\",\"publisher\":{\"@id\":\"https:\/\/www.polidesign.net\/it\/#organization\"},\"potentialAction\":[{\"@type\":\"SearchAction\",\"target\":\"https:\/\/www.polidesign.net\/it\/?s={search_term_string}\",\"query-input\":\"required name=search_term_string\"}],\"inLanguage\":\"it-IT\"},{\"@type\":\"ImageObject\",\"@id\":\"https:\/\/www.polidesign.net\/it\/job\/coordinamento-attivita-sviluppo-prodotto_junior\/#primaryimage\",\"inLanguage\":\"it-IT\",\"url\":\"https:\/\/www.polidesign.net\/wp-content\/uploads\/2021\/10\/2.CORSI_-1.jpg\",\"width\":2000,\"height\":1136},{\"@type\":\"WebPage\",\"@id\":\"https:\/\/www.polidesign.net\/it\/job\/coordinamento-attivita-sviluppo-prodotto_junior\/#webpage\",\"url\":\"https:\/\/www.polidesign.net\/it\/job\/coordinamento-attivita-sviluppo-prodotto_junior\/\",\"name\":\"Coordinamento attivit\\u00e0 Sviluppo Prodotto_Junior &bull; POLI.design\",\"isPartOf\":{\"@id\":\"https:\/\/www.polidesign.net\/it\/#website\"},\"primaryImageOfPage\":{\"@id\":\"https:\/\/www.polidesign.net\/it\/job\/coordinamento-attivita-sviluppo-prodotto_junior\/#primaryimage\"},\"datePublished\":\"2022-10-14T15:45:53+00:00\",\"dateModified\":\"2022-10-14T15:45:53+00:00\",\"inLanguage\":\"it-IT\",\"potentialAction\":[{\"@type\":\"ReadAction\",\"target\":[\"https:\/\/www.polidesign.net\/it\/job\/coordinamento-attivita-sviluppo-prodotto_junior\/\"]}]}]}<\/script>\n<!-- \/ Yoast SEO plugin. -->","_links":{"self":[{"href":"https:\/\/www.polidesign.net\/it\/wp-json\/wp\/v2\/job\/57383"}],"collection":[{"href":"https:\/\/www.polidesign.net\/it\/wp-json\/wp\/v2\/job"}],"about":[{"href":"https:\/\/www.polidesign.net\/it\/wp-json\/wp\/v2\/types\/job"}],"version-history":[{"count":1,"href":"https:\/\/www.polidesign.net\/it\/wp-json\/wp\/v2\/job\/57383\/revisions"}],"predecessor-version":[{"id":57385,"href":"https:\/\/www.polidesign.net\/it\/wp-json\/wp\/v2\/job\/57383\/revisions\/57385"}],"wp:featuredmedia":[{"embeddable":true,"href":"https:\/\/www.polidesign.net\/it\/wp-json\/wp\/v2\/media\/29374"}],"wp:attachment":[{"href":"https:\/\/www.polidesign.net\/it\/wp-json\/wp\/v2\/media?parent=57383"}],"curies":[{"name":"wp","href":"https:\/\/api.w.org\/{rel}","templated":true}]}}