{"id":95700,"date":"2024-02-12T10:40:01","date_gmt":"2024-02-12T10:40:01","guid":{"rendered":"https:\/\/www.polidesign.net\/?post_type=job&#038;p=95700"},"modified":"2024-02-12T10:53:25","modified_gmt":"2024-02-12T10:53:25","slug":"marketing-specialist","status":"publish","type":"job","link":"https:\/\/www.polidesign.net\/it\/job\/marketing-specialist\/","title":{"rendered":"Marketing Specialist"},"content":{"rendered":"<p>Il\/la collaborat* ricercat* si occuper\u00e0 della promozione dei prodotti formativi presso i mercati di riferimento e sar\u00e0 da supporto per le attivit\u00e0 di marketing e comunicazione di POLI.design, in collaborazione con i colleghi del team e con la supervisione del responsabile d&#8217;area.<\/p>\n<p><em>Le principali mansioni del ruolo sono:<\/em><\/p>\n<ul>\n<li style=\"list-style-type: none;\">\n<ul>\n<li>Analisi del mercato di riferimento a livello di competitors e di prodotto<\/li>\n<li>Pianificazione e sviluppo delle strategie di marketing\u00a0e comunicazione per la promozione dei prodotti formativi di cui sar\u00e0 responsabile e definizione dei piani operativi sui diversi canali, propri e di piattaforme terze<\/li>\n<li>Definizione degli obiettivi di campagna e capacit\u00e0 di trasmettere brief efficaci per attivit\u00e0 paid sui diversi canali<\/li>\n<li>Definizione dei KPI con cui valutare l&#8217;efficacia delle azioni di marketing implementate<\/li>\n<li>Analisi dei risultati delle attivit\u00e0 di comunicazione attraverso le piattaforme analytics dei vari canali<\/li>\n<li>Definizione e pianificazione dello storytelling attraverso piani editoriali dedicati in collaborazione con i direttori scientifici dei prodotti formativi e con i creativi del team<\/li>\n<li>Relazione con i fornitori e stakeholders<\/li>\n<\/ul>\n<\/li>\n<\/ul>\n<p><em>Cerchiamo una persona con le seguenti caratteristiche:<\/em><\/p>\n<ul>\n<li style=\"list-style-type: none;\">\n<ul>\n<li>Esser propositivi, entusiasti, appassionati<\/li>\n<li>Spiccata motivazione a raggiungere i risultati per i prodotti e per i progetti di cui si \u00e8 responsabili<\/li>\n<li>Ottime capacit\u00e0 di ascolto e di lavoro in squadra<\/li>\n<li>Ottime capacit\u00e0 di analisi a pi\u00f9 livelli e di sintesi del contesto<\/li>\n<li>Ottime competenze di relazione e comunicazione<\/li>\n<li>Capacit\u00e0 di project management<\/li>\n<li>Capacit\u00e0 organizzative e relazionali<\/li>\n<li>La ricerca \u00e8 rivolta preferibilmente a candidati in possesso di laurea in ambito marketing o comunicazione<\/li>\n<li>Almeno 3\/5 anni di esperienza all\u2019interno di un reparto marketing e comunicazione<\/li>\n<li>Preferibile esperienza pregressa in ambito della formazione e\/o servizi per le imprese<\/li>\n<\/ul>\n<\/li>\n<\/ul>\n<p><em>Conoscenze e competenze richieste:<\/em><\/p>\n<ul>\n<li style=\"list-style-type: none;\">\n<ul>\n<li>Ottime e aggiornate competenze di digital marketing e dei trend nel mondo dei media (digitali e non)<\/li>\n<li>Buona conoscenza delle applicazioni Microsoft Office<\/li>\n<li>Ottima conoscenza degli strumenti di Google (Analytics, Ads), Meta e LinkedIn<\/li>\n<li>Capacit\u00e0 di utilizzo di strumenti di e-mail marketing (MailUp o MailChimp)<\/li>\n<li>Buona conoscenza di Hubspot, sia per l&#8217;analisi che per la gestione dei principali strumenti di marketing della piattaforma<\/li>\n<li>Capacit\u00e0 di utilizzo di WordPress<\/li>\n<li>Ottima conoscenza della lingua inglese\u00a0(almeno livello B2)<\/li>\n<\/ul>\n<\/li>\n<\/ul>\n<p>Lavorando in un team giovane e dinamico come il nostro avrai la possibilit\u00e0 di crescere coltivando le tue doti e sviluppando i tuoi talenti con un percorso di carriera adeguato ai tuoi obiettivi e supportato dalla formazione continua ed innovativa che fa parte della nostra filosofia aziendale.<\/p>\n<p>Contratto di lavoro: tempo determinato con ottime possibilit\u00e0 di rinnovo<br \/>\nSede di lavoro: Campus Bovisa, Milano <strong>(IN PRESENZA)<\/strong><\/p>\n<p>Il nostro obiettivo di medio periodo \u00e8 l&#8217;inserimento nell&#8217;organico a tempo indeterminato passando attraverso un collaborazione a tempo determinato.<br \/>\nNB &#8211; esiste la possibilit\u00e0 di lavorare in smart, ma non \u00e8 un impiego da fare in remoto<\/p>\n<p>I candidati sono pregati di inviare il loro\u00a0<strong>CV<\/strong>\u00a0e\u00a0<strong>l\u2019informativa privacy<\/strong>:\u00a0<a href=\"https:\/\/bit.ly\/3DZWy2Y\">https:\/\/bit.ly\/3DZWy2Y<\/a> al seguente indirizzo: <a href=\"mailto:luca.mautone@polidesign.net\">luca.mautone@polidesign.net<\/a> specificando nell\u2019oggetto: <strong>Candidatura<\/strong> <strong>Marketing Specialist<\/strong><\/p>\n","protected":false},"featured_media":15676,"template":"","meta":[],"yoast_head":"<!-- This site is optimized with the Yoast SEO plugin v15.7 - https:\/\/yoast.com\/wordpress\/plugins\/seo\/ -->\n<title>Marketing Specialist &bull; POLI.design<\/title>\n<meta name=\"robots\" content=\"index, follow, max-snippet:-1, max-image-preview:large, max-video-preview:-1\" \/>\n<link rel=\"canonical\" href=\"https:\/\/www.polidesign.net\/it\/job\/marketing-specialist\/\" \/>\n<meta property=\"og:locale\" content=\"it_IT\" \/>\n<meta property=\"og:type\" content=\"article\" \/>\n<meta property=\"og:title\" content=\"Marketing Specialist &bull; POLI.design\" \/>\n<meta property=\"og:description\" content=\"Il\/la collaborat* ricercat* si occuper\u00e0 della promozione dei prodotti formativi presso i mercati di riferimento e sar\u00e0 da supporto per le attivit\u00e0 di marketing e comunicazione di POLI.design, in collaborazione con i colleghi del team e con la supervisione del responsabile d&#8217;area. Le principali mansioni del ruolo sono: Analisi del mercato di riferimento a livello [&hellip;]\" \/>\n<meta property=\"og:url\" content=\"https:\/\/www.polidesign.net\/it\/job\/marketing-specialist\/\" \/>\n<meta property=\"og:site_name\" content=\"POLI.design\" \/>\n<meta property=\"article:publisher\" content=\"https:\/\/www.facebook.com\/polidesignmilano\" \/>\n<meta property=\"article:modified_time\" content=\"2024-02-12T10:53:25+00:00\" \/>\n<meta property=\"og:image\" content=\"https:\/\/www.polidesign.net\/wp-content\/uploads\/2021\/04\/2.CORSI_.jpg\" \/>\n\t<meta property=\"og:image:width\" content=\"2000\" \/>\n\t<meta property=\"og:image:height\" content=\"1136\" \/>\n<meta name=\"twitter:card\" content=\"summary_large_image\" \/>\n<meta name=\"twitter:site\" content=\"@POLI_design\" \/>\n<script type=\"application\/ld+json\" class=\"yoast-schema-graph\">{\"@context\":\"https:\/\/schema.org\",\"@graph\":[{\"@type\":\"Organization\",\"@id\":\"https:\/\/www.polidesign.net\/it\/#organization\",\"name\":\"POLI.design\",\"url\":\"https:\/\/www.polidesign.net\/it\/\",\"sameAs\":[\"https:\/\/www.facebook.com\/polidesignmilano\",\"https:\/\/www.instagram.com\/polidesign\/\",\"https:\/\/www.linkedin.com\/company\/polidesign-milano\",\"https:\/\/www.youtube.com\/user\/POLIdesign\",\"https:\/\/twitter.com\/POLI_design\"],\"logo\":{\"@type\":\"ImageObject\",\"@id\":\"https:\/\/www.polidesign.net\/it\/#logo\",\"inLanguage\":\"it-IT\",\"url\":\"https:\/\/www.polidesign.net\/wp-content\/uploads\/2020\/10\/Logo-Polidesign-14.svg\",\"width\":182,\"height\":36,\"caption\":\"POLI.design\"},\"image\":{\"@id\":\"https:\/\/www.polidesign.net\/it\/#logo\"}},{\"@type\":\"WebSite\",\"@id\":\"https:\/\/www.polidesign.net\/it\/#website\",\"url\":\"https:\/\/www.polidesign.net\/it\/\",\"name\":\"POLI.design\",\"description\":\"\",\"publisher\":{\"@id\":\"https:\/\/www.polidesign.net\/it\/#organization\"},\"potentialAction\":[{\"@type\":\"SearchAction\",\"target\":\"https:\/\/www.polidesign.net\/it\/?s={search_term_string}\",\"query-input\":\"required name=search_term_string\"}],\"inLanguage\":\"it-IT\"},{\"@type\":\"ImageObject\",\"@id\":\"https:\/\/www.polidesign.net\/it\/job\/marketing-specialist\/#primaryimage\",\"inLanguage\":\"it-IT\",\"url\":\"https:\/\/www.polidesign.net\/wp-content\/uploads\/2021\/04\/2.CORSI_.jpg\",\"width\":2000,\"height\":1136},{\"@type\":\"WebPage\",\"@id\":\"https:\/\/www.polidesign.net\/it\/job\/marketing-specialist\/#webpage\",\"url\":\"https:\/\/www.polidesign.net\/it\/job\/marketing-specialist\/\",\"name\":\"Marketing Specialist &bull; POLI.design\",\"isPartOf\":{\"@id\":\"https:\/\/www.polidesign.net\/it\/#website\"},\"primaryImageOfPage\":{\"@id\":\"https:\/\/www.polidesign.net\/it\/job\/marketing-specialist\/#primaryimage\"},\"datePublished\":\"2024-02-12T10:40:01+00:00\",\"dateModified\":\"2024-02-12T10:53:25+00:00\",\"inLanguage\":\"it-IT\",\"potentialAction\":[{\"@type\":\"ReadAction\",\"target\":[\"https:\/\/www.polidesign.net\/it\/job\/marketing-specialist\/\"]}]}]}<\/script>\n<!-- \/ Yoast SEO plugin. -->","_links":{"self":[{"href":"https:\/\/www.polidesign.net\/it\/wp-json\/wp\/v2\/job\/95700"}],"collection":[{"href":"https:\/\/www.polidesign.net\/it\/wp-json\/wp\/v2\/job"}],"about":[{"href":"https:\/\/www.polidesign.net\/it\/wp-json\/wp\/v2\/types\/job"}],"version-history":[{"count":3,"href":"https:\/\/www.polidesign.net\/it\/wp-json\/wp\/v2\/job\/95700\/revisions"}],"predecessor-version":[{"id":95703,"href":"https:\/\/www.polidesign.net\/it\/wp-json\/wp\/v2\/job\/95700\/revisions\/95703"}],"wp:featuredmedia":[{"embeddable":true,"href":"https:\/\/www.polidesign.net\/it\/wp-json\/wp\/v2\/media\/15676"}],"wp:attachment":[{"href":"https:\/\/www.polidesign.net\/it\/wp-json\/wp\/v2\/media?parent=95700"}],"curies":[{"name":"wp","href":"https:\/\/api.w.org\/{rel}","templated":true}]}}